{"id":104,"date":"2023-04-02T06:47:16","date_gmt":"2023-04-02T06:47:16","guid":{"rendered":"http:\/\/ciudadconalma.es\/madrid\/home-1\/"},"modified":"2024-03-25T15:30:01","modified_gmt":"2024-03-25T15:30:01","slug":"home","status":"publish","type":"page","link":"https:\/\/ciudadconalma.es\/madrid\/","title":{"rendered":"Home"},"content":{"rendered":"<section class=\"wpb-content-wrapper\"><p>[vc_row full_width=\u00bbstretch_row\u00bb vc_row_background=\u00bb\u00bb][vc_column]<div  class=\"jeg_postblock_carousel jeg_postblock_carousel_2 jeg_postblock jeg_col_8 jnews_module__0_69f45d4bc94f3  \">\n                    <div class=\"jeg_carousel_post\" data-nav='true' data-autoplay='true' data-delay='3000' data-items='3' data-margin='20' data-lazyload='1'>\n                        <div class=\"jeg_post_wrapper\">\n\t\t\t\t<article class=\"jeg_post format-standard\">\n                    <div class=\"jeg_thumb\">\n                        \n                        <a href=\"https:\/\/ciudadconalma.es\/madrid\/el-auge-de-la-autoedicion-como-los-autores-estan-tomando-el-control-de-sus-obras\/\" ><div class=\"thumbnail-container animate-lazy  size-715 \"><img width=\"350\" height=\"250\" src=\"https:\/\/ciudadconalma.es\/madrid\/wp-content\/themes\/jnews\/assets\/img\/jeg-empty.png\" class=\"attachment-jnews-350x250 size-jnews-350x250 lazyload wp-post-image\" alt=\"El auge de la autoedici\u00f3n: C\u00f3mo los autores est\u00e1n tomando el control de sus obras\" decoding=\"async\" loading=\"lazy\" sizes=\"(max-width: 350px) 100vw, 350px\" data-src=\"https:\/\/ciudadconalma.es\/madrid\/wp-content\/uploads\/sites\/2\/2023\/10\/autoedicion-de-libros-350x250.jpg\" data-srcset=\"https:\/\/ciudadconalma.es\/madrid\/wp-content\/uploads\/sites\/2\/2023\/10\/autoedicion-de-libros-350x250.jpg 350w, https:\/\/ciudadconalma.es\/madrid\/wp-content\/uploads\/sites\/2\/2023\/10\/autoedicion-de-libros-120x86.jpg 120w\" data-sizes=\"auto\" data-expand=\"700\" \/><\/div><\/a>\n                    <\/div>\n                    <div class=\"overlay_content\">\n                        <div class=\"jeg_postblock_content\">\n                            <div class=\"jeg_post_category\"><a href=\"https:\/\/ciudadconalma.es\/madrid\/categoria\/destacados\/\" class=\"category-destacados\">Destacados<\/a><\/div>\n                            <h3 class=\"jeg_post_title\"><a href=\"https:\/\/ciudadconalma.es\/madrid\/el-auge-de-la-autoedicion-como-los-autores-estan-tomando-el-control-de-sus-obras\/\">El auge de la autoedici\u00f3n: C\u00f3mo los autores est\u00e1n tomando el control de sus obras<\/a><\/h3>\n                            <div class=\"jeg_post_meta\"><div class=\"jeg_meta_date\"><a href=\"https:\/\/ciudadconalma.es\/madrid\/el-auge-de-la-autoedicion-como-los-autores-estan-tomando-el-control-de-sus-obras\/\" ><i class=\"fa fa-clock-o\"><\/i> 1 de diciembre de 2023<\/a><\/div><\/div>\n                        <\/div>\n                    <\/div>\n\t\t\t\t<\/article>\n\t\t\t\t<\/div><div class=\"jeg_post_wrapper\">\n\t\t\t\t<article class=\"jeg_post format-standard\">\n                    <div class=\"jeg_thumb\">\n                        \n                        <a href=\"https:\/\/ciudadconalma.es\/madrid\/como-promocionar-tu-libro-estrategias-de-marketing-para-autores-y-editoriales\/\" ><div class=\"thumbnail-container animate-lazy  size-715 \"><img width=\"350\" height=\"250\" src=\"https:\/\/ciudadconalma.es\/madrid\/wp-content\/themes\/jnews\/assets\/img\/jeg-empty.png\" class=\"attachment-jnews-350x250 size-jnews-350x250 lazyload wp-post-image\" alt=\"promocionar tu libro\" decoding=\"async\" loading=\"lazy\" sizes=\"(max-width: 350px) 100vw, 350px\" data-src=\"https:\/\/ciudadconalma.es\/madrid\/wp-content\/uploads\/sites\/2\/2023\/10\/promocionar-tu-libro-350x250.png\" data-srcset=\"https:\/\/ciudadconalma.es\/madrid\/wp-content\/uploads\/sites\/2\/2023\/10\/promocionar-tu-libro-350x250.png 350w, https:\/\/ciudadconalma.es\/madrid\/wp-content\/uploads\/sites\/2\/2023\/10\/promocionar-tu-libro-120x86.png 120w\" data-sizes=\"auto\" data-expand=\"700\" \/><\/div><\/a>\n                    <\/div>\n                    <div class=\"overlay_content\">\n                        <div class=\"jeg_postblock_content\">\n                            <div class=\"jeg_post_category\"><a href=\"https:\/\/ciudadconalma.es\/madrid\/categoria\/destacados\/\" class=\"category-destacados\">Destacados<\/a><\/div>\n                            <h3 class=\"jeg_post_title\"><a href=\"https:\/\/ciudadconalma.es\/madrid\/como-promocionar-tu-libro-estrategias-de-marketing-para-autores-y-editoriales\/\">C\u00f3mo promocionar tu libro: Estrategias de marketing para autores y editoriales<\/a><\/h3>\n                            <div class=\"jeg_post_meta\"><div class=\"jeg_meta_date\"><a href=\"https:\/\/ciudadconalma.es\/madrid\/como-promocionar-tu-libro-estrategias-de-marketing-para-autores-y-editoriales\/\" ><i class=\"fa fa-clock-o\"><\/i> 11 de febrero de 2024<\/a><\/div><\/div>\n                        <\/div>\n                    <\/div>\n\t\t\t\t<\/article>\n\t\t\t\t<\/div><div class=\"jeg_post_wrapper\">\n\t\t\t\t<article class=\"jeg_post format-standard\">\n                    <div class=\"jeg_thumb\">\n                        \n                        <a href=\"https:\/\/ciudadconalma.es\/madrid\/libros-para-viajar-sin-salir-de-casa-historias-ambientadas-en-lugares-exoticos\/\" ><div class=\"thumbnail-container animate-lazy  size-715 \"><img width=\"350\" height=\"250\" src=\"https:\/\/ciudadconalma.es\/madrid\/wp-content\/themes\/jnews\/assets\/img\/jeg-empty.png\" class=\"attachment-jnews-350x250 size-jnews-350x250 lazyload wp-post-image\" alt=\"Libros para viajar sin salir de casa: Historias ambientadas en lugares ex\u00f3ticos\" decoding=\"async\" loading=\"lazy\" sizes=\"(max-width: 350px) 100vw, 350px\" data-src=\"https:\/\/ciudadconalma.es\/madrid\/wp-content\/uploads\/sites\/2\/2023\/08\/libros-350x250.jpg\" data-srcset=\"https:\/\/ciudadconalma.es\/madrid\/wp-content\/uploads\/sites\/2\/2023\/08\/libros-350x250.jpg 350w, https:\/\/ciudadconalma.es\/madrid\/wp-content\/uploads\/sites\/2\/2023\/08\/libros-120x86.jpg 120w\" data-sizes=\"auto\" data-expand=\"700\" \/><\/div><\/a>\n                    <\/div>\n                    <div class=\"overlay_content\">\n                        <div class=\"jeg_postblock_content\">\n                            <div class=\"jeg_post_category\"><a href=\"https:\/\/ciudadconalma.es\/madrid\/categoria\/destacados\/\" class=\"category-destacados\">Destacados<\/a><\/div>\n                            <h3 class=\"jeg_post_title\"><a href=\"https:\/\/ciudadconalma.es\/madrid\/libros-para-viajar-sin-salir-de-casa-historias-ambientadas-en-lugares-exoticos\/\">Libros para viajar sin salir de casa: Historias ambientadas en lugares ex\u00f3ticos<\/a><\/h3>\n                            <div class=\"jeg_post_meta\"><div class=\"jeg_meta_date\"><a href=\"https:\/\/ciudadconalma.es\/madrid\/libros-para-viajar-sin-salir-de-casa-historias-ambientadas-en-lugares-exoticos\/\" ><i class=\"fa fa-clock-o\"><\/i> 6 de septiembre de 2023<\/a><\/div><\/div>\n                        <\/div>\n                    <\/div>\n\t\t\t\t<\/article>\n\t\t\t\t<\/div><div class=\"jeg_post_wrapper\">\n\t\t\t\t<article class=\"jeg_post format-standard\">\n                    <div class=\"jeg_thumb\">\n                        \n                        <a href=\"https:\/\/ciudadconalma.es\/madrid\/como-emprender-un-negocio-online-desde-casa-guia-completa-para-el-exito\/\" ><div class=\"thumbnail-container animate-lazy  size-715 \"><img width=\"350\" height=\"250\" src=\"https:\/\/ciudadconalma.es\/madrid\/wp-content\/themes\/jnews\/assets\/img\/jeg-empty.png\" class=\"attachment-jnews-350x250 size-jnews-350x250 lazyload wp-post-image\" alt=\"C\u00f3mo emprender un negocio online desde casa: Gu\u00eda completa para el \u00e9xito\" decoding=\"async\" loading=\"lazy\" sizes=\"(max-width: 350px) 100vw, 350px\" data-src=\"https:\/\/ciudadconalma.es\/madrid\/wp-content\/uploads\/sites\/2\/2023\/05\/negocio-online-350x250.jpg\" data-srcset=\"https:\/\/ciudadconalma.es\/madrid\/wp-content\/uploads\/sites\/2\/2023\/05\/negocio-online-350x250.jpg 350w, https:\/\/ciudadconalma.es\/madrid\/wp-content\/uploads\/sites\/2\/2023\/05\/negocio-online-120x86.jpg 120w\" data-sizes=\"auto\" data-expand=\"700\" \/><\/div><\/a>\n                    <\/div>\n                    <div class=\"overlay_content\">\n                        <div class=\"jeg_postblock_content\">\n                            <div class=\"jeg_post_category\"><a href=\"https:\/\/ciudadconalma.es\/madrid\/categoria\/destacados\/\" class=\"category-destacados\">Destacados<\/a><\/div>\n                            <h3 class=\"jeg_post_title\"><a href=\"https:\/\/ciudadconalma.es\/madrid\/como-emprender-un-negocio-online-desde-casa-guia-completa-para-el-exito\/\">C\u00f3mo emprender un negocio online desde casa: Gu\u00eda completa para el \u00e9xito<\/a><\/h3>\n                            <div class=\"jeg_post_meta\"><div class=\"jeg_meta_date\"><a href=\"https:\/\/ciudadconalma.es\/madrid\/como-emprender-un-negocio-online-desde-casa-guia-completa-para-el-exito\/\" ><i class=\"fa fa-clock-o\"><\/i> 26 de mayo de 2023<\/a><\/div><\/div>\n                        <\/div>\n                    <\/div>\n\t\t\t\t<\/article>\n\t\t\t\t<\/div><div class=\"jeg_post_wrapper\">\n\t\t\t\t<article class=\"jeg_post format-standard\">\n                    <div class=\"jeg_thumb\">\n                        \n                        <a href=\"https:\/\/ciudadconalma.es\/madrid\/como-sacarle-partido-a-las-redes-sociales-para-impulsar-tu-empresa\/\" ><div class=\"thumbnail-container animate-lazy  size-715 \"><img width=\"350\" height=\"250\" src=\"https:\/\/ciudadconalma.es\/madrid\/wp-content\/themes\/jnews\/assets\/img\/jeg-empty.png\" class=\"attachment-jnews-350x250 size-jnews-350x250 lazyload wp-post-image\" alt=\"redes sociales\" decoding=\"async\" loading=\"lazy\" sizes=\"(max-width: 350px) 100vw, 350px\" data-src=\"https:\/\/ciudadconalma.es\/madrid\/wp-content\/uploads\/sites\/2\/2023\/05\/sacale-partido-a-tus-redes-sociales-350x250.jpg\" data-srcset=\"https:\/\/ciudadconalma.es\/madrid\/wp-content\/uploads\/sites\/2\/2023\/05\/sacale-partido-a-tus-redes-sociales-350x250.jpg 350w, https:\/\/ciudadconalma.es\/madrid\/wp-content\/uploads\/sites\/2\/2023\/05\/sacale-partido-a-tus-redes-sociales-120x86.jpg 120w\" data-sizes=\"auto\" data-expand=\"700\" \/><\/div><\/a>\n                    <\/div>\n                    <div class=\"overlay_content\">\n                        <div class=\"jeg_postblock_content\">\n                            <div class=\"jeg_post_category\"><a href=\"https:\/\/ciudadconalma.es\/madrid\/categoria\/destacados\/\" class=\"category-destacados\">Destacados<\/a><\/div>\n                            <h3 class=\"jeg_post_title\"><a href=\"https:\/\/ciudadconalma.es\/madrid\/como-sacarle-partido-a-las-redes-sociales-para-impulsar-tu-empresa\/\">C\u00f3mo sacarle partido a las redes sociales para impulsar tu empresa<\/a><\/h3>\n                            <div class=\"jeg_post_meta\"><div class=\"jeg_meta_date\"><a href=\"https:\/\/ciudadconalma.es\/madrid\/como-sacarle-partido-a-las-redes-sociales-para-impulsar-tu-empresa\/\" ><i class=\"fa fa-clock-o\"><\/i> 26 de mayo de 2023<\/a><\/div><\/div>\n                        <\/div>\n                    <\/div>\n\t\t\t\t<\/article>\n\t\t\t\t<\/div>\n                    <\/div>\n                <\/div>[\/vc_column][\/vc_row][vc_row full_width=\u00bbstretch_row\u00bb vc_row_background=\u00bb\u00bb][vc_column]<div  class=\"jeg_postblock_21 jeg_postblock jeg_module_hook jeg_pagination_disable jeg_col_2o3 jnews_module__1_69f45d4bdb784   \" data-unique=\"jnews_module__1_69f45d4bdb784\">\n\t\t\t\t\t<div class=\"jeg_block_heading jeg_block_heading_6 jeg_subcat_right\">\n                     <h3 class=\"jeg_block_title\"><span>\u00daltimas Noticias<\/span><\/h3>\n                     \n                 <\/div>\n\t\t\t\t\t<div class=\"jeg_block_container\">\n                    \n                    <div class=\"jeg_posts jeg_load_more_flag\"><article class=\"jeg_post jeg_pl_sm format-standard\">\n                    <div class=\"jeg_thumb\">\n                        \n                        <a href=\"https:\/\/ciudadconalma.es\/madrid\/llega-algo-inesperado-la-deseada-cita-musical-sorpresa-de-veranos-de-la-villa\/\"><div class=\"thumbnail-container animate-lazy  size-715 \"><img width=\"120\" height=\"86\" src=\"https:\/\/ciudadconalma.es\/madrid\/wp-content\/themes\/jnews\/assets\/img\/jeg-empty.png\" class=\"attachment-jnews-120x86 size-jnews-120x86 lazyload wp-post-image\" alt=\"Veranos de la Villa\" decoding=\"async\" loading=\"lazy\" sizes=\"(max-width: 120px) 100vw, 120px\" data-src=\"https:\/\/ciudadconalma.es\/madrid\/wp-content\/uploads\/sites\/2\/2024\/08\/Veranos-de-la-Villa-120x86.jpg\" data-srcset=\"https:\/\/ciudadconalma.es\/madrid\/wp-content\/uploads\/sites\/2\/2024\/08\/Veranos-de-la-Villa-120x86.jpg 120w, https:\/\/ciudadconalma.es\/madrid\/wp-content\/uploads\/sites\/2\/2024\/08\/Veranos-de-la-Villa-350x250.jpg 350w\" data-sizes=\"auto\" data-expand=\"700\" \/><\/div><\/a>\n                    <\/div>\n                    <div class=\"jeg_postblock_content\">\n                        <h3 class=\"jeg_post_title\">\n                            <a href=\"https:\/\/ciudadconalma.es\/madrid\/llega-algo-inesperado-la-deseada-cita-musical-sorpresa-de-veranos-de-la-villa\/\">Llega Algo inesperado, la deseada cita musical sorpresa de Veranos de la Villa<\/a>\n                        <\/h3>\n                        <div class=\"jeg_post_meta\"><div class=\"jeg_meta_date\"><a href=\"https:\/\/ciudadconalma.es\/madrid\/llega-algo-inesperado-la-deseada-cita-musical-sorpresa-de-veranos-de-la-villa\/\" ><i class=\"fa fa-clock-o\"><\/i> 9 de agosto de 2024<\/a><\/div><\/div>\n                    <\/div>\n                <\/article><article class=\"jeg_post jeg_pl_sm format-standard\">\n                    <div class=\"jeg_thumb\">\n                        \n                        <a href=\"https:\/\/ciudadconalma.es\/madrid\/habitat-madrid-abre-la-inscripcion-de-sus-actividades-gratuitas-de-ocio-y-educacion-ambiental-para-agosto-y-septiembre\/\"><div class=\"thumbnail-container animate-lazy  size-715 \"><img width=\"120\" height=\"86\" src=\"https:\/\/ciudadconalma.es\/madrid\/wp-content\/themes\/jnews\/assets\/img\/jeg-empty.png\" class=\"attachment-jnews-120x86 size-jnews-120x86 lazyload wp-post-image\" alt=\"H\u00e1bitat Madrid\" decoding=\"async\" loading=\"lazy\" sizes=\"(max-width: 120px) 100vw, 120px\" data-src=\"https:\/\/ciudadconalma.es\/madrid\/wp-content\/uploads\/sites\/2\/2024\/07\/Habitat-Madrid-120x86.jpg\" data-srcset=\"https:\/\/ciudadconalma.es\/madrid\/wp-content\/uploads\/sites\/2\/2024\/07\/Habitat-Madrid-120x86.jpg 120w, https:\/\/ciudadconalma.es\/madrid\/wp-content\/uploads\/sites\/2\/2024\/07\/Habitat-Madrid-350x250.jpg 350w\" data-sizes=\"auto\" data-expand=\"700\" \/><\/div><\/a>\n                    <\/div>\n                    <div class=\"jeg_postblock_content\">\n                        <h3 class=\"jeg_post_title\">\n                            <a href=\"https:\/\/ciudadconalma.es\/madrid\/habitat-madrid-abre-la-inscripcion-de-sus-actividades-gratuitas-de-ocio-y-educacion-ambiental-para-agosto-y-septiembre\/\">H\u00e1bitat Madrid abre la inscripci\u00f3n de sus actividades gratuitas de ocio y educaci\u00f3n ambiental para agosto y septiembre<\/a>\n                        <\/h3>\n                        <div class=\"jeg_post_meta\"><div class=\"jeg_meta_date\"><a href=\"https:\/\/ciudadconalma.es\/madrid\/habitat-madrid-abre-la-inscripcion-de-sus-actividades-gratuitas-de-ocio-y-educacion-ambiental-para-agosto-y-septiembre\/\" ><i class=\"fa fa-clock-o\"><\/i> 1 de agosto de 2024<\/a><\/div><\/div>\n                    <\/div>\n                <\/article><article class=\"jeg_post jeg_pl_sm format-standard\">\n                    <div class=\"jeg_thumb\">\n                        \n                        <a href=\"https:\/\/ciudadconalma.es\/madrid\/el-flamenco-banda-sonora-de-los-veranos-de-la-villa\/\"><div class=\"thumbnail-container animate-lazy  size-715 \"><img width=\"120\" height=\"86\" src=\"https:\/\/ciudadconalma.es\/madrid\/wp-content\/themes\/jnews\/assets\/img\/jeg-empty.png\" class=\"attachment-jnews-120x86 size-jnews-120x86 lazyload wp-post-image\" alt=\"flamenco\" decoding=\"async\" loading=\"lazy\" sizes=\"(max-width: 120px) 100vw, 120px\" data-src=\"https:\/\/ciudadconalma.es\/madrid\/wp-content\/uploads\/sites\/2\/2024\/07\/naturalmente-flamenco-120x86.jpg\" data-srcset=\"https:\/\/ciudadconalma.es\/madrid\/wp-content\/uploads\/sites\/2\/2024\/07\/naturalmente-flamenco-120x86.jpg 120w, https:\/\/ciudadconalma.es\/madrid\/wp-content\/uploads\/sites\/2\/2024\/07\/naturalmente-flamenco-350x250.jpg 350w\" data-sizes=\"auto\" data-expand=\"700\" \/><\/div><\/a>\n                    <\/div>\n                    <div class=\"jeg_postblock_content\">\n                        <h3 class=\"jeg_post_title\">\n                            <a href=\"https:\/\/ciudadconalma.es\/madrid\/el-flamenco-banda-sonora-de-los-veranos-de-la-villa\/\">El flamenco, banda sonora de los Veranos de la Villa<\/a>\n                        <\/h3>\n                        <div class=\"jeg_post_meta\"><div class=\"jeg_meta_date\"><a href=\"https:\/\/ciudadconalma.es\/madrid\/el-flamenco-banda-sonora-de-los-veranos-de-la-villa\/\" ><i class=\"fa fa-clock-o\"><\/i> 29 de julio de 2024<\/a><\/div><\/div>\n                    <\/div>\n                <\/article><\/div>\n                    <div class='module-overlay'>\n\t\t\t\t    <div class='preloader_type preloader_dot'>\n\t\t\t\t        <div class=\"module-preloader jeg_preloader dot\">\n\t\t\t\t            <span><\/span><span><\/span><span><\/span>\n\t\t\t\t        <\/div>\n\t\t\t\t        <div class=\"module-preloader jeg_preloader circle\">\n\t\t\t\t            <div class=\"jnews_preloader_circle_outer\">\n\t\t\t\t                <div class=\"jnews_preloader_circle_inner\"><\/div>\n\t\t\t\t            <\/div>\n\t\t\t\t        <\/div>\n\t\t\t\t        <div class=\"module-preloader jeg_preloader square\">\n\t\t\t\t            <div class=\"jeg_square\">\n\t\t\t\t                <div class=\"jeg_square_inner\"><\/div>\n\t\t\t\t            <\/div>\n\t\t\t\t        <\/div>\n\t\t\t\t    <\/div>\n\t\t\t\t<\/div>\n                <\/div>\n                <div class=\"jeg_block_navigation\">\n                    <div class='navigation_overlay'><div class='module-preloader jeg_preloader'><span><\/span><span><\/span><span><\/span><\/div><\/div>\n                    \n                    \n                <\/div>\n\t\t\t\t\t\n\t\t\t\t\t<script>var jnews_module__1_69f45d4bdb784 = {\"header_icon\":\"\",\"first_title\":\"\\u00daltimas Noticias\",\"second_title\":\"\",\"url\":\"\",\"header_type\":\"heading_6\",\"header_background\":\"\",\"header_secondary_background\":\"\",\"header_text_color\":\"\",\"header_line_color\":\"\",\"header_accent_color\":\"\",\"header_filter_category\":\"\",\"header_filter_author\":\"\",\"header_filter_tag\":\"\",\"header_filter_text\":\"All\",\"post_type\":\"post\",\"content_type\":\"all\",\"sponsor\":\"\",\"number_post\":\"3\",\"post_offset\":\"0\",\"unique_content\":\"disable\",\"include_post\":\"\",\"included_only\":\"\",\"exclude_post\":\"\",\"include_category\":\"\",\"exclude_category\":\"\",\"include_author\":\"\",\"include_tag\":\"\",\"exclude_tag\":\"\",\"sort_by\":\"latest\",\"date_format\":\"default\",\"date_format_custom\":\"Y\\\/m\\\/d\",\"force_normal_image_load\":\"\",\"pagination_mode\":\"disable\",\"pagination_nextprev_showtext\":\"\",\"pagination_number_post\":6,\"pagination_scroll_limit\":0,\"boxed\":\"\",\"boxed_shadow\":\"\",\"el_id\":\"\",\"el_class\":\"\",\"scheme\":\"\",\"column_width\":\"auto\",\"title_color\":\"\",\"accent_color\":\"\",\"alt_color\":\"\",\"excerpt_color\":\"\",\"css\":\"\",\"compatible_column_notice\":\"\",\"paged\":1,\"column_class\":\"jeg_col_2o3\",\"class\":\"jnews_block_21\"};<\/script>\n\t\t\t\t<\/div>[\/vc_column][\/vc_row][vc_row][vc_column width=\u00bb2\/3&#8243;]<div  class=\"jeg_postblock_2 jeg_postblock jeg_module_hook jeg_pagination_disable jeg_col_2o3 jnews_module__2_69f45d4bdf7c4   \" data-unique=\"jnews_module__2_69f45d4bdf7c4\">\n\t\t\t\t\t<div class=\"jeg_block_heading jeg_block_heading_6 jeg_subcat_right\">\n                     <h3 class=\"jeg_block_title\"><span>Empresas<\/span><\/h3>\n                     \n                 <\/div>\n\t\t\t\t\t<div class=\"jeg_block_container\">\n                    \n                    <article class=\"jeg_post jeg_pl_lg_2 format-standard\">\n                        <div class=\"jeg_thumb\">\n                    \n                    <a href=\"https:\/\/ciudadconalma.es\/madrid\/la-importancia-de-la-ciberseguridad-para-la-confianza-del-cliente\/\"><div class=\"thumbnail-container animate-lazy  size-715 \"><img width=\"350\" height=\"250\" src=\"https:\/\/ciudadconalma.es\/madrid\/wp-content\/themes\/jnews\/assets\/img\/jeg-empty.png\" class=\"attachment-jnews-350x250 size-jnews-350x250 lazyload wp-post-image\" alt=\"La importancia de la ciberseguridad para la confianza del cliente\" decoding=\"async\" loading=\"lazy\" sizes=\"(max-width: 350px) 100vw, 350px\" data-src=\"https:\/\/ciudadconalma.es\/madrid\/wp-content\/uploads\/sites\/2\/2024\/06\/ciberseguridad-empresarial-350x250.jpg\" data-srcset=\"https:\/\/ciudadconalma.es\/madrid\/wp-content\/uploads\/sites\/2\/2024\/06\/ciberseguridad-empresarial-350x250.jpg 350w, https:\/\/ciudadconalma.es\/madrid\/wp-content\/uploads\/sites\/2\/2024\/06\/ciberseguridad-empresarial-120x86.jpg 120w\" data-sizes=\"auto\" data-expand=\"700\" \/><\/div><\/a>\n                    <div class=\"jeg_post_category\">\n                        <span><a href=\"https:\/\/ciudadconalma.es\/madrid\/categoria\/empresas\/\" class=\"category-empresas\">Empresas<\/a><\/span>\n                    <\/div>\n                <\/div>\n                <div class=\"jeg_postblock_content\">\n                    <h3 class=\"jeg_post_title\">\n                        <a href=\"https:\/\/ciudadconalma.es\/madrid\/la-importancia-de-la-ciberseguridad-para-la-confianza-del-cliente\/\">La importancia de la ciberseguridad para la confianza del cliente<\/a>\n                    <\/h3>\n                    <div class=\"jeg_post_meta\"><div class=\"jeg_meta_date\"><a href=\"https:\/\/ciudadconalma.es\/madrid\/la-importancia-de-la-ciberseguridad-para-la-confianza-del-cliente\/\"><i class=\"fa fa-clock-o\"><\/i> 11 de julio de 2024<\/a><\/div><div class=\"jeg_meta_comment\"><a href=\"https:\/\/ciudadconalma.es\/madrid\/la-importancia-de-la-ciberseguridad-para-la-confianza-del-cliente\/#comments\" ><i class=\"fa fa-comment-o\"><\/i> 344 <\/a><\/div><\/div>\n                    <div class=\"jeg_post_excerpt\">\n                        <p>La importancia de la ciberseguridad para la confianza del cliente En la era digital actual, la ciberseguridad se ha convertido...<\/p>\n                        <a href=\"https:\/\/ciudadconalma.es\/madrid\/la-importancia-de-la-ciberseguridad-para-la-confianza-del-cliente\/\" class=\"jeg_readmore\">Read more<\/a>\n                    <\/div>\n                <\/div>\n                    <\/article><div class=\"jeg_posts_wrap\">\n                                                            <div class=\"jeg_posts jeg_load_more_flag\">\n                                                                <article class=\"jeg_post jeg_pl_sm format-standard\">\n                    <div class=\"jeg_thumb\">\n                        \n                        <a href=\"https:\/\/ciudadconalma.es\/madrid\/claves-para-disenar-una-campana-de-marketing-exitosa\/\">\n                            <div class=\"thumbnail-container animate-lazy  size-715 \"><img width=\"120\" height=\"86\" src=\"https:\/\/ciudadconalma.es\/madrid\/wp-content\/themes\/jnews\/assets\/img\/jeg-empty.png\" class=\"attachment-jnews-120x86 size-jnews-120x86 lazyload wp-post-image\" alt=\"Claves para dise\u00f1ar una campa\u00f1a de marketing exitosa\" decoding=\"async\" loading=\"lazy\" sizes=\"(max-width: 120px) 100vw, 120px\" data-src=\"https:\/\/ciudadconalma.es\/madrid\/wp-content\/uploads\/sites\/2\/2024\/05\/Planificar-campana-de-marketing-120x86.jpg\" data-srcset=\"https:\/\/ciudadconalma.es\/madrid\/wp-content\/uploads\/sites\/2\/2024\/05\/Planificar-campana-de-marketing-120x86.jpg 120w, https:\/\/ciudadconalma.es\/madrid\/wp-content\/uploads\/sites\/2\/2024\/05\/Planificar-campana-de-marketing-350x250.jpg 350w\" data-sizes=\"auto\" data-expand=\"700\" \/><\/div>\n                        <\/a>\n                    <\/div>\n                    <div class=\"jeg_postblock_content\">\n                        <h3 class=\"jeg_post_title\">\n                            <a href=\"https:\/\/ciudadconalma.es\/madrid\/claves-para-disenar-una-campana-de-marketing-exitosa\/\">Claves para dise\u00f1ar una campa\u00f1a de marketing exitosa<\/a>\n                        <\/h3>\n                        <div class=\"jeg_post_meta\"><div class=\"jeg_meta_date\"><a href=\"https:\/\/ciudadconalma.es\/madrid\/claves-para-disenar-una-campana-de-marketing-exitosa\/\" ><i class=\"fa fa-clock-o\"><\/i> 12 de junio de 2024<\/a><\/div><\/div>\n                    <\/div>\n                <\/article><article class=\"jeg_post jeg_pl_sm format-standard\">\n                    <div class=\"jeg_thumb\">\n                        \n                        <a href=\"https:\/\/ciudadconalma.es\/madrid\/estrategias-de-marketing-para-pequenas-empresas\/\">\n                            <div class=\"thumbnail-container animate-lazy  size-715 \"><img width=\"120\" height=\"86\" src=\"https:\/\/ciudadconalma.es\/madrid\/wp-content\/themes\/jnews\/assets\/img\/jeg-empty.png\" class=\"attachment-jnews-120x86 size-jnews-120x86 lazyload wp-post-image\" alt=\"marketing para peque\u00f1as empresas\" decoding=\"async\" loading=\"lazy\" sizes=\"(max-width: 120px) 100vw, 120px\" data-src=\"https:\/\/ciudadconalma.es\/madrid\/wp-content\/uploads\/sites\/2\/2024\/05\/estrategias-de-marketing-120x86.jpg\" data-srcset=\"https:\/\/ciudadconalma.es\/madrid\/wp-content\/uploads\/sites\/2\/2024\/05\/estrategias-de-marketing-120x86.jpg 120w, https:\/\/ciudadconalma.es\/madrid\/wp-content\/uploads\/sites\/2\/2024\/05\/estrategias-de-marketing-350x250.jpg 350w\" data-sizes=\"auto\" data-expand=\"700\" \/><\/div>\n                        <\/a>\n                    <\/div>\n                    <div class=\"jeg_postblock_content\">\n                        <h3 class=\"jeg_post_title\">\n                            <a href=\"https:\/\/ciudadconalma.es\/madrid\/estrategias-de-marketing-para-pequenas-empresas\/\">Estrategias de marketing para peque\u00f1as empresas<\/a>\n                        <\/h3>\n                        <div class=\"jeg_post_meta\"><div class=\"jeg_meta_date\"><a href=\"https:\/\/ciudadconalma.es\/madrid\/estrategias-de-marketing-para-pequenas-empresas\/\" ><i class=\"fa fa-clock-o\"><\/i> 22 de mayo de 2024<\/a><\/div><\/div>\n                    <\/div>\n                <\/article><article class=\"jeg_post jeg_pl_sm format-standard\">\n                    <div class=\"jeg_thumb\">\n                        \n                        <a href=\"https:\/\/ciudadconalma.es\/madrid\/marketing-y-ventas-para-emprendedores-estrategias-para-dar-a-conocer-tu-negocio-y-vender-tus-productos-o-servicios\/\">\n                            <div class=\"thumbnail-container animate-lazy  size-715 \"><img width=\"120\" height=\"86\" src=\"https:\/\/ciudadconalma.es\/madrid\/wp-content\/themes\/jnews\/assets\/img\/jeg-empty.png\" class=\"attachment-jnews-120x86 size-jnews-120x86 lazyload wp-post-image\" alt=\"emprendedores\" decoding=\"async\" loading=\"lazy\" sizes=\"(max-width: 120px) 100vw, 120px\" data-src=\"https:\/\/ciudadconalma.es\/madrid\/wp-content\/uploads\/sites\/2\/2024\/04\/marketing-y-ventas-para-emprendedores-120x86.jpg\" data-srcset=\"https:\/\/ciudadconalma.es\/madrid\/wp-content\/uploads\/sites\/2\/2024\/04\/marketing-y-ventas-para-emprendedores-120x86.jpg 120w, https:\/\/ciudadconalma.es\/madrid\/wp-content\/uploads\/sites\/2\/2024\/04\/marketing-y-ventas-para-emprendedores-350x250.jpg 350w\" data-sizes=\"auto\" data-expand=\"700\" \/><\/div>\n                        <\/a>\n                    <\/div>\n                    <div class=\"jeg_postblock_content\">\n                        <h3 class=\"jeg_post_title\">\n                            <a href=\"https:\/\/ciudadconalma.es\/madrid\/marketing-y-ventas-para-emprendedores-estrategias-para-dar-a-conocer-tu-negocio-y-vender-tus-productos-o-servicios\/\">Marketing y ventas para emprendedores: Estrategias para dar a conocer tu negocio y vender tus productos o servicios<\/a>\n                        <\/h3>\n                        <div class=\"jeg_post_meta\"><div class=\"jeg_meta_date\"><a href=\"https:\/\/ciudadconalma.es\/madrid\/marketing-y-ventas-para-emprendedores-estrategias-para-dar-a-conocer-tu-negocio-y-vender-tus-productos-o-servicios\/\" ><i class=\"fa fa-clock-o\"><\/i> 18 de abril de 2024<\/a><\/div><\/div>\n                    <\/div>\n                <\/article><article class=\"jeg_post jeg_pl_sm format-standard\">\n                    <div class=\"jeg_thumb\">\n                        \n                        <a href=\"https:\/\/ciudadconalma.es\/madrid\/aplicaciones-de-la-inteligencia-artificial-que-revolucionaran-tu-negocio-en-2024\/\">\n                            <div class=\"thumbnail-container animate-lazy  size-715 \"><img width=\"120\" height=\"86\" src=\"https:\/\/ciudadconalma.es\/madrid\/wp-content\/themes\/jnews\/assets\/img\/jeg-empty.png\" class=\"attachment-jnews-120x86 size-jnews-120x86 lazyload wp-post-image\" alt=\"Inteligencia Artificial\" decoding=\"async\" loading=\"lazy\" sizes=\"(max-width: 120px) 100vw, 120px\" data-src=\"https:\/\/ciudadconalma.es\/madrid\/wp-content\/uploads\/sites\/2\/2024\/03\/aplicaciones-de-inteligencia-artificial-120x86.jpg\" data-srcset=\"https:\/\/ciudadconalma.es\/madrid\/wp-content\/uploads\/sites\/2\/2024\/03\/aplicaciones-de-inteligencia-artificial-120x86.jpg 120w, https:\/\/ciudadconalma.es\/madrid\/wp-content\/uploads\/sites\/2\/2024\/03\/aplicaciones-de-inteligencia-artificial-350x250.jpg 350w\" data-sizes=\"auto\" data-expand=\"700\" \/><\/div>\n                        <\/a>\n                    <\/div>\n                    <div class=\"jeg_postblock_content\">\n                        <h3 class=\"jeg_post_title\">\n                            <a href=\"https:\/\/ciudadconalma.es\/madrid\/aplicaciones-de-la-inteligencia-artificial-que-revolucionaran-tu-negocio-en-2024\/\">Aplicaciones de la Inteligencia Artificial que revolucionar\u00e1n tu negocio en 2024<\/a>\n                        <\/h3>\n                        <div class=\"jeg_post_meta\"><div class=\"jeg_meta_date\"><a href=\"https:\/\/ciudadconalma.es\/madrid\/aplicaciones-de-la-inteligencia-artificial-que-revolucionaran-tu-negocio-en-2024\/\" ><i class=\"fa fa-clock-o\"><\/i> 5 de abril de 2024<\/a><\/div><\/div>\n                    <\/div>\n                <\/article>\n                                                            <\/div>\n                                                        <\/div>\n                    <div class='module-overlay'>\n\t\t\t\t    <div class='preloader_type preloader_dot'>\n\t\t\t\t        <div class=\"module-preloader jeg_preloader dot\">\n\t\t\t\t            <span><\/span><span><\/span><span><\/span>\n\t\t\t\t        <\/div>\n\t\t\t\t        <div class=\"module-preloader jeg_preloader circle\">\n\t\t\t\t            <div class=\"jnews_preloader_circle_outer\">\n\t\t\t\t                <div class=\"jnews_preloader_circle_inner\"><\/div>\n\t\t\t\t            <\/div>\n\t\t\t\t        <\/div>\n\t\t\t\t        <div class=\"module-preloader jeg_preloader square\">\n\t\t\t\t            <div class=\"jeg_square\">\n\t\t\t\t                <div class=\"jeg_square_inner\"><\/div>\n\t\t\t\t            <\/div>\n\t\t\t\t        <\/div>\n\t\t\t\t    <\/div>\n\t\t\t\t<\/div>\n                <\/div>\n                <div class=\"jeg_block_navigation\">\n                    <div class='navigation_overlay'><div class='module-preloader jeg_preloader'><span><\/span><span><\/span><span><\/span><\/div><\/div>\n                    \n                    \n                <\/div>\n\t\t\t\t\t\n\t\t\t\t\t<script>var jnews_module__2_69f45d4bdf7c4 = {\"header_icon\":\"\",\"first_title\":\"Empresas\",\"second_title\":\"\",\"url\":\"\",\"header_type\":\"heading_6\",\"header_background\":\"\",\"header_secondary_background\":\"\",\"header_text_color\":\"\",\"header_line_color\":\"\",\"header_accent_color\":\"\",\"header_filter_category\":\"\",\"header_filter_author\":\"\",\"header_filter_tag\":\"\",\"header_filter_text\":\"All\",\"post_type\":\"post\",\"content_type\":\"all\",\"sponsor\":\"\",\"number_post\":\"5\",\"post_offset\":\"0\",\"unique_content\":\"disable\",\"include_post\":\"\",\"included_only\":\"\",\"exclude_post\":\"\",\"include_category\":\"11\",\"exclude_category\":\"\",\"include_author\":\"\",\"include_tag\":\"\",\"exclude_tag\":\"\",\"sort_by\":\"latest\",\"date_format\":\"default\",\"date_format_custom\":\"Y\\\/m\\\/d\",\"excerpt_length\":\"20\",\"excerpt_ellipsis\":\"...\",\"force_normal_image_load\":\"\",\"pagination_mode\":\"disable\",\"pagination_nextprev_showtext\":\"\",\"pagination_number_post\":4,\"pagination_scroll_limit\":0,\"boxed\":\"\",\"boxed_shadow\":\"\",\"el_id\":\"\",\"el_class\":\"\",\"scheme\":\"\",\"column_width\":\"auto\",\"title_color\":\"\",\"accent_color\":\"\",\"alt_color\":\"\",\"excerpt_color\":\"\",\"css\":\"\",\"compatible_column_notice\":\"\",\"paged\":1,\"column_class\":\"jeg_col_2o3\",\"class\":\"jnews_block_2\"};<\/script>\n\t\t\t\t<\/div>[\/vc_column][vc_column width=\u00bb1\/3&#8243; sticky_sidebar=\u00bbyes\u00bb set_as_sidebar=\u00bbyes\u00bb][vc_wp_categories][\/vc_column][\/vc_row][vc_row][vc_column][vc_single_image image=\u00bb221&#8243; img_size=\u00bbfull\u00bb alignment=\u00bbcenter\u00bb onclick=\u00bbcustom_link\u00bb img_link_target=\u00bb_blank\u00bb link=\u00bbhttps:\/\/grupoplumagica.com\/\u00bb][\/vc_column][\/vc_row][vc_row][vc_column width=\u00bb1\/3&#8243; sticky_sidebar=\u00bbyes\u00bb set_as_sidebar=\u00bbyes\u00bb][vc_single_image image=\u00bb1484&#8243; img_size=\u00bbfull\u00bb alignment=\u00bbcenter\u00bb onclick=\u00bbcustom_link\u00bb img_link_target=\u00bb_blank\u00bb link=\u00bbhttps:\/\/micuento.com\/?utm_medium=affiliate&amp;utm_source=grzopk6jvp4&#8243;][\/vc_column][vc_column width=\u00bb2\/3&#8243;]<div  class=\"jeg_postblock_17 jeg_postblock jeg_module_hook jeg_pagination_disable jeg_col_2o3 jnews_module__3_69f45d4bf1940   \" data-unique=\"jnews_module__3_69f45d4bf1940\">\n\t\t\t\t\t<div class=\"jeg_block_heading jeg_block_heading_6 jeg_subcat_right\">\n                     <h3 class=\"jeg_block_title\"><span>Madrid<\/span><\/h3>\n                     \n                 <\/div>\n\t\t\t\t\t<div class=\"jeg_block_container\">\n                    \n                    <div class=\"jeg_posts_wrap\">\n                    <div class=\"jeg_posts jeg_load_more_flag\">\n                        \n                        <article class=\"jeg_post jeg_pl_md_1 format-standard\">\n                    <div class=\"jeg_thumb\">\n                        \n                        <a href=\"https:\/\/ciudadconalma.es\/madrid\/rios-y-pantanos-para-banarse-en-madrid\/\"><div class=\"thumbnail-container animate-lazy  size-715 \"><img width=\"750\" height=\"375\" src=\"https:\/\/ciudadconalma.es\/madrid\/wp-content\/themes\/jnews\/assets\/img\/jeg-empty.png\" class=\"attachment-jnews-750x536 size-jnews-750x536 lazyload wp-post-image\" alt=\"R\u00edos y pantanos para ba\u00f1arse en Madrid\" decoding=\"async\" loading=\"lazy\" sizes=\"(max-width: 750px) 100vw, 750px\" data-src=\"https:\/\/ciudadconalma.es\/madrid\/wp-content\/uploads\/sites\/2\/2024\/07\/rios-y-pantanos-de-madrid.jpg\" data-srcset=\"https:\/\/ciudadconalma.es\/madrid\/wp-content\/uploads\/sites\/2\/2024\/07\/rios-y-pantanos-de-madrid.jpg 750w, https:\/\/ciudadconalma.es\/madrid\/wp-content\/uploads\/sites\/2\/2024\/07\/rios-y-pantanos-de-madrid-300x150.jpg 300w, https:\/\/ciudadconalma.es\/madrid\/wp-content\/uploads\/sites\/2\/2024\/07\/rios-y-pantanos-de-madrid-360x180.jpg 360w\" data-sizes=\"auto\" data-expand=\"700\" \/><\/div><\/a>\n                        <div class=\"jeg_post_category\">\n                            <span><a href=\"https:\/\/ciudadconalma.es\/madrid\/categoria\/madrid\/\" class=\"category-madrid\">Madrid<\/a><\/span>\n                        <\/div>\n                    <\/div>\n                    <div class=\"jeg_postblock_content\">\n                        <h3 class=\"jeg_post_title\">\n                            <a href=\"https:\/\/ciudadconalma.es\/madrid\/rios-y-pantanos-para-banarse-en-madrid\/\">R\u00edos y pantanos para ba\u00f1arse en Madrid<\/a>\n                        <\/h3>\n                        <div class=\"jeg_post_meta\"><div class=\"jeg_meta_date\"><a href=\"https:\/\/ciudadconalma.es\/madrid\/rios-y-pantanos-para-banarse-en-madrid\/\"><i class=\"fa fa-clock-o\"><\/i> 22 de julio de 2024<\/a><\/div><div class=\"jeg_meta_comment\"><a href=\"https:\/\/ciudadconalma.es\/madrid\/rios-y-pantanos-para-banarse-en-madrid\/#comments\" ><i class=\"fa fa-comment-o\"><\/i> 52848 <\/a><\/div><\/div>\n                        <div class=\"jeg_post_excerpt\">\n                            <p>R\u00edos y pantanos para ba\u00f1arse en Madrid Cuando el calor del verano madrile\u00f1o aprieta, no hay nada mejor que buscar un rinc\u00f3n fresco y acu\u00e1tico fuera de la ciudad. Aunque...<\/p>\n                        <\/div>\n                    <\/div>\n                <\/article><article class=\"jeg_post jeg_pl_md_1 format-standard\">\n                    <div class=\"jeg_thumb\">\n                        \n                        <a href=\"https:\/\/ciudadconalma.es\/madrid\/piscinas-municipales-para-disfrutar-del-verano-en-madrid\/\"><div class=\"thumbnail-container animate-lazy  size-715 \"><img width=\"750\" height=\"375\" src=\"https:\/\/ciudadconalma.es\/madrid\/wp-content\/themes\/jnews\/assets\/img\/jeg-empty.png\" class=\"attachment-jnews-750x536 size-jnews-750x536 lazyload wp-post-image\" alt=\"Piscinas municipales\" decoding=\"async\" loading=\"lazy\" sizes=\"(max-width: 750px) 100vw, 750px\" data-src=\"https:\/\/ciudadconalma.es\/madrid\/wp-content\/uploads\/sites\/2\/2024\/06\/piscinas-municipales-en-Madrid.jpg\" data-srcset=\"https:\/\/ciudadconalma.es\/madrid\/wp-content\/uploads\/sites\/2\/2024\/06\/piscinas-municipales-en-Madrid.jpg 750w, https:\/\/ciudadconalma.es\/madrid\/wp-content\/uploads\/sites\/2\/2024\/06\/piscinas-municipales-en-Madrid-300x150.jpg 300w, https:\/\/ciudadconalma.es\/madrid\/wp-content\/uploads\/sites\/2\/2024\/06\/piscinas-municipales-en-Madrid-360x180.jpg 360w\" data-sizes=\"auto\" data-expand=\"700\" \/><\/div><\/a>\n                        <div class=\"jeg_post_category\">\n                            <span><a href=\"https:\/\/ciudadconalma.es\/madrid\/categoria\/madrid\/\" class=\"category-madrid\">Madrid<\/a><\/span>\n                        <\/div>\n                    <\/div>\n                    <div class=\"jeg_postblock_content\">\n                        <h3 class=\"jeg_post_title\">\n                            <a href=\"https:\/\/ciudadconalma.es\/madrid\/piscinas-municipales-para-disfrutar-del-verano-en-madrid\/\">Piscinas municipales para disfrutar del verano en Madrid<\/a>\n                        <\/h3>\n                        <div class=\"jeg_post_meta\"><div class=\"jeg_meta_date\"><a href=\"https:\/\/ciudadconalma.es\/madrid\/piscinas-municipales-para-disfrutar-del-verano-en-madrid\/\"><i class=\"fa fa-clock-o\"><\/i> 20 de junio de 2024<\/a><\/div><div class=\"jeg_meta_comment\"><a href=\"https:\/\/ciudadconalma.es\/madrid\/piscinas-municipales-para-disfrutar-del-verano-en-madrid\/#comments\" ><i class=\"fa fa-comment-o\"><\/i> 355 <\/a><\/div><\/div>\n                        <div class=\"jeg_post_excerpt\">\n                            <p>Piscinas municipales para disfrutar del verano en Madrid Madrid contar\u00e1 con un total de 28 instalaciones, ya que a las 20 piscinas de verano municipales que abrieron sus puertas el...<\/p>\n                        <\/div>\n                    <\/div>\n                <\/article><article class=\"jeg_post jeg_pl_sm format-standard\">\n                    <div class=\"jeg_thumb\">\n                        \n                        <a href=\"https:\/\/ciudadconalma.es\/madrid\/documenta-madrid-trae-a-la-ciudad-el-mejor-cine-documental-nacional-e-internacional-clasico-y-por-descubrir\/\"><div class=\"thumbnail-container animate-lazy  size-715 \"><img width=\"120\" height=\"86\" src=\"https:\/\/ciudadconalma.es\/madrid\/wp-content\/themes\/jnews\/assets\/img\/jeg-empty.png\" class=\"attachment-jnews-120x86 size-jnews-120x86 lazyload wp-post-image\" alt=\"Documenta Madrid trae a la ciudad el mejor cine documental nacional e internacional, cl\u00e1sico y por descubrir\" decoding=\"async\" loading=\"lazy\" sizes=\"(max-width: 120px) 100vw, 120px\" data-src=\"https:\/\/ciudadconalma.es\/madrid\/wp-content\/uploads\/sites\/2\/2024\/05\/Documenta-Madrid-120x86.jpg\" data-srcset=\"https:\/\/ciudadconalma.es\/madrid\/wp-content\/uploads\/sites\/2\/2024\/05\/Documenta-Madrid-120x86.jpg 120w, https:\/\/ciudadconalma.es\/madrid\/wp-content\/uploads\/sites\/2\/2024\/05\/Documenta-Madrid-350x250.jpg 350w\" data-sizes=\"auto\" data-expand=\"700\" \/><\/div><\/a>\n                        \n                    <\/div>\n                    <div class=\"jeg_postblock_content\">\n                        <h3 class=\"jeg_post_title\">\n                            <a href=\"https:\/\/ciudadconalma.es\/madrid\/documenta-madrid-trae-a-la-ciudad-el-mejor-cine-documental-nacional-e-internacional-clasico-y-por-descubrir\/\">Documenta Madrid trae a la ciudad el mejor cine documental nacional e internacional, cl\u00e1sico y por descubrir<\/a>\n                        <\/h3>\n                        <div class=\"jeg_post_meta\"><div class=\"jeg_meta_date\"><a href=\"https:\/\/ciudadconalma.es\/madrid\/documenta-madrid-trae-a-la-ciudad-el-mejor-cine-documental-nacional-e-internacional-clasico-y-por-descubrir\/\" ><i class=\"fa fa-clock-o\"><\/i> 27 de mayo de 2024<\/a><\/div><\/div>\n                    <\/div>\n                <\/article><article class=\"jeg_post jeg_pl_sm format-standard\">\n                    <div class=\"jeg_thumb\">\n                        \n                        <a href=\"https:\/\/ciudadconalma.es\/madrid\/el-ayuntamiento-de-madrid-se-suma-al-dia-de-los-museos-con-musica-danza-teatro-y-conferencias\/\"><div class=\"thumbnail-container animate-lazy  size-715 \"><img width=\"120\" height=\"86\" src=\"https:\/\/ciudadconalma.es\/madrid\/wp-content\/themes\/jnews\/assets\/img\/jeg-empty.png\" class=\"attachment-jnews-120x86 size-jnews-120x86 lazyload wp-post-image\" alt=\"D\u00eda de los Museos\" decoding=\"async\" loading=\"lazy\" sizes=\"(max-width: 120px) 100vw, 120px\" data-src=\"https:\/\/ciudadconalma.es\/madrid\/wp-content\/uploads\/sites\/2\/2024\/05\/dia-de-los-museos-120x86.jpg\" data-srcset=\"https:\/\/ciudadconalma.es\/madrid\/wp-content\/uploads\/sites\/2\/2024\/05\/dia-de-los-museos-120x86.jpg 120w, https:\/\/ciudadconalma.es\/madrid\/wp-content\/uploads\/sites\/2\/2024\/05\/dia-de-los-museos-350x250.jpg 350w\" data-sizes=\"auto\" data-expand=\"700\" \/><\/div><\/a>\n                        \n                    <\/div>\n                    <div class=\"jeg_postblock_content\">\n                        <h3 class=\"jeg_post_title\">\n                            <a href=\"https:\/\/ciudadconalma.es\/madrid\/el-ayuntamiento-de-madrid-se-suma-al-dia-de-los-museos-con-musica-danza-teatro-y-conferencias\/\">El Ayuntamiento de Madrid se suma al D\u00eda de los Museos con m\u00fasica, danza, teatro y conferencias<\/a>\n                        <\/h3>\n                        <div class=\"jeg_post_meta\"><div class=\"jeg_meta_date\"><a href=\"https:\/\/ciudadconalma.es\/madrid\/el-ayuntamiento-de-madrid-se-suma-al-dia-de-los-museos-con-musica-danza-teatro-y-conferencias\/\" ><i class=\"fa fa-clock-o\"><\/i> 13 de mayo de 2024<\/a><\/div><\/div>\n                    <\/div>\n                <\/article>\n                    <\/div>\n                <\/div>\n                    <div class='module-overlay'>\n\t\t\t\t    <div class='preloader_type preloader_dot'>\n\t\t\t\t        <div class=\"module-preloader jeg_preloader dot\">\n\t\t\t\t            <span><\/span><span><\/span><span><\/span>\n\t\t\t\t        <\/div>\n\t\t\t\t        <div class=\"module-preloader jeg_preloader circle\">\n\t\t\t\t            <div class=\"jnews_preloader_circle_outer\">\n\t\t\t\t                <div class=\"jnews_preloader_circle_inner\"><\/div>\n\t\t\t\t            <\/div>\n\t\t\t\t        <\/div>\n\t\t\t\t        <div class=\"module-preloader jeg_preloader square\">\n\t\t\t\t            <div class=\"jeg_square\">\n\t\t\t\t                <div class=\"jeg_square_inner\"><\/div>\n\t\t\t\t            <\/div>\n\t\t\t\t        <\/div>\n\t\t\t\t    <\/div>\n\t\t\t\t<\/div>\n                <\/div>\n                <div class=\"jeg_block_navigation\">\n                    <div class='navigation_overlay'><div class='module-preloader jeg_preloader'><span><\/span><span><\/span><span><\/span><\/div><\/div>\n                    \n                    \n                <\/div>\n\t\t\t\t\t\n\t\t\t\t\t<script>var jnews_module__3_69f45d4bf1940 = {\"header_icon\":\"\",\"first_title\":\"Madrid\",\"second_title\":\"\",\"url\":\"\",\"header_type\":\"heading_6\",\"header_background\":\"\",\"header_secondary_background\":\"\",\"header_text_color\":\"\",\"header_line_color\":\"\",\"header_accent_color\":\"\",\"header_filter_category\":\"\",\"header_filter_author\":\"\",\"header_filter_tag\":\"\",\"header_filter_text\":\"All\",\"post_type\":\"post\",\"content_type\":\"all\",\"sponsor\":\"\",\"number_post\":\"4\",\"post_offset\":\"0\",\"unique_content\":\"unique1\",\"include_post\":\"\",\"included_only\":\"\",\"exclude_post\":\"\",\"include_category\":\"137\",\"exclude_category\":\"\",\"include_author\":\"\",\"include_tag\":\"\",\"exclude_tag\":\"\",\"sort_by\":\"latest\",\"date_format\":\"default\",\"date_format_custom\":\"Y\\\/m\\\/d\",\"excerpt_length\":\"30\",\"excerpt_ellipsis\":\"...\",\"force_normal_image_load\":\"\",\"pagination_mode\":\"disable\",\"pagination_nextprev_showtext\":\"\",\"pagination_number_post\":4,\"pagination_scroll_limit\":0,\"boxed\":\"\",\"boxed_shadow\":\"\",\"el_id\":\"\",\"el_class\":\"\",\"scheme\":\"\",\"column_width\":\"auto\",\"title_color\":\"\",\"accent_color\":\"\",\"alt_color\":\"\",\"excerpt_color\":\"\",\"css\":\"\",\"compatible_column_notice\":\"\",\"paged\":1,\"column_class\":\"jeg_col_2o3\",\"class\":\"jnews_block_17\"};<\/script>\n\t\t\t\t<\/div>[\/vc_column][\/vc_row][vc_row][vc_column width=\u00bb2\/3&#8243;]<div  class=\"jeg_postblock_9 jeg_postblock jeg_module_hook jeg_pagination_disable jeg_col_2o3 jnews_module__4_69f45d4c0280c   \" data-unique=\"jnews_module__4_69f45d4c0280c\">\n\t\t\t\t\t<div class=\"jeg_block_heading jeg_block_heading_6 jeg_subcat_right\">\n                     <h3 class=\"jeg_block_title\"><span>Belleza<\/span><\/h3>\n                     \n                 <\/div>\n\t\t\t\t\t<div class=\"jeg_block_container\">\n                    \n                    <div class=\"jeg_posts_wrap\"><div class=\"jeg_posts jeg_load_more_flag\"><article class=\"jeg_post jeg_pl_md_1 format-standard\">\n                    <div class=\"jeg_thumb\">\n                        \n                        <a href=\"https:\/\/ciudadconalma.es\/madrid\/las-tendencias-en-unas-en-2024\/\"><div class=\"thumbnail-container animate-lazy  size-500 \"><img width=\"360\" height=\"180\" src=\"https:\/\/ciudadconalma.es\/madrid\/wp-content\/themes\/jnews\/assets\/img\/jeg-empty.png\" class=\"attachment-jnews-360x180 size-jnews-360x180 lazyload wp-post-image\" alt=\"Las tendencias en u\u00f1as en 2024\" decoding=\"async\" loading=\"lazy\" sizes=\"(max-width: 360px) 100vw, 360px\" data-src=\"https:\/\/ciudadconalma.es\/madrid\/wp-content\/uploads\/sites\/2\/2024\/06\/tendencias-en-unas-360x180.jpg\" data-srcset=\"https:\/\/ciudadconalma.es\/madrid\/wp-content\/uploads\/sites\/2\/2024\/06\/tendencias-en-unas-360x180.jpg 360w, https:\/\/ciudadconalma.es\/madrid\/wp-content\/uploads\/sites\/2\/2024\/06\/tendencias-en-unas-300x150.jpg 300w, https:\/\/ciudadconalma.es\/madrid\/wp-content\/uploads\/sites\/2\/2024\/06\/tendencias-en-unas.jpg 750w\" data-sizes=\"auto\" data-expand=\"700\" \/><\/div><\/a>\n                        <div class=\"jeg_post_category\">\n                            <span><a href=\"https:\/\/ciudadconalma.es\/madrid\/categoria\/belleza\/\" class=\"category-belleza\">Belleza<\/a><\/span>\n                        <\/div>\n                    <\/div>\n                    <div class=\"jeg_postblock_content\">\n                        <h3 class=\"jeg_post_title\">\n                            <a href=\"https:\/\/ciudadconalma.es\/madrid\/las-tendencias-en-unas-en-2024\/\">Las tendencias en u\u00f1as en 2024<\/a>\n                        <\/h3>\n                        <div class=\"jeg_post_meta\"><div class=\"jeg_meta_date\"><a href=\"https:\/\/ciudadconalma.es\/madrid\/las-tendencias-en-unas-en-2024\/\" ><i class=\"fa fa-clock-o\"><\/i> 9 de julio de 2024<\/a><\/div><\/div>\n                    <\/div>\n                <\/article><article class=\"jeg_post jeg_pl_md_1 format-standard\">\n                    <div class=\"jeg_thumb\">\n                        \n                        <a href=\"https:\/\/ciudadconalma.es\/madrid\/tintes-de-pelo-como-elegir-el-color-ideal-segun-tu-piel\/\"><div class=\"thumbnail-container animate-lazy  size-500 \"><img width=\"360\" height=\"180\" src=\"https:\/\/ciudadconalma.es\/madrid\/wp-content\/themes\/jnews\/assets\/img\/jeg-empty.png\" class=\"attachment-jnews-360x180 size-jnews-360x180 lazyload wp-post-image\" alt=\"Tintes de pelo: C\u00f3mo elegir el color ideal seg\u00fan tu piel\" decoding=\"async\" loading=\"lazy\" sizes=\"(max-width: 360px) 100vw, 360px\" data-src=\"https:\/\/ciudadconalma.es\/madrid\/wp-content\/uploads\/sites\/2\/2024\/05\/tinte-de-pelo-ideal-360x180.jpg\" data-srcset=\"https:\/\/ciudadconalma.es\/madrid\/wp-content\/uploads\/sites\/2\/2024\/05\/tinte-de-pelo-ideal-360x180.jpg 360w, https:\/\/ciudadconalma.es\/madrid\/wp-content\/uploads\/sites\/2\/2024\/05\/tinte-de-pelo-ideal-300x150.jpg 300w, https:\/\/ciudadconalma.es\/madrid\/wp-content\/uploads\/sites\/2\/2024\/05\/tinte-de-pelo-ideal.jpg 750w\" data-sizes=\"auto\" data-expand=\"700\" \/><\/div><\/a>\n                        <div class=\"jeg_post_category\">\n                            <span><a href=\"https:\/\/ciudadconalma.es\/madrid\/categoria\/belleza\/\" class=\"category-belleza\">Belleza<\/a><\/span>\n                        <\/div>\n                    <\/div>\n                    <div class=\"jeg_postblock_content\">\n                        <h3 class=\"jeg_post_title\">\n                            <a href=\"https:\/\/ciudadconalma.es\/madrid\/tintes-de-pelo-como-elegir-el-color-ideal-segun-tu-piel\/\">Tintes de pelo: C\u00f3mo elegir el color ideal seg\u00fan tu piel<\/a>\n                        <\/h3>\n                        <div class=\"jeg_post_meta\"><div class=\"jeg_meta_date\"><a href=\"https:\/\/ciudadconalma.es\/madrid\/tintes-de-pelo-como-elegir-el-color-ideal-segun-tu-piel\/\" ><i class=\"fa fa-clock-o\"><\/i> 5 de junio de 2024<\/a><\/div><\/div>\n                    <\/div>\n                <\/article><article class=\"jeg_post jeg_pl_md_1 format-standard\">\n                    <div class=\"jeg_thumb\">\n                        \n                        <a href=\"https:\/\/ciudadconalma.es\/madrid\/deslumbra-con-tu-piel-como-elegir-el-mejor-protector-solar-facial\/\"><div class=\"thumbnail-container animate-lazy  size-500 \"><img width=\"360\" height=\"180\" src=\"https:\/\/ciudadconalma.es\/madrid\/wp-content\/themes\/jnews\/assets\/img\/jeg-empty.png\" class=\"attachment-jnews-360x180 size-jnews-360x180 lazyload wp-post-image\" alt=\"Deslumbra con tu piel: C\u00f3mo elegir el mejor protector solar facial\" decoding=\"async\" loading=\"lazy\" sizes=\"(max-width: 360px) 100vw, 360px\" data-src=\"https:\/\/ciudadconalma.es\/madrid\/wp-content\/uploads\/sites\/2\/2024\/04\/protector-solar-facial-360x180.jpg\" data-srcset=\"https:\/\/ciudadconalma.es\/madrid\/wp-content\/uploads\/sites\/2\/2024\/04\/protector-solar-facial-360x180.jpg 360w, https:\/\/ciudadconalma.es\/madrid\/wp-content\/uploads\/sites\/2\/2024\/04\/protector-solar-facial-300x150.jpg 300w, https:\/\/ciudadconalma.es\/madrid\/wp-content\/uploads\/sites\/2\/2024\/04\/protector-solar-facial.jpg 750w\" data-sizes=\"auto\" data-expand=\"700\" \/><\/div><\/a>\n                        <div class=\"jeg_post_category\">\n                            <span><a href=\"https:\/\/ciudadconalma.es\/madrid\/categoria\/belleza\/\" class=\"category-belleza\">Belleza<\/a><\/span>\n                        <\/div>\n                    <\/div>\n                    <div class=\"jeg_postblock_content\">\n                        <h3 class=\"jeg_post_title\">\n                            <a href=\"https:\/\/ciudadconalma.es\/madrid\/deslumbra-con-tu-piel-como-elegir-el-mejor-protector-solar-facial\/\">Deslumbra con tu piel: C\u00f3mo elegir el mejor protector solar facial<\/a>\n                        <\/h3>\n                        <div class=\"jeg_post_meta\"><div class=\"jeg_meta_date\"><a href=\"https:\/\/ciudadconalma.es\/madrid\/deslumbra-con-tu-piel-como-elegir-el-mejor-protector-solar-facial\/\" ><i class=\"fa fa-clock-o\"><\/i> 9 de mayo de 2024<\/a><\/div><\/div>\n                    <\/div>\n                <\/article><article class=\"jeg_post jeg_pl_md_1 format-standard\">\n                    <div class=\"jeg_thumb\">\n                        \n                        <a href=\"https:\/\/ciudadconalma.es\/madrid\/como-hacer-que-el-esmalte-de-unas-dure-mas-tiempo\/\"><div class=\"thumbnail-container animate-lazy  size-500 \"><img width=\"360\" height=\"180\" src=\"https:\/\/ciudadconalma.es\/madrid\/wp-content\/themes\/jnews\/assets\/img\/jeg-empty.png\" class=\"attachment-jnews-360x180 size-jnews-360x180 lazyload wp-post-image\" alt=\"C\u00f3mo hacer que el esmalte de u\u00f1as dure m\u00e1s tiempo\" decoding=\"async\" loading=\"lazy\" sizes=\"(max-width: 360px) 100vw, 360px\" data-src=\"https:\/\/ciudadconalma.es\/madrid\/wp-content\/uploads\/sites\/2\/2024\/04\/esmalte-de-unas-360x180.jpg\" data-srcset=\"https:\/\/ciudadconalma.es\/madrid\/wp-content\/uploads\/sites\/2\/2024\/04\/esmalte-de-unas-360x180.jpg 360w, https:\/\/ciudadconalma.es\/madrid\/wp-content\/uploads\/sites\/2\/2024\/04\/esmalte-de-unas-300x150.jpg 300w, https:\/\/ciudadconalma.es\/madrid\/wp-content\/uploads\/sites\/2\/2024\/04\/esmalte-de-unas.jpg 750w\" data-sizes=\"auto\" data-expand=\"700\" \/><\/div><\/a>\n                        <div class=\"jeg_post_category\">\n                            <span><a href=\"https:\/\/ciudadconalma.es\/madrid\/categoria\/belleza\/\" class=\"category-belleza\">Belleza<\/a><\/span>\n                        <\/div>\n                    <\/div>\n                    <div class=\"jeg_postblock_content\">\n                        <h3 class=\"jeg_post_title\">\n                            <a href=\"https:\/\/ciudadconalma.es\/madrid\/como-hacer-que-el-esmalte-de-unas-dure-mas-tiempo\/\">C\u00f3mo hacer que el esmalte de u\u00f1as dure m\u00e1s tiempo<\/a>\n                        <\/h3>\n                        <div class=\"jeg_post_meta\"><div class=\"jeg_meta_date\"><a href=\"https:\/\/ciudadconalma.es\/madrid\/como-hacer-que-el-esmalte-de-unas-dure-mas-tiempo\/\" ><i class=\"fa fa-clock-o\"><\/i> 25 de abril de 2024<\/a><\/div><\/div>\n                    <\/div>\n                <\/article><\/div><\/div>\n                    <div class='module-overlay'>\n\t\t\t\t    <div class='preloader_type preloader_dot'>\n\t\t\t\t        <div class=\"module-preloader jeg_preloader dot\">\n\t\t\t\t            <span><\/span><span><\/span><span><\/span>\n\t\t\t\t        <\/div>\n\t\t\t\t        <div class=\"module-preloader jeg_preloader circle\">\n\t\t\t\t            <div class=\"jnews_preloader_circle_outer\">\n\t\t\t\t                <div class=\"jnews_preloader_circle_inner\"><\/div>\n\t\t\t\t            <\/div>\n\t\t\t\t        <\/div>\n\t\t\t\t        <div class=\"module-preloader jeg_preloader square\">\n\t\t\t\t            <div class=\"jeg_square\">\n\t\t\t\t                <div class=\"jeg_square_inner\"><\/div>\n\t\t\t\t            <\/div>\n\t\t\t\t        <\/div>\n\t\t\t\t    <\/div>\n\t\t\t\t<\/div>\n                <\/div>\n                <div class=\"jeg_block_navigation\">\n                    <div class='navigation_overlay'><div class='module-preloader jeg_preloader'><span><\/span><span><\/span><span><\/span><\/div><\/div>\n                    \n                    \n                <\/div>\n\t\t\t\t\t\n\t\t\t\t\t<script>var jnews_module__4_69f45d4c0280c = {\"header_icon\":\"\",\"first_title\":\"Belleza\",\"second_title\":\"\",\"url\":\"\",\"header_type\":\"heading_6\",\"header_background\":\"\",\"header_secondary_background\":\"\",\"header_text_color\":\"\",\"header_line_color\":\"\",\"header_accent_color\":\"\",\"header_filter_category\":\"\",\"header_filter_author\":\"\",\"header_filter_tag\":\"\",\"header_filter_text\":\"All\",\"post_type\":\"post\",\"content_type\":\"all\",\"sponsor\":\"\",\"number_post\":\"4\",\"post_offset\":\"0\",\"unique_content\":\"disable\",\"include_post\":\"\",\"included_only\":\"\",\"exclude_post\":\"\",\"include_category\":\"20\",\"exclude_category\":\"\",\"include_author\":\"\",\"include_tag\":\"\",\"exclude_tag\":\"\",\"sort_by\":\"latest\",\"date_format\":\"default\",\"date_format_custom\":\"Y\\\/m\\\/d\",\"force_normal_image_load\":\"\",\"pagination_mode\":\"disable\",\"pagination_nextprev_showtext\":\"\",\"pagination_number_post\":4,\"pagination_scroll_limit\":0,\"boxed\":\"\",\"boxed_shadow\":\"\",\"el_id\":\"\",\"el_class\":\"\",\"scheme\":\"\",\"column_width\":\"auto\",\"title_color\":\"\",\"accent_color\":\"\",\"alt_color\":\"\",\"excerpt_color\":\"\",\"css\":\"\",\"compatible_column_notice\":\"\",\"paged\":1,\"column_class\":\"jeg_col_2o3\",\"class\":\"jnews_block_9\"};<\/script>\n\t\t\t\t<\/div>[\/vc_column][vc_column width=\u00bb1\/3&#8243; sticky_sidebar=\u00bbyes\u00bb set_as_sidebar=\u00bbyes\u00bb][vc_single_image image=\u00bb195&#8243; img_size=\u00bbfull\u00bb alignment=\u00bbcenter\u00bb onclick=\u00bbcustom_link\u00bb img_link_target=\u00bb_blank\u00bb link=\u00bbhttps:\/\/hcparquitectos.com\/\u00bb][\/vc_column][\/vc_row][vc_row][vc_column width=\u00bb1\/3&#8243; sticky_sidebar=\u00bbyes\u00bb set_as_sidebar=\u00bbyes\u00bb][vc_single_image image=\u00bb197&#8243; img_size=\u00bbfull\u00bb alignment=\u00bbcenter\u00bb onclick=\u00bbcustom_link\u00bb img_link_target=\u00bb_blank\u00bb link=\u00bbhttps:\/\/www.josemariaruizfotografia.com\/\u00bb][\/vc_column][vc_column width=\u00bb2\/3&#8243;]<div  class=\"jeg_postblock_1 jeg_postblock jeg_module_hook jeg_pagination_disable jeg_col_2o3 jnews_module__5_69f45d4c14e74   \" data-unique=\"jnews_module__5_69f45d4c14e74\">\n\t\t\t\t\t<div class=\"jeg_block_heading jeg_block_heading_6 jeg_subcat_right\">\n                     <h3 class=\"jeg_block_title\"><span>Moda<\/span><\/h3>\n                     \n                 <\/div>\n\t\t\t\t\t<div class=\"jeg_block_container jeg_load_more_flag\">\n\t\t\t\t\t\n\t\t\t\t\t<div class=\"jeg_posts row\">\n\t\t\t\t\t<article class=\"jeg_post jeg_pl_lg_1 col-sm-6 format-standard\">\n\t\t\t\t\t\t<div class=\"jeg_thumb\">\n\t\t\t\t\t\n\t\t\t\t\t<a href=\"https:\/\/ciudadconalma.es\/madrid\/los-colores-tendencia-del-verano-2024\/\"><div class=\"thumbnail-container animate-lazy  size-500 \"><img width=\"360\" height=\"180\" src=\"https:\/\/ciudadconalma.es\/madrid\/wp-content\/themes\/jnews\/assets\/img\/jeg-empty.png\" class=\"attachment-jnews-360x180 size-jnews-360x180 lazyload wp-post-image\" alt=\"colores tendencia del verano 2024\" decoding=\"async\" loading=\"lazy\" sizes=\"(max-width: 360px) 100vw, 360px\" data-src=\"https:\/\/ciudadconalma.es\/madrid\/wp-content\/uploads\/sites\/2\/2024\/06\/colores-tendencias-verano-2024-360x180.jpg\" data-srcset=\"https:\/\/ciudadconalma.es\/madrid\/wp-content\/uploads\/sites\/2\/2024\/06\/colores-tendencias-verano-2024-360x180.jpg 360w, https:\/\/ciudadconalma.es\/madrid\/wp-content\/uploads\/sites\/2\/2024\/06\/colores-tendencias-verano-2024-300x150.jpg 300w, https:\/\/ciudadconalma.es\/madrid\/wp-content\/uploads\/sites\/2\/2024\/06\/colores-tendencias-verano-2024.jpg 750w\" data-sizes=\"auto\" data-expand=\"700\" \/><\/div><\/a>\n\t\t\t\t\t<div class=\"jeg_post_category\">\n\t\t\t\t\t\t<span><a href=\"https:\/\/ciudadconalma.es\/madrid\/categoria\/moda\/\" class=\"category-moda\">Moda<\/a><\/span>\n\t\t\t\t\t<\/div>\n\t\t\t\t<\/div>\n\t\t\t\t<div class=\"jeg_postblock_content\">\n\t\t\t\t\t<h3 property=\"headline\" class=\"jeg_post_title\">\n\t\t\t\t\t\t<a href=\"https:\/\/ciudadconalma.es\/madrid\/los-colores-tendencia-del-verano-2024\/\">Los colores tendencia del verano 2024<\/a>\n\t\t\t\t\t<\/h3>\n\t\t\t\t\t<div class=\"jeg_post_meta\"><div class=\"jeg_meta_date\"><a href=\"https:\/\/ciudadconalma.es\/madrid\/los-colores-tendencia-del-verano-2024\/\"><i class=\"fa fa-clock-o\"><\/i> 10 de julio de 2024<\/a><\/div><div class=\"jeg_meta_comment\"><a href=\"https:\/\/ciudadconalma.es\/madrid\/los-colores-tendencia-del-verano-2024\/#comments\" ><i class=\"fa fa-comment-o\"><\/i> 351 <\/a><\/div><\/div>\n\t\t\t\t\t<div class=\"jeg_post_excerpt\">\n\t\t\t\t\t\t<p>Los colores tendencia del verano 2024 El verano se acerca y con \u00e9l, la \u00e9poca perfecta para lucir colores vivos...<\/p>\n\t\t\t\t\t\t<a href=\"https:\/\/ciudadconalma.es\/madrid\/los-colores-tendencia-del-verano-2024\/\" class=\"jeg_readmore\">Read more<\/a>\n\t\t\t\t\t<\/div>\n\t\t\t\t<\/div>\n\t\t\t\t\t<\/article>\n\t\t\t\t\t<div class=\"jeg_postsmall col-sm-6\">\n\t\t\t\t\t\t<article class=\"jeg_post jeg_pl_sm format-standard\">\n\t\t\t\t\t<div class=\"jeg_thumb\">\n\t\t\t\t\t\t\n\t\t\t\t\t\t<a href=\"https:\/\/ciudadconalma.es\/madrid\/consejos-para-las-rebajas\/\">\n\t\t\t\t\t\t\t<div class=\"thumbnail-container animate-lazy  size-715 \"><img width=\"120\" height=\"86\" src=\"https:\/\/ciudadconalma.es\/madrid\/wp-content\/themes\/jnews\/assets\/img\/jeg-empty.png\" class=\"attachment-jnews-120x86 size-jnews-120x86 lazyload wp-post-image\" alt=\"Consejos para las rebajas\" decoding=\"async\" loading=\"lazy\" sizes=\"(max-width: 120px) 100vw, 120px\" data-src=\"https:\/\/ciudadconalma.es\/madrid\/wp-content\/uploads\/sites\/2\/2024\/06\/rebajas-120x86.jpg\" data-srcset=\"https:\/\/ciudadconalma.es\/madrid\/wp-content\/uploads\/sites\/2\/2024\/06\/rebajas-120x86.jpg 120w, https:\/\/ciudadconalma.es\/madrid\/wp-content\/uploads\/sites\/2\/2024\/06\/rebajas-350x250.jpg 350w\" data-sizes=\"auto\" data-expand=\"700\" \/><\/div>\n\t\t\t\t\t\t<\/a>\n\t\t\t\t\t<\/div>\n\t\t\t\t\t<div class=\"jeg_postblock_content\">\n\t\t\t\t\t\t<h3 class=\"jeg_post_title\">\n\t\t\t\t\t\t\t<a href=\"https:\/\/ciudadconalma.es\/madrid\/consejos-para-las-rebajas\/\">Consejos para las rebajas<\/a>\n\t\t\t\t\t\t<\/h3>\n\t\t\t\t\t\t<div class=\"jeg_post_meta\"><div class=\"jeg_meta_date\"><a href=\"https:\/\/ciudadconalma.es\/madrid\/consejos-para-las-rebajas\/\" ><i class=\"fa fa-clock-o\"><\/i> 26 de junio de 2024<\/a><\/div><\/div>\n\t\t\t\t\t<\/div>\n\t\t\t\t<\/article><article class=\"jeg_post jeg_pl_sm format-standard\">\n\t\t\t\t\t<div class=\"jeg_thumb\">\n\t\t\t\t\t\t\n\t\t\t\t\t\t<a href=\"https:\/\/ciudadconalma.es\/madrid\/descubre-los-zapatos-que-marcaran-tendencia-este-verano-2024\/\">\n\t\t\t\t\t\t\t<div class=\"thumbnail-container animate-lazy  size-715 \"><img width=\"120\" height=\"86\" src=\"https:\/\/ciudadconalma.es\/madrid\/wp-content\/themes\/jnews\/assets\/img\/jeg-empty.png\" class=\"attachment-jnews-120x86 size-jnews-120x86 lazyload wp-post-image\" alt=\"zapatos\" decoding=\"async\" loading=\"lazy\" sizes=\"(max-width: 120px) 100vw, 120px\" data-src=\"https:\/\/ciudadconalma.es\/madrid\/wp-content\/uploads\/sites\/2\/2024\/05\/tendencias-en-zapatos-verano-2024-120x86.jpg\" data-srcset=\"https:\/\/ciudadconalma.es\/madrid\/wp-content\/uploads\/sites\/2\/2024\/05\/tendencias-en-zapatos-verano-2024-120x86.jpg 120w, https:\/\/ciudadconalma.es\/madrid\/wp-content\/uploads\/sites\/2\/2024\/05\/tendencias-en-zapatos-verano-2024-350x250.jpg 350w\" data-sizes=\"auto\" data-expand=\"700\" \/><\/div>\n\t\t\t\t\t\t<\/a>\n\t\t\t\t\t<\/div>\n\t\t\t\t\t<div class=\"jeg_postblock_content\">\n\t\t\t\t\t\t<h3 class=\"jeg_post_title\">\n\t\t\t\t\t\t\t<a href=\"https:\/\/ciudadconalma.es\/madrid\/descubre-los-zapatos-que-marcaran-tendencia-este-verano-2024\/\">Descubre los zapatos que marcar\u00e1n tendencia este verano 2024<\/a>\n\t\t\t\t\t\t<\/h3>\n\t\t\t\t\t\t<div class=\"jeg_post_meta\"><div class=\"jeg_meta_date\"><a href=\"https:\/\/ciudadconalma.es\/madrid\/descubre-los-zapatos-que-marcaran-tendencia-este-verano-2024\/\" ><i class=\"fa fa-clock-o\"><\/i> 11 de junio de 2024<\/a><\/div><\/div>\n\t\t\t\t\t<\/div>\n\t\t\t\t<\/article><article class=\"jeg_post jeg_pl_sm format-standard\">\n\t\t\t\t\t<div class=\"jeg_thumb\">\n\t\t\t\t\t\t\n\t\t\t\t\t\t<a href=\"https:\/\/ciudadconalma.es\/madrid\/alpargatas-planas-la-tendencia-en-zapatos-para-este-verano-2024\/\">\n\t\t\t\t\t\t\t<div class=\"thumbnail-container animate-lazy  size-715 \"><img width=\"120\" height=\"86\" src=\"https:\/\/ciudadconalma.es\/madrid\/wp-content\/themes\/jnews\/assets\/img\/jeg-empty.png\" class=\"attachment-jnews-120x86 size-jnews-120x86 lazyload wp-post-image\" alt=\"Alpargatas planas: La tendencia en zapatos para este verano 2024\" decoding=\"async\" loading=\"lazy\" sizes=\"(max-width: 120px) 100vw, 120px\" data-src=\"https:\/\/ciudadconalma.es\/madrid\/wp-content\/uploads\/sites\/2\/2024\/05\/alpargatas-120x86.jpg\" data-srcset=\"https:\/\/ciudadconalma.es\/madrid\/wp-content\/uploads\/sites\/2\/2024\/05\/alpargatas-120x86.jpg 120w, https:\/\/ciudadconalma.es\/madrid\/wp-content\/uploads\/sites\/2\/2024\/05\/alpargatas-350x250.jpg 350w\" data-sizes=\"auto\" data-expand=\"700\" \/><\/div>\n\t\t\t\t\t\t<\/a>\n\t\t\t\t\t<\/div>\n\t\t\t\t\t<div class=\"jeg_postblock_content\">\n\t\t\t\t\t\t<h3 class=\"jeg_post_title\">\n\t\t\t\t\t\t\t<a href=\"https:\/\/ciudadconalma.es\/madrid\/alpargatas-planas-la-tendencia-en-zapatos-para-este-verano-2024\/\">Alpargatas planas: La tendencia en zapatos para este verano 2024<\/a>\n\t\t\t\t\t\t<\/h3>\n\t\t\t\t\t\t<div class=\"jeg_post_meta\"><div class=\"jeg_meta_date\"><a href=\"https:\/\/ciudadconalma.es\/madrid\/alpargatas-planas-la-tendencia-en-zapatos-para-este-verano-2024\/\" ><i class=\"fa fa-clock-o\"><\/i> 29 de mayo de 2024<\/a><\/div><\/div>\n\t\t\t\t\t<\/div>\n\t\t\t\t<\/article><article class=\"jeg_post jeg_pl_sm format-standard\">\n\t\t\t\t\t<div class=\"jeg_thumb\">\n\t\t\t\t\t\t\n\t\t\t\t\t\t<a href=\"https:\/\/ciudadconalma.es\/madrid\/la-revolucion-de-la-moda-genderless-desafiando-las-normas-y-celebrando-la-diversidad\/\">\n\t\t\t\t\t\t\t<div class=\"thumbnail-container animate-lazy  size-715 \"><img width=\"120\" height=\"86\" src=\"https:\/\/ciudadconalma.es\/madrid\/wp-content\/themes\/jnews\/assets\/img\/jeg-empty.png\" class=\"attachment-jnews-120x86 size-jnews-120x86 lazyload wp-post-image\" alt=\"La revoluci\u00f3n de la Moda Genderless: Desafiando las normas y celebrando la diversidad\" decoding=\"async\" loading=\"lazy\" sizes=\"(max-width: 120px) 100vw, 120px\" data-src=\"https:\/\/ciudadconalma.es\/madrid\/wp-content\/uploads\/sites\/2\/2024\/04\/Moda-Genderless-120x86.jpg\" data-srcset=\"https:\/\/ciudadconalma.es\/madrid\/wp-content\/uploads\/sites\/2\/2024\/04\/Moda-Genderless-120x86.jpg 120w, https:\/\/ciudadconalma.es\/madrid\/wp-content\/uploads\/sites\/2\/2024\/04\/Moda-Genderless-350x250.jpg 350w\" data-sizes=\"auto\" data-expand=\"700\" \/><\/div>\n\t\t\t\t\t\t<\/a>\n\t\t\t\t\t<\/div>\n\t\t\t\t\t<div class=\"jeg_postblock_content\">\n\t\t\t\t\t\t<h3 class=\"jeg_post_title\">\n\t\t\t\t\t\t\t<a href=\"https:\/\/ciudadconalma.es\/madrid\/la-revolucion-de-la-moda-genderless-desafiando-las-normas-y-celebrando-la-diversidad\/\">La revoluci\u00f3n de la Moda Genderless: Desafiando las normas y celebrando la diversidad<\/a>\n\t\t\t\t\t\t<\/h3>\n\t\t\t\t\t\t<div class=\"jeg_post_meta\"><div class=\"jeg_meta_date\"><a href=\"https:\/\/ciudadconalma.es\/madrid\/la-revolucion-de-la-moda-genderless-desafiando-las-normas-y-celebrando-la-diversidad\/\" ><i class=\"fa fa-clock-o\"><\/i> 30 de abril de 2024<\/a><\/div><\/div>\n\t\t\t\t\t<\/div>\n\t\t\t\t<\/article>\n\t\t\t\t\t<\/div>\n\t\t\t\t<\/div>\n\t\t\t\t\t<div class='module-overlay'>\n\t\t\t\t    <div class='preloader_type preloader_dot'>\n\t\t\t\t        <div class=\"module-preloader jeg_preloader dot\">\n\t\t\t\t            <span><\/span><span><\/span><span><\/span>\n\t\t\t\t        <\/div>\n\t\t\t\t        <div class=\"module-preloader jeg_preloader circle\">\n\t\t\t\t            <div class=\"jnews_preloader_circle_outer\">\n\t\t\t\t                <div class=\"jnews_preloader_circle_inner\"><\/div>\n\t\t\t\t            <\/div>\n\t\t\t\t        <\/div>\n\t\t\t\t        <div class=\"module-preloader jeg_preloader square\">\n\t\t\t\t            <div class=\"jeg_square\">\n\t\t\t\t                <div class=\"jeg_square_inner\"><\/div>\n\t\t\t\t            <\/div>\n\t\t\t\t        <\/div>\n\t\t\t\t    <\/div>\n\t\t\t\t<\/div>\n\t\t\t\t<\/div>\n\t\t\t\t<div class=\"jeg_block_navigation\">\n\t\t\t\t\t<div class='navigation_overlay'><div class='module-preloader jeg_preloader'><span><\/span><span><\/span><span><\/span><\/div><\/div>\n\t\t\t\t\t\n\t\t\t\t\t\n\t\t\t\t<\/div>\n\t\t\t\t\t\n\t\t\t\t\t<script>var jnews_module__5_69f45d4c14e74 = {\"header_icon\":\"\",\"first_title\":\"Moda\",\"second_title\":\"\",\"url\":\"\",\"header_type\":\"heading_6\",\"header_background\":\"\",\"header_secondary_background\":\"\",\"header_text_color\":\"\",\"header_line_color\":\"\",\"header_accent_color\":\"\",\"header_filter_category\":\"\",\"header_filter_author\":\"\",\"header_filter_tag\":\"\",\"header_filter_text\":\"All\",\"post_type\":\"post\",\"content_type\":\"all\",\"sponsor\":\"\",\"number_post\":\"5\",\"post_offset\":\"0\",\"unique_content\":\"disable\",\"include_post\":\"\",\"included_only\":\"\",\"exclude_post\":\"\",\"include_category\":\"12\",\"exclude_category\":\"\",\"include_author\":\"\",\"include_tag\":\"\",\"exclude_tag\":\"\",\"sort_by\":\"latest\",\"date_format\":\"default\",\"date_format_custom\":\"Y\\\/m\\\/d\",\"excerpt_length\":\"20\",\"excerpt_ellipsis\":\"...\",\"force_normal_image_load\":\"\",\"pagination_mode\":\"disable\",\"pagination_nextprev_showtext\":\"\",\"pagination_number_post\":5,\"pagination_scroll_limit\":0,\"boxed\":\"\",\"boxed_shadow\":\"\",\"el_id\":\"\",\"el_class\":\"\",\"scheme\":\"\",\"column_width\":\"auto\",\"title_color\":\"\",\"accent_color\":\"\",\"alt_color\":\"\",\"excerpt_color\":\"\",\"css\":\"\",\"compatible_column_notice\":\"\",\"paged\":1,\"column_class\":\"jeg_col_2o3\",\"class\":\"jnews_block_1\"};<\/script>\n\t\t\t\t<\/div>[\/vc_column][\/vc_row][vc_row][vc_column][vc_single_image image=\u00bb945&#8243; img_size=\u00bbfull\u00bb alignment=\u00bbcenter\u00bb onclick=\u00bbcustom_link\u00bb img_link_target=\u00bb_blank\u00bb link=\u00bbhttps:\/\/www.mlgdiseno.es\u00bb][\/vc_column][\/vc_row][vc_row][vc_column width=\u00bb2\/3&#8243;]<div  class=\"jeg_postblock_9 jeg_postblock jeg_module_hook jeg_pagination_disable jeg_col_2o3 jnews_module__6_69f45d4c19f52   \" data-unique=\"jnews_module__6_69f45d4c19f52\">\n\t\t\t\t\t<div class=\"jeg_block_heading jeg_block_heading_6 jeg_subcat_right\">\n                     <h3 class=\"jeg_block_title\"><span>Salud<\/span><\/h3>\n                     \n                 <\/div>\n\t\t\t\t\t<div class=\"jeg_block_container\">\n                    \n                    <div class=\"jeg_posts_wrap\"><div class=\"jeg_posts jeg_load_more_flag\"><article class=\"jeg_post jeg_pl_md_1 format-standard\">\n                    <div class=\"jeg_thumb\">\n                        \n                        <a href=\"https:\/\/ciudadconalma.es\/madrid\/el-impacto-de-las-redes-sociales-en-la-autoestima-adolescente\/\"><div class=\"thumbnail-container animate-lazy  size-500 \"><img width=\"360\" height=\"180\" src=\"https:\/\/ciudadconalma.es\/madrid\/wp-content\/themes\/jnews\/assets\/img\/jeg-empty.png\" class=\"attachment-jnews-360x180 size-jnews-360x180 lazyload wp-post-image\" alt=\"redes sociales\" decoding=\"async\" loading=\"lazy\" sizes=\"(max-width: 360px) 100vw, 360px\" data-src=\"https:\/\/ciudadconalma.es\/madrid\/wp-content\/uploads\/sites\/2\/2024\/07\/redes-sociales-360x180.jpg\" data-srcset=\"https:\/\/ciudadconalma.es\/madrid\/wp-content\/uploads\/sites\/2\/2024\/07\/redes-sociales-360x180.jpg 360w, https:\/\/ciudadconalma.es\/madrid\/wp-content\/uploads\/sites\/2\/2024\/07\/redes-sociales-300x150.jpg 300w, https:\/\/ciudadconalma.es\/madrid\/wp-content\/uploads\/sites\/2\/2024\/07\/redes-sociales.jpg 750w\" data-sizes=\"auto\" data-expand=\"700\" \/><\/div><\/a>\n                        <div class=\"jeg_post_category\">\n                            <span><a href=\"https:\/\/ciudadconalma.es\/madrid\/categoria\/salud\/\" class=\"category-salud\">Salud<\/a><\/span>\n                        <\/div>\n                    <\/div>\n                    <div class=\"jeg_postblock_content\">\n                        <h3 class=\"jeg_post_title\">\n                            <a href=\"https:\/\/ciudadconalma.es\/madrid\/el-impacto-de-las-redes-sociales-en-la-autoestima-adolescente\/\">El impacto de las redes sociales en la autoestima adolescente<\/a>\n                        <\/h3>\n                        <div class=\"jeg_post_meta\"><div class=\"jeg_meta_date\"><a href=\"https:\/\/ciudadconalma.es\/madrid\/el-impacto-de-las-redes-sociales-en-la-autoestima-adolescente\/\" ><i class=\"fa fa-clock-o\"><\/i> 16 de julio de 2024<\/a><\/div><\/div>\n                    <\/div>\n                <\/article><article class=\"jeg_post jeg_pl_md_1 format-standard\">\n                    <div class=\"jeg_thumb\">\n                        \n                        <a href=\"https:\/\/ciudadconalma.es\/madrid\/la-salud-ocular-como-cuidar-tus-ojos-y-prevenir-problemas-de-vision\/\"><div class=\"thumbnail-container animate-lazy  size-500 \"><img width=\"360\" height=\"180\" src=\"https:\/\/ciudadconalma.es\/madrid\/wp-content\/themes\/jnews\/assets\/img\/jeg-empty.png\" class=\"attachment-jnews-360x180 size-jnews-360x180 lazyload wp-post-image\" alt=\"salud ocular\" decoding=\"async\" loading=\"lazy\" sizes=\"(max-width: 360px) 100vw, 360px\" data-src=\"https:\/\/ciudadconalma.es\/madrid\/wp-content\/uploads\/sites\/2\/2024\/06\/salud-ocular-360x180.jpg\" data-srcset=\"https:\/\/ciudadconalma.es\/madrid\/wp-content\/uploads\/sites\/2\/2024\/06\/salud-ocular-360x180.jpg 360w, https:\/\/ciudadconalma.es\/madrid\/wp-content\/uploads\/sites\/2\/2024\/06\/salud-ocular-300x150.jpg 300w, https:\/\/ciudadconalma.es\/madrid\/wp-content\/uploads\/sites\/2\/2024\/06\/salud-ocular.jpg 750w\" data-sizes=\"auto\" data-expand=\"700\" \/><\/div><\/a>\n                        <div class=\"jeg_post_category\">\n                            <span><a href=\"https:\/\/ciudadconalma.es\/madrid\/categoria\/salud\/\" class=\"category-salud\">Salud<\/a><\/span>\n                        <\/div>\n                    <\/div>\n                    <div class=\"jeg_postblock_content\">\n                        <h3 class=\"jeg_post_title\">\n                            <a href=\"https:\/\/ciudadconalma.es\/madrid\/la-salud-ocular-como-cuidar-tus-ojos-y-prevenir-problemas-de-vision\/\">La salud ocular: c\u00f3mo cuidar tus ojos y prevenir problemas de visi\u00f3n<\/a>\n                        <\/h3>\n                        <div class=\"jeg_post_meta\"><div class=\"jeg_meta_date\"><a href=\"https:\/\/ciudadconalma.es\/madrid\/la-salud-ocular-como-cuidar-tus-ojos-y-prevenir-problemas-de-vision\/\" ><i class=\"fa fa-clock-o\"><\/i> 15 de julio de 2024<\/a><\/div><\/div>\n                    <\/div>\n                <\/article><article class=\"jeg_post jeg_pl_md_1 format-standard\">\n                    <div class=\"jeg_thumb\">\n                        \n                        <a href=\"https:\/\/ciudadconalma.es\/madrid\/trekking-disfrutando-de-la-naturaleza-y-poniendo-a-prueba-tu-resistencia\/\"><div class=\"thumbnail-container animate-lazy  size-500 \"><img width=\"360\" height=\"180\" src=\"https:\/\/ciudadconalma.es\/madrid\/wp-content\/themes\/jnews\/assets\/img\/jeg-empty.png\" class=\"attachment-jnews-360x180 size-jnews-360x180 lazyload wp-post-image\" alt=\"Trekking\" decoding=\"async\" loading=\"lazy\" sizes=\"(max-width: 360px) 100vw, 360px\" data-src=\"https:\/\/ciudadconalma.es\/madrid\/wp-content\/uploads\/sites\/2\/2024\/07\/trekking-360x180.jpg\" data-srcset=\"https:\/\/ciudadconalma.es\/madrid\/wp-content\/uploads\/sites\/2\/2024\/07\/trekking-360x180.jpg 360w, https:\/\/ciudadconalma.es\/madrid\/wp-content\/uploads\/sites\/2\/2024\/07\/trekking-300x150.jpg 300w, https:\/\/ciudadconalma.es\/madrid\/wp-content\/uploads\/sites\/2\/2024\/07\/trekking.jpg 750w\" data-sizes=\"auto\" data-expand=\"700\" \/><\/div><\/a>\n                        <div class=\"jeg_post_category\">\n                            <span><a href=\"https:\/\/ciudadconalma.es\/madrid\/categoria\/salud\/\" class=\"category-salud\">Salud<\/a><\/span>\n                        <\/div>\n                    <\/div>\n                    <div class=\"jeg_postblock_content\">\n                        <h3 class=\"jeg_post_title\">\n                            <a href=\"https:\/\/ciudadconalma.es\/madrid\/trekking-disfrutando-de-la-naturaleza-y-poniendo-a-prueba-tu-resistencia\/\">Trekking: Disfrutando de la naturaleza y poniendo a prueba tu resistencia<\/a>\n                        <\/h3>\n                        <div class=\"jeg_post_meta\"><div class=\"jeg_meta_date\"><a href=\"https:\/\/ciudadconalma.es\/madrid\/trekking-disfrutando-de-la-naturaleza-y-poniendo-a-prueba-tu-resistencia\/\" ><i class=\"fa fa-clock-o\"><\/i> 12 de julio de 2024<\/a><\/div><\/div>\n                    <\/div>\n                <\/article><article class=\"jeg_post jeg_pl_md_1 format-standard\">\n                    <div class=\"jeg_thumb\">\n                        \n                        <a href=\"https:\/\/ciudadconalma.es\/madrid\/enganas-a-tu-cuerpo-descubre-los-habitos-silenciosos-que-danan-tu-salud\/\"><div class=\"thumbnail-container animate-lazy  size-500 \"><img width=\"360\" height=\"180\" src=\"https:\/\/ciudadconalma.es\/madrid\/wp-content\/themes\/jnews\/assets\/img\/jeg-empty.png\" class=\"attachment-jnews-360x180 size-jnews-360x180 lazyload wp-post-image\" alt=\"\u00bfEnga\u00f1as a tu cuerpo? Descubre los h\u00e1bitos silenciosos que da\u00f1an tu salud\" decoding=\"async\" loading=\"lazy\" sizes=\"(max-width: 360px) 100vw, 360px\" data-src=\"https:\/\/ciudadconalma.es\/madrid\/wp-content\/uploads\/sites\/2\/2024\/06\/habitos-silenciosos-que-danan-la-salud-360x180.jpg\" data-srcset=\"https:\/\/ciudadconalma.es\/madrid\/wp-content\/uploads\/sites\/2\/2024\/06\/habitos-silenciosos-que-danan-la-salud-360x180.jpg 360w, https:\/\/ciudadconalma.es\/madrid\/wp-content\/uploads\/sites\/2\/2024\/06\/habitos-silenciosos-que-danan-la-salud-300x150.jpg 300w, https:\/\/ciudadconalma.es\/madrid\/wp-content\/uploads\/sites\/2\/2024\/06\/habitos-silenciosos-que-danan-la-salud.jpg 750w\" data-sizes=\"auto\" data-expand=\"700\" \/><\/div><\/a>\n                        <div class=\"jeg_post_category\">\n                            <span><a href=\"https:\/\/ciudadconalma.es\/madrid\/categoria\/salud\/\" class=\"category-salud\">Salud<\/a><\/span>\n                        <\/div>\n                    <\/div>\n                    <div class=\"jeg_postblock_content\">\n                        <h3 class=\"jeg_post_title\">\n                            <a href=\"https:\/\/ciudadconalma.es\/madrid\/enganas-a-tu-cuerpo-descubre-los-habitos-silenciosos-que-danan-tu-salud\/\">\u00bfEnga\u00f1as a tu cuerpo? Descubre los h\u00e1bitos silenciosos que da\u00f1an tu salud<\/a>\n                        <\/h3>\n                        <div class=\"jeg_post_meta\"><div class=\"jeg_meta_date\"><a href=\"https:\/\/ciudadconalma.es\/madrid\/enganas-a-tu-cuerpo-descubre-los-habitos-silenciosos-que-danan-tu-salud\/\" ><i class=\"fa fa-clock-o\"><\/i> 25 de junio de 2024<\/a><\/div><\/div>\n                    <\/div>\n                <\/article><\/div><\/div>\n                    <div class='module-overlay'>\n\t\t\t\t    <div class='preloader_type preloader_dot'>\n\t\t\t\t        <div class=\"module-preloader jeg_preloader dot\">\n\t\t\t\t            <span><\/span><span><\/span><span><\/span>\n\t\t\t\t        <\/div>\n\t\t\t\t        <div class=\"module-preloader jeg_preloader circle\">\n\t\t\t\t            <div class=\"jnews_preloader_circle_outer\">\n\t\t\t\t                <div class=\"jnews_preloader_circle_inner\"><\/div>\n\t\t\t\t            <\/div>\n\t\t\t\t        <\/div>\n\t\t\t\t        <div class=\"module-preloader jeg_preloader square\">\n\t\t\t\t            <div class=\"jeg_square\">\n\t\t\t\t                <div class=\"jeg_square_inner\"><\/div>\n\t\t\t\t            <\/div>\n\t\t\t\t        <\/div>\n\t\t\t\t    <\/div>\n\t\t\t\t<\/div>\n                <\/div>\n                <div class=\"jeg_block_navigation\">\n                    <div class='navigation_overlay'><div class='module-preloader jeg_preloader'><span><\/span><span><\/span><span><\/span><\/div><\/div>\n                    \n                    \n                <\/div>\n\t\t\t\t\t\n\t\t\t\t\t<script>var jnews_module__6_69f45d4c19f52 = {\"header_icon\":\"\",\"first_title\":\"Salud\",\"second_title\":\"\",\"url\":\"\",\"header_type\":\"heading_6\",\"header_background\":\"\",\"header_secondary_background\":\"\",\"header_text_color\":\"\",\"header_line_color\":\"\",\"header_accent_color\":\"\",\"header_filter_category\":\"\",\"header_filter_author\":\"\",\"header_filter_tag\":\"\",\"header_filter_text\":\"All\",\"post_type\":\"post\",\"content_type\":\"all\",\"sponsor\":\"\",\"number_post\":\"4\",\"post_offset\":\"0\",\"unique_content\":\"disable\",\"include_post\":\"\",\"included_only\":\"\",\"exclude_post\":\"\",\"include_category\":\"195\",\"exclude_category\":\"\",\"include_author\":\"\",\"include_tag\":\"\",\"exclude_tag\":\"\",\"sort_by\":\"latest\",\"date_format\":\"default\",\"date_format_custom\":\"Y\\\/m\\\/d\",\"force_normal_image_load\":\"\",\"pagination_mode\":\"disable\",\"pagination_nextprev_showtext\":\"\",\"pagination_number_post\":4,\"pagination_scroll_limit\":0,\"boxed\":\"\",\"boxed_shadow\":\"\",\"el_id\":\"\",\"el_class\":\"\",\"scheme\":\"\",\"column_width\":\"auto\",\"title_color\":\"\",\"accent_color\":\"\",\"alt_color\":\"\",\"excerpt_color\":\"\",\"css\":\"\",\"compatible_column_notice\":\"\",\"paged\":1,\"column_class\":\"jeg_col_2o3\",\"class\":\"jnews_block_9\"};<\/script>\n\t\t\t\t<\/div>[\/vc_column][vc_column width=\u00bb1\/3&#8243; sticky_sidebar=\u00bbyes\u00bb set_as_sidebar=\u00bbyes\u00bb][vc_single_image image=\u00bb943&#8243; img_size=\u00bbfull\u00bb alignment=\u00bbcenter\u00bb onclick=\u00bbcustom_link\u00bb img_link_target=\u00bb_blank\u00bb link=\u00bbhttps:\/\/mtr.cool\/EVMJAI\u00bb][\/vc_column][\/vc_row][vc_row][vc_column sticky_sidebar=\u00bbyes\u00bb set_as_sidebar=\u00bbyes\u00bb]<div  class=\"jeg_postblock_15 jeg_postblock jeg_module_hook jeg_pagination_disable jeg_col_2o3 jnews_module__7_69f45d4c2f774   \" data-unique=\"jnews_module__7_69f45d4c2f774\">\n\t\t\t\t\t<div class=\"jeg_block_heading jeg_block_heading_6 jeg_subcat_right\">\n                     <h3 class=\"jeg_block_title\"><span>Decoraci\u00f3n<\/span><\/h3>\n                     \n                 <\/div>\n\t\t\t\t\t<div class=\"jeg_block_container\">\n                    \n                    <div class=\"jeg_posts_wrap\"><div class=\"jeg_posts jeg_load_more_flag\"><article class=\"jeg_post jeg_pl_md_box format-standard\">\n                    <div class=\"box_wrap\">\n                        <div class=\"jeg_thumb\">\n                            \n                            <a href=\"https:\/\/ciudadconalma.es\/madrid\/transforma-tu-bano-en-un-oasis-acogedor-con-detalles-de-madera\/\"><div class=\"thumbnail-container animate-lazy  size-715 \"><img width=\"350\" height=\"250\" src=\"https:\/\/ciudadconalma.es\/madrid\/wp-content\/themes\/jnews\/assets\/img\/jeg-empty.png\" class=\"attachment-jnews-350x250 size-jnews-350x250 lazyload wp-post-image\" alt=\"ba\u00f1o\" decoding=\"async\" loading=\"lazy\" sizes=\"(max-width: 350px) 100vw, 350px\" data-src=\"https:\/\/ciudadconalma.es\/madrid\/wp-content\/uploads\/sites\/2\/2024\/07\/bano-350x250.jpg\" data-srcset=\"https:\/\/ciudadconalma.es\/madrid\/wp-content\/uploads\/sites\/2\/2024\/07\/bano-350x250.jpg 350w, https:\/\/ciudadconalma.es\/madrid\/wp-content\/uploads\/sites\/2\/2024\/07\/bano-120x86.jpg 120w\" data-sizes=\"auto\" data-expand=\"700\" \/><\/div><\/a>\n                            <div class=\"jeg_post_category\">\n                                <span><a href=\"https:\/\/ciudadconalma.es\/madrid\/categoria\/decoracion\/\" class=\"category-decoracion\">Decoraci\u00f3n<\/a><\/span>\n                            <\/div>\n                        <\/div>\n                        <div class=\"jeg_postblock_content\">\n                            <h3 class=\"jeg_post_title\">\n                                <a href=\"https:\/\/ciudadconalma.es\/madrid\/transforma-tu-bano-en-un-oasis-acogedor-con-detalles-de-madera\/\">Transforma tu ba\u00f1o en un oasis acogedor con detalles de madera<\/a>\n                            <\/h3>\n                            <div class=\"jeg_post_meta\"><div class=\"jeg_meta_date\"><a href=\"https:\/\/ciudadconalma.es\/madrid\/transforma-tu-bano-en-un-oasis-acogedor-con-detalles-de-madera\/\" ><i class=\"fa fa-clock-o\"><\/i> 19 de julio de 2024<\/a><\/div><\/div>\n                        <\/div>\n                    <\/div>\n                <\/article><article class=\"jeg_post jeg_pl_md_box format-standard\">\n                    <div class=\"box_wrap\">\n                        <div class=\"jeg_thumb\">\n                            \n                            <a href=\"https:\/\/ciudadconalma.es\/madrid\/transforma-tu-hogar-trucos-decorativos-para-una-casa-de-ensueno\/\"><div class=\"thumbnail-container animate-lazy  size-715 \"><img width=\"350\" height=\"250\" src=\"https:\/\/ciudadconalma.es\/madrid\/wp-content\/themes\/jnews\/assets\/img\/jeg-empty.png\" class=\"attachment-jnews-350x250 size-jnews-350x250 lazyload wp-post-image\" alt=\"Trucos decorativos para una casa\" decoding=\"async\" loading=\"lazy\" sizes=\"(max-width: 350px) 100vw, 350px\" data-src=\"https:\/\/ciudadconalma.es\/madrid\/wp-content\/uploads\/sites\/2\/2024\/06\/trucos-decorativos-1-350x250.jpg\" data-srcset=\"https:\/\/ciudadconalma.es\/madrid\/wp-content\/uploads\/sites\/2\/2024\/06\/trucos-decorativos-1-350x250.jpg 350w, https:\/\/ciudadconalma.es\/madrid\/wp-content\/uploads\/sites\/2\/2024\/06\/trucos-decorativos-1-120x86.jpg 120w\" data-sizes=\"auto\" data-expand=\"700\" \/><\/div><\/a>\n                            <div class=\"jeg_post_category\">\n                                <span><a href=\"https:\/\/ciudadconalma.es\/madrid\/categoria\/decoracion\/\" class=\"category-decoracion\">Decoraci\u00f3n<\/a><\/span>\n                            <\/div>\n                        <\/div>\n                        <div class=\"jeg_postblock_content\">\n                            <h3 class=\"jeg_post_title\">\n                                <a href=\"https:\/\/ciudadconalma.es\/madrid\/transforma-tu-hogar-trucos-decorativos-para-una-casa-de-ensueno\/\">Transforma tu hogar: Trucos decorativos para una casa de ensue\u00f1o<\/a>\n                            <\/h3>\n                            <div class=\"jeg_post_meta\"><div class=\"jeg_meta_date\"><a href=\"https:\/\/ciudadconalma.es\/madrid\/transforma-tu-hogar-trucos-decorativos-para-una-casa-de-ensueno\/\" ><i class=\"fa fa-clock-o\"><\/i> 4 de julio de 2024<\/a><\/div><\/div>\n                        <\/div>\n                    <\/div>\n                <\/article><article class=\"jeg_post jeg_pl_md_box format-standard\">\n                    <div class=\"box_wrap\">\n                        <div class=\"jeg_thumb\">\n                            \n                            <a href=\"https:\/\/ciudadconalma.es\/madrid\/los-tonos-de-sofa-que-estaran-de-moda-en-2024\/\"><div class=\"thumbnail-container animate-lazy  size-715 \"><img width=\"350\" height=\"250\" src=\"https:\/\/ciudadconalma.es\/madrid\/wp-content\/themes\/jnews\/assets\/img\/jeg-empty.png\" class=\"attachment-jnews-350x250 size-jnews-350x250 lazyload wp-post-image\" alt=\"Los tonos de sof\u00e1 que estar\u00e1n de moda en 2024\" decoding=\"async\" loading=\"lazy\" sizes=\"(max-width: 350px) 100vw, 350px\" data-src=\"https:\/\/ciudadconalma.es\/madrid\/wp-content\/uploads\/sites\/2\/2024\/05\/tonos-de-sofa-350x250.jpg\" data-srcset=\"https:\/\/ciudadconalma.es\/madrid\/wp-content\/uploads\/sites\/2\/2024\/05\/tonos-de-sofa-350x250.jpg 350w, https:\/\/ciudadconalma.es\/madrid\/wp-content\/uploads\/sites\/2\/2024\/05\/tonos-de-sofa-120x86.jpg 120w\" data-sizes=\"auto\" data-expand=\"700\" \/><\/div><\/a>\n                            <div class=\"jeg_post_category\">\n                                <span><a href=\"https:\/\/ciudadconalma.es\/madrid\/categoria\/decoracion\/\" class=\"category-decoracion\">Decoraci\u00f3n<\/a><\/span>\n                            <\/div>\n                        <\/div>\n                        <div class=\"jeg_postblock_content\">\n                            <h3 class=\"jeg_post_title\">\n                                <a href=\"https:\/\/ciudadconalma.es\/madrid\/los-tonos-de-sofa-que-estaran-de-moda-en-2024\/\">Los tonos de sof\u00e1 que estar\u00e1n de moda en 2024<\/a>\n                            <\/h3>\n                            <div class=\"jeg_post_meta\"><div class=\"jeg_meta_date\"><a href=\"https:\/\/ciudadconalma.es\/madrid\/los-tonos-de-sofa-que-estaran-de-moda-en-2024\/\" ><i class=\"fa fa-clock-o\"><\/i> 13 de junio de 2024<\/a><\/div><\/div>\n                        <\/div>\n                    <\/div>\n                <\/article><\/div><\/div>\n                    <div class='module-overlay'>\n\t\t\t\t    <div class='preloader_type preloader_dot'>\n\t\t\t\t        <div class=\"module-preloader jeg_preloader dot\">\n\t\t\t\t            <span><\/span><span><\/span><span><\/span>\n\t\t\t\t        <\/div>\n\t\t\t\t        <div class=\"module-preloader jeg_preloader circle\">\n\t\t\t\t            <div class=\"jnews_preloader_circle_outer\">\n\t\t\t\t                <div class=\"jnews_preloader_circle_inner\"><\/div>\n\t\t\t\t            <\/div>\n\t\t\t\t        <\/div>\n\t\t\t\t        <div class=\"module-preloader jeg_preloader square\">\n\t\t\t\t            <div class=\"jeg_square\">\n\t\t\t\t                <div class=\"jeg_square_inner\"><\/div>\n\t\t\t\t            <\/div>\n\t\t\t\t        <\/div>\n\t\t\t\t    <\/div>\n\t\t\t\t<\/div>\n                <\/div>\n                <div class=\"jeg_block_navigation\">\n                    <div class='navigation_overlay'><div class='module-preloader jeg_preloader'><span><\/span><span><\/span><span><\/span><\/div><\/div>\n                    \n                    \n                <\/div>\n\t\t\t\t\t\n\t\t\t\t\t<script>var jnews_module__7_69f45d4c2f774 = {\"header_icon\":\"\",\"first_title\":\"Decoraci\\u00f3n\",\"second_title\":\"\",\"url\":\"\",\"header_type\":\"heading_6\",\"header_background\":\"\",\"header_secondary_background\":\"\",\"header_text_color\":\"\",\"header_line_color\":\"\",\"header_accent_color\":\"\",\"header_filter_category\":\"\",\"header_filter_author\":\"\",\"header_filter_tag\":\"\",\"header_filter_text\":\"All\",\"post_type\":\"post\",\"content_type\":\"all\",\"sponsor\":\"\",\"number_post\":\"3\",\"post_offset\":\"0\",\"unique_content\":\"disable\",\"include_post\":\"\",\"included_only\":\"\",\"exclude_post\":\"\",\"include_category\":\"93\",\"exclude_category\":\"\",\"include_author\":\"\",\"include_tag\":\"\",\"exclude_tag\":\"\",\"sort_by\":\"latest\",\"date_format\":\"default\",\"date_format_custom\":\"Y\\\/m\\\/d\",\"force_normal_image_load\":\"\",\"pagination_mode\":\"disable\",\"pagination_nextprev_showtext\":\"\",\"pagination_number_post\":4,\"pagination_scroll_limit\":0,\"el_id\":\"\",\"el_class\":\"\",\"scheme\":\"\",\"column_width\":\"auto\",\"title_color\":\"\",\"accent_color\":\"\",\"alt_color\":\"\",\"excerpt_color\":\"\",\"css\":\"\",\"compatible_column_notice\":\"\",\"paged\":1,\"column_class\":\"jeg_col_2o3\",\"class\":\"jnews_block_15\"};<\/script>\n\t\t\t\t<\/div>[\/vc_column][\/vc_row][vc_row][vc_column width=\u00bb2\/3&#8243;]<div  class=\"jeg_postblock_17 jeg_postblock jeg_module_hook jeg_pagination_disable jeg_col_2o3 jnews_module__8_69f45d4c325dc   \" data-unique=\"jnews_module__8_69f45d4c325dc\">\n\t\t\t\t\t<div class=\"jeg_block_heading jeg_block_heading_6 jeg_subcat_right\">\n                     <h3 class=\"jeg_block_title\"><span>De Ruta<\/span><\/h3>\n                     \n                 <\/div>\n\t\t\t\t\t<div class=\"jeg_block_container\">\n                    \n                    <div class=\"jeg_posts_wrap\">\n                    <div class=\"jeg_posts jeg_load_more_flag\">\n                        \n                        <article class=\"jeg_post jeg_pl_md_1 format-standard\">\n                    <div class=\"jeg_thumb\">\n                        \n                        <a href=\"https:\/\/ciudadconalma.es\/madrid\/torrelodones-es-un-cruce-de-caminos\/\"><div class=\"thumbnail-container animate-lazy  size-715 \"><img width=\"750\" height=\"375\" src=\"https:\/\/ciudadconalma.es\/madrid\/wp-content\/themes\/jnews\/assets\/img\/jeg-empty.png\" class=\"attachment-jnews-750x536 size-jnews-750x536 lazyload wp-post-image\" alt=\"Torrelodones es un cruce de caminos\" decoding=\"async\" loading=\"lazy\" sizes=\"(max-width: 750px) 100vw, 750px\" data-src=\"https:\/\/ciudadconalma.es\/madrid\/wp-content\/uploads\/sites\/2\/2024\/05\/de-ruta-Torrelodones.jpg\" data-srcset=\"https:\/\/ciudadconalma.es\/madrid\/wp-content\/uploads\/sites\/2\/2024\/05\/de-ruta-Torrelodones.jpg 750w, https:\/\/ciudadconalma.es\/madrid\/wp-content\/uploads\/sites\/2\/2024\/05\/de-ruta-Torrelodones-300x150.jpg 300w, https:\/\/ciudadconalma.es\/madrid\/wp-content\/uploads\/sites\/2\/2024\/05\/de-ruta-Torrelodones-360x180.jpg 360w\" data-sizes=\"auto\" data-expand=\"700\" \/><\/div><\/a>\n                        <div class=\"jeg_post_category\">\n                            <span><a href=\"https:\/\/ciudadconalma.es\/madrid\/categoria\/de-ruta\/\" class=\"category-de-ruta\">De Ruta<\/a><\/span>\n                        <\/div>\n                    <\/div>\n                    <div class=\"jeg_postblock_content\">\n                        <h3 class=\"jeg_post_title\">\n                            <a href=\"https:\/\/ciudadconalma.es\/madrid\/torrelodones-es-un-cruce-de-caminos\/\">Torrelodones es un cruce de caminos<\/a>\n                        <\/h3>\n                        <div class=\"jeg_post_meta\"><div class=\"jeg_meta_date\"><a href=\"https:\/\/ciudadconalma.es\/madrid\/torrelodones-es-un-cruce-de-caminos\/\"><i class=\"fa fa-clock-o\"><\/i> 7 de junio de 2024<\/a><\/div><div class=\"jeg_meta_comment\"><a href=\"https:\/\/ciudadconalma.es\/madrid\/torrelodones-es-un-cruce-de-caminos\/#comments\" ><i class=\"fa fa-comment-o\"><\/i> 358 <\/a><\/div><\/div>\n                        <div class=\"jeg_post_excerpt\">\n                            <p>Torrelodones es un cruce de caminos Rodeado de una exuberante vegetaci\u00f3n y parajes de ensue\u00f1o, Torrelodones ofrece a los visitantes la oportunidad de adentrarse en un oasis verde apartado de...<\/p>\n                        <\/div>\n                    <\/div>\n                <\/article><article class=\"jeg_post jeg_pl_md_1 format-standard\">\n                    <div class=\"jeg_thumb\">\n                        \n                        <a href=\"https:\/\/ciudadconalma.es\/madrid\/de-ruta-por-cervera-de-buitrago\/\"><div class=\"thumbnail-container animate-lazy  size-715 \"><img width=\"750\" height=\"375\" src=\"https:\/\/ciudadconalma.es\/madrid\/wp-content\/themes\/jnews\/assets\/img\/jeg-empty.png\" class=\"attachment-jnews-750x536 size-jnews-750x536 lazyload wp-post-image\" alt=\"De ruta por Cervera de Buitrago\" decoding=\"async\" loading=\"lazy\" sizes=\"(max-width: 750px) 100vw, 750px\" data-src=\"https:\/\/ciudadconalma.es\/madrid\/wp-content\/uploads\/sites\/2\/2024\/05\/De-ruta-por-Cervera-de-Buitrago.jpg\" data-srcset=\"https:\/\/ciudadconalma.es\/madrid\/wp-content\/uploads\/sites\/2\/2024\/05\/De-ruta-por-Cervera-de-Buitrago.jpg 750w, https:\/\/ciudadconalma.es\/madrid\/wp-content\/uploads\/sites\/2\/2024\/05\/De-ruta-por-Cervera-de-Buitrago-300x150.jpg 300w, https:\/\/ciudadconalma.es\/madrid\/wp-content\/uploads\/sites\/2\/2024\/05\/De-ruta-por-Cervera-de-Buitrago-360x180.jpg 360w\" data-sizes=\"auto\" data-expand=\"700\" \/><\/div><\/a>\n                        <div class=\"jeg_post_category\">\n                            <span><a href=\"https:\/\/ciudadconalma.es\/madrid\/categoria\/de-ruta\/\" class=\"category-de-ruta\">De Ruta<\/a><\/span>\n                        <\/div>\n                    <\/div>\n                    <div class=\"jeg_postblock_content\">\n                        <h3 class=\"jeg_post_title\">\n                            <a href=\"https:\/\/ciudadconalma.es\/madrid\/de-ruta-por-cervera-de-buitrago\/\">De ruta por Cervera de Buitrago<\/a>\n                        <\/h3>\n                        <div class=\"jeg_post_meta\"><div class=\"jeg_meta_date\"><a href=\"https:\/\/ciudadconalma.es\/madrid\/de-ruta-por-cervera-de-buitrago\/\"><i class=\"fa fa-clock-o\"><\/i> 24 de mayo de 2024<\/a><\/div><div class=\"jeg_meta_comment\"><a href=\"https:\/\/ciudadconalma.es\/madrid\/de-ruta-por-cervera-de-buitrago\/#comments\" ><i class=\"fa fa-comment-o\"><\/i> 344 <\/a><\/div><\/div>\n                        <div class=\"jeg_post_excerpt\">\n                            <p>De ruta por Cervera de Buitrago Cervera de Buitrago est\u00e1 ubicado a unos 80 kil\u00f3metros al norte de Madrid, dentro de la regi\u00f3n de la Sierra Norte de la Comunidad...<\/p>\n                        <\/div>\n                    <\/div>\n                <\/article><article class=\"jeg_post jeg_pl_sm format-standard\">\n                    <div class=\"jeg_thumb\">\n                        \n                        <a href=\"https:\/\/ciudadconalma.es\/madrid\/de-ruta-por-san-lorenzo-de-el-escorial\/\"><div class=\"thumbnail-container animate-lazy  size-715 \"><img width=\"120\" height=\"86\" src=\"https:\/\/ciudadconalma.es\/madrid\/wp-content\/themes\/jnews\/assets\/img\/jeg-empty.png\" class=\"attachment-jnews-120x86 size-jnews-120x86 lazyload wp-post-image\" alt=\"San Lorenzo de El Escorial\" decoding=\"async\" loading=\"lazy\" sizes=\"(max-width: 120px) 100vw, 120px\" data-src=\"https:\/\/ciudadconalma.es\/madrid\/wp-content\/uploads\/sites\/2\/2024\/04\/De-ruta-San-Lorenzo-de-El-Escorial-120x86.jpg\" data-srcset=\"https:\/\/ciudadconalma.es\/madrid\/wp-content\/uploads\/sites\/2\/2024\/04\/De-ruta-San-Lorenzo-de-El-Escorial-120x86.jpg 120w, https:\/\/ciudadconalma.es\/madrid\/wp-content\/uploads\/sites\/2\/2024\/04\/De-ruta-San-Lorenzo-de-El-Escorial-350x250.jpg 350w\" data-sizes=\"auto\" data-expand=\"700\" \/><\/div><\/a>\n                        \n                    <\/div>\n                    <div class=\"jeg_postblock_content\">\n                        <h3 class=\"jeg_post_title\">\n                            <a href=\"https:\/\/ciudadconalma.es\/madrid\/de-ruta-por-san-lorenzo-de-el-escorial\/\">De ruta por San Lorenzo de El Escorial<\/a>\n                        <\/h3>\n                        <div class=\"jeg_post_meta\"><div class=\"jeg_meta_date\"><a href=\"https:\/\/ciudadconalma.es\/madrid\/de-ruta-por-san-lorenzo-de-el-escorial\/\" ><i class=\"fa fa-clock-o\"><\/i> 12 de abril de 2024<\/a><\/div><\/div>\n                    <\/div>\n                <\/article><article class=\"jeg_post jeg_pl_sm format-standard\">\n                    <div class=\"jeg_thumb\">\n                        \n                        <a href=\"https:\/\/ciudadconalma.es\/madrid\/de-ruta-por-manzanares-el-real\/\"><div class=\"thumbnail-container animate-lazy  size-715 \"><img width=\"120\" height=\"86\" src=\"https:\/\/ciudadconalma.es\/madrid\/wp-content\/themes\/jnews\/assets\/img\/jeg-empty.png\" class=\"attachment-jnews-120x86 size-jnews-120x86 lazyload wp-post-image\" alt=\"De Ruta por Manzanares El Real\" decoding=\"async\" loading=\"lazy\" sizes=\"(max-width: 120px) 100vw, 120px\" data-src=\"https:\/\/ciudadconalma.es\/madrid\/wp-content\/uploads\/sites\/2\/2023\/11\/Manzanares-El-Real-120x86.jpg\" data-srcset=\"https:\/\/ciudadconalma.es\/madrid\/wp-content\/uploads\/sites\/2\/2023\/11\/Manzanares-El-Real-120x86.jpg 120w, https:\/\/ciudadconalma.es\/madrid\/wp-content\/uploads\/sites\/2\/2023\/11\/Manzanares-El-Real-350x250.jpg 350w\" data-sizes=\"auto\" data-expand=\"700\" \/><\/div><\/a>\n                        \n                    <\/div>\n                    <div class=\"jeg_postblock_content\">\n                        <h3 class=\"jeg_post_title\">\n                            <a href=\"https:\/\/ciudadconalma.es\/madrid\/de-ruta-por-manzanares-el-real\/\">De Ruta por Manzanares El Real<\/a>\n                        <\/h3>\n                        <div class=\"jeg_post_meta\"><div class=\"jeg_meta_date\"><a href=\"https:\/\/ciudadconalma.es\/madrid\/de-ruta-por-manzanares-el-real\/\" ><i class=\"fa fa-clock-o\"><\/i> 10 de noviembre de 2023<\/a><\/div><\/div>\n                    <\/div>\n                <\/article>\n                    <\/div>\n                <\/div>\n                    <div class='module-overlay'>\n\t\t\t\t    <div class='preloader_type preloader_dot'>\n\t\t\t\t        <div class=\"module-preloader jeg_preloader dot\">\n\t\t\t\t            <span><\/span><span><\/span><span><\/span>\n\t\t\t\t        <\/div>\n\t\t\t\t        <div class=\"module-preloader jeg_preloader circle\">\n\t\t\t\t            <div class=\"jnews_preloader_circle_outer\">\n\t\t\t\t                <div class=\"jnews_preloader_circle_inner\"><\/div>\n\t\t\t\t            <\/div>\n\t\t\t\t        <\/div>\n\t\t\t\t        <div class=\"module-preloader jeg_preloader square\">\n\t\t\t\t            <div class=\"jeg_square\">\n\t\t\t\t                <div class=\"jeg_square_inner\"><\/div>\n\t\t\t\t            <\/div>\n\t\t\t\t        <\/div>\n\t\t\t\t    <\/div>\n\t\t\t\t<\/div>\n                <\/div>\n                <div class=\"jeg_block_navigation\">\n                    <div class='navigation_overlay'><div class='module-preloader jeg_preloader'><span><\/span><span><\/span><span><\/span><\/div><\/div>\n                    \n                    \n                <\/div>\n\t\t\t\t\t\n\t\t\t\t\t<script>var jnews_module__8_69f45d4c325dc = {\"header_icon\":\"\",\"first_title\":\"De Ruta\",\"second_title\":\"\",\"url\":\"\",\"header_type\":\"heading_6\",\"header_background\":\"\",\"header_secondary_background\":\"\",\"header_text_color\":\"\",\"header_line_color\":\"\",\"header_accent_color\":\"\",\"header_filter_category\":\"\",\"header_filter_author\":\"\",\"header_filter_tag\":\"\",\"header_filter_text\":\"All\",\"post_type\":\"post\",\"content_type\":\"all\",\"sponsor\":\"\",\"number_post\":\"4\",\"post_offset\":\"0\",\"unique_content\":\"unique1\",\"include_post\":\"\",\"included_only\":\"\",\"exclude_post\":\"1863,1791,1683,1651\",\"include_category\":\"16\",\"exclude_category\":\"\",\"include_author\":\"\",\"include_tag\":\"\",\"exclude_tag\":\"\",\"sort_by\":\"latest\",\"date_format\":\"default\",\"date_format_custom\":\"Y\\\/m\\\/d\",\"excerpt_length\":\"30\",\"excerpt_ellipsis\":\"...\",\"force_normal_image_load\":\"\",\"pagination_mode\":\"disable\",\"pagination_nextprev_showtext\":\"\",\"pagination_number_post\":4,\"pagination_scroll_limit\":0,\"boxed\":\"\",\"boxed_shadow\":\"\",\"el_id\":\"\",\"el_class\":\"\",\"scheme\":\"\",\"column_width\":\"auto\",\"title_color\":\"\",\"accent_color\":\"\",\"alt_color\":\"\",\"excerpt_color\":\"\",\"css\":\"\",\"compatible_column_notice\":\"\",\"paged\":1,\"column_class\":\"jeg_col_2o3\",\"class\":\"jnews_block_17\"};<\/script>\n\t\t\t\t<\/div>[\/vc_column][vc_column width=\u00bb1\/3&#8243; sticky_sidebar=\u00bbyes\u00bb set_as_sidebar=\u00bbyes\u00bb][vc_single_image image=\u00bb439&#8243; img_size=\u00bbfull\u00bb alignment=\u00bbcenter\u00bb onclick=\u00bbcustom_link\u00bb img_link_target=\u00bb_blank\u00bb link=\u00bbhttps:\/\/grupoplumagica.com\/holograma-comunicacion\/\u00bb][\/vc_column][\/vc_row][vc_row][vc_column sticky_sidebar=\u00bbyes\u00bb set_as_sidebar=\u00bbyes\u00bb]<div  class=\"jeg_postblock_15 jeg_postblock jeg_module_hook jeg_pagination_disable jeg_col_2o3 jnews_module__9_69f45d4c35d3b   \" data-unique=\"jnews_module__9_69f45d4c35d3b\">\n\t\t\t\t\t<div class=\"jeg_block_heading jeg_block_heading_6 jeg_subcat_right\">\n                     <h3 class=\"jeg_block_title\"><span>Ocio<\/span><\/h3>\n                     \n                 <\/div>\n\t\t\t\t\t<div class=\"jeg_block_container\">\n                    \n                    <div class=\"jeg_posts_wrap\"><div class=\"jeg_posts jeg_load_more_flag\"><article class=\"jeg_post jeg_pl_md_box format-standard\">\n                    <div class=\"box_wrap\">\n                        <div class=\"jeg_thumb\">\n                            \n                            <a href=\"https:\/\/ciudadconalma.es\/madrid\/llega-algo-inesperado-la-deseada-cita-musical-sorpresa-de-veranos-de-la-villa\/\"><div class=\"thumbnail-container animate-lazy  size-715 \"><img width=\"350\" height=\"250\" src=\"https:\/\/ciudadconalma.es\/madrid\/wp-content\/themes\/jnews\/assets\/img\/jeg-empty.png\" class=\"attachment-jnews-350x250 size-jnews-350x250 lazyload wp-post-image\" alt=\"Veranos de la Villa\" decoding=\"async\" loading=\"lazy\" sizes=\"(max-width: 350px) 100vw, 350px\" data-src=\"https:\/\/ciudadconalma.es\/madrid\/wp-content\/uploads\/sites\/2\/2024\/08\/Veranos-de-la-Villa-350x250.jpg\" data-srcset=\"https:\/\/ciudadconalma.es\/madrid\/wp-content\/uploads\/sites\/2\/2024\/08\/Veranos-de-la-Villa-350x250.jpg 350w, https:\/\/ciudadconalma.es\/madrid\/wp-content\/uploads\/sites\/2\/2024\/08\/Veranos-de-la-Villa-120x86.jpg 120w\" data-sizes=\"auto\" data-expand=\"700\" \/><\/div><\/a>\n                            <div class=\"jeg_post_category\">\n                                <span><a href=\"https:\/\/ciudadconalma.es\/madrid\/categoria\/ocio\/\" class=\"category-ocio\">Ocio<\/a><\/span>\n                            <\/div>\n                        <\/div>\n                        <div class=\"jeg_postblock_content\">\n                            <h3 class=\"jeg_post_title\">\n                                <a href=\"https:\/\/ciudadconalma.es\/madrid\/llega-algo-inesperado-la-deseada-cita-musical-sorpresa-de-veranos-de-la-villa\/\">Llega Algo inesperado, la deseada cita musical sorpresa de Veranos de la Villa<\/a>\n                            <\/h3>\n                            <div class=\"jeg_post_meta\"><div class=\"jeg_meta_date\"><a href=\"https:\/\/ciudadconalma.es\/madrid\/llega-algo-inesperado-la-deseada-cita-musical-sorpresa-de-veranos-de-la-villa\/\" ><i class=\"fa fa-clock-o\"><\/i> 9 de agosto de 2024<\/a><\/div><\/div>\n                        <\/div>\n                    <\/div>\n                <\/article><article class=\"jeg_post jeg_pl_md_box format-standard\">\n                    <div class=\"box_wrap\">\n                        <div class=\"jeg_thumb\">\n                            \n                            <a href=\"https:\/\/ciudadconalma.es\/madrid\/habitat-madrid-abre-la-inscripcion-de-sus-actividades-gratuitas-de-ocio-y-educacion-ambiental-para-agosto-y-septiembre\/\"><div class=\"thumbnail-container animate-lazy  size-715 \"><img width=\"350\" height=\"250\" src=\"https:\/\/ciudadconalma.es\/madrid\/wp-content\/themes\/jnews\/assets\/img\/jeg-empty.png\" class=\"attachment-jnews-350x250 size-jnews-350x250 lazyload wp-post-image\" alt=\"H\u00e1bitat Madrid\" decoding=\"async\" loading=\"lazy\" sizes=\"(max-width: 350px) 100vw, 350px\" data-src=\"https:\/\/ciudadconalma.es\/madrid\/wp-content\/uploads\/sites\/2\/2024\/07\/Habitat-Madrid-350x250.jpg\" data-srcset=\"https:\/\/ciudadconalma.es\/madrid\/wp-content\/uploads\/sites\/2\/2024\/07\/Habitat-Madrid-350x250.jpg 350w, https:\/\/ciudadconalma.es\/madrid\/wp-content\/uploads\/sites\/2\/2024\/07\/Habitat-Madrid-120x86.jpg 120w\" data-sizes=\"auto\" data-expand=\"700\" \/><\/div><\/a>\n                            <div class=\"jeg_post_category\">\n                                <span><a href=\"https:\/\/ciudadconalma.es\/madrid\/categoria\/ocio\/\" class=\"category-ocio\">Ocio<\/a><\/span>\n                            <\/div>\n                        <\/div>\n                        <div class=\"jeg_postblock_content\">\n                            <h3 class=\"jeg_post_title\">\n                                <a href=\"https:\/\/ciudadconalma.es\/madrid\/habitat-madrid-abre-la-inscripcion-de-sus-actividades-gratuitas-de-ocio-y-educacion-ambiental-para-agosto-y-septiembre\/\">H\u00e1bitat Madrid abre la inscripci\u00f3n de sus actividades gratuitas de ocio y educaci\u00f3n ambiental para agosto y septiembre<\/a>\n                            <\/h3>\n                            <div class=\"jeg_post_meta\"><div class=\"jeg_meta_date\"><a href=\"https:\/\/ciudadconalma.es\/madrid\/habitat-madrid-abre-la-inscripcion-de-sus-actividades-gratuitas-de-ocio-y-educacion-ambiental-para-agosto-y-septiembre\/\" ><i class=\"fa fa-clock-o\"><\/i> 1 de agosto de 2024<\/a><\/div><\/div>\n                        <\/div>\n                    <\/div>\n                <\/article><article class=\"jeg_post jeg_pl_md_box format-standard\">\n                    <div class=\"box_wrap\">\n                        <div class=\"jeg_thumb\">\n                            \n                            <a href=\"https:\/\/ciudadconalma.es\/madrid\/el-flamenco-banda-sonora-de-los-veranos-de-la-villa\/\"><div class=\"thumbnail-container animate-lazy  size-715 \"><img width=\"350\" height=\"250\" src=\"https:\/\/ciudadconalma.es\/madrid\/wp-content\/themes\/jnews\/assets\/img\/jeg-empty.png\" class=\"attachment-jnews-350x250 size-jnews-350x250 lazyload wp-post-image\" alt=\"flamenco\" decoding=\"async\" loading=\"lazy\" sizes=\"(max-width: 350px) 100vw, 350px\" data-src=\"https:\/\/ciudadconalma.es\/madrid\/wp-content\/uploads\/sites\/2\/2024\/07\/naturalmente-flamenco-350x250.jpg\" data-srcset=\"https:\/\/ciudadconalma.es\/madrid\/wp-content\/uploads\/sites\/2\/2024\/07\/naturalmente-flamenco-350x250.jpg 350w, https:\/\/ciudadconalma.es\/madrid\/wp-content\/uploads\/sites\/2\/2024\/07\/naturalmente-flamenco-120x86.jpg 120w\" data-sizes=\"auto\" data-expand=\"700\" \/><\/div><\/a>\n                            <div class=\"jeg_post_category\">\n                                <span><a href=\"https:\/\/ciudadconalma.es\/madrid\/categoria\/ocio\/\" class=\"category-ocio\">Ocio<\/a><\/span>\n                            <\/div>\n                        <\/div>\n                        <div class=\"jeg_postblock_content\">\n                            <h3 class=\"jeg_post_title\">\n                                <a href=\"https:\/\/ciudadconalma.es\/madrid\/el-flamenco-banda-sonora-de-los-veranos-de-la-villa\/\">El flamenco, banda sonora de los Veranos de la Villa<\/a>\n                            <\/h3>\n                            <div class=\"jeg_post_meta\"><div class=\"jeg_meta_date\"><a href=\"https:\/\/ciudadconalma.es\/madrid\/el-flamenco-banda-sonora-de-los-veranos-de-la-villa\/\" ><i class=\"fa fa-clock-o\"><\/i> 29 de julio de 2024<\/a><\/div><\/div>\n                        <\/div>\n                    <\/div>\n                <\/article><\/div><\/div>\n                    <div class='module-overlay'>\n\t\t\t\t    <div class='preloader_type preloader_dot'>\n\t\t\t\t        <div class=\"module-preloader jeg_preloader dot\">\n\t\t\t\t            <span><\/span><span><\/span><span><\/span>\n\t\t\t\t        <\/div>\n\t\t\t\t        <div class=\"module-preloader jeg_preloader circle\">\n\t\t\t\t            <div class=\"jnews_preloader_circle_outer\">\n\t\t\t\t                <div class=\"jnews_preloader_circle_inner\"><\/div>\n\t\t\t\t            <\/div>\n\t\t\t\t        <\/div>\n\t\t\t\t        <div class=\"module-preloader jeg_preloader square\">\n\t\t\t\t            <div class=\"jeg_square\">\n\t\t\t\t                <div class=\"jeg_square_inner\"><\/div>\n\t\t\t\t            <\/div>\n\t\t\t\t        <\/div>\n\t\t\t\t    <\/div>\n\t\t\t\t<\/div>\n                <\/div>\n                <div class=\"jeg_block_navigation\">\n                    <div class='navigation_overlay'><div class='module-preloader jeg_preloader'><span><\/span><span><\/span><span><\/span><\/div><\/div>\n                    \n                    \n                <\/div>\n\t\t\t\t\t\n\t\t\t\t\t<script>var jnews_module__9_69f45d4c35d3b = {\"header_icon\":\"\",\"first_title\":\"Ocio\",\"second_title\":\"\",\"url\":\"\",\"header_type\":\"heading_6\",\"header_background\":\"\",\"header_secondary_background\":\"\",\"header_text_color\":\"\",\"header_line_color\":\"\",\"header_accent_color\":\"\",\"header_filter_category\":\"\",\"header_filter_author\":\"\",\"header_filter_tag\":\"\",\"header_filter_text\":\"All\",\"post_type\":\"post\",\"content_type\":\"all\",\"sponsor\":\"\",\"number_post\":\"3\",\"post_offset\":\"0\",\"unique_content\":\"disable\",\"include_post\":\"\",\"included_only\":\"\",\"exclude_post\":\"\",\"include_category\":\"13\",\"exclude_category\":\"\",\"include_author\":\"\",\"include_tag\":\"\",\"exclude_tag\":\"\",\"sort_by\":\"latest\",\"date_format\":\"default\",\"date_format_custom\":\"Y\\\/m\\\/d\",\"force_normal_image_load\":\"\",\"pagination_mode\":\"disable\",\"pagination_nextprev_showtext\":\"\",\"pagination_number_post\":4,\"pagination_scroll_limit\":0,\"el_id\":\"\",\"el_class\":\"\",\"scheme\":\"\",\"column_width\":\"auto\",\"title_color\":\"\",\"accent_color\":\"\",\"alt_color\":\"\",\"excerpt_color\":\"\",\"css\":\"\",\"compatible_column_notice\":\"\",\"paged\":1,\"column_class\":\"jeg_col_2o3\",\"class\":\"jnews_block_15\"};<\/script>\n\t\t\t\t<\/div>[\/vc_column][\/vc_row][vc_row][vc_column][vc_single_image image=\u00bb221&#8243; img_size=\u00bbfull\u00bb alignment=\u00bbcenter\u00bb onclick=\u00bbcustom_link\u00bb img_link_target=\u00bb_blank\u00bb link=\u00bbhttps:\/\/grupoplumagica.com\/\u00bb][\/vc_column][\/vc_row][vc_row][vc_column width=\u00bb1\/3&#8243; sticky_sidebar=\u00bbyes\u00bb set_as_sidebar=\u00bbyes\u00bb][vc_single_image image=\u00bb196&#8243; img_size=\u00bbfull\u00bb alignment=\u00bbcenter\u00bb onclick=\u00bbcustom_link\u00bb img_link_target=\u00bb_blank\u00bb link=\u00bbhttps:\/\/grupoplumagica.com\/holograma-comunicacion\/\u00bb][\/vc_column][vc_column width=\u00bb2\/3&#8243;]<div  class=\"jeg_postblock_4 jeg_postblock jeg_module_hook jeg_pagination_disable jeg_col_2o3 jnews_module__10_69f45d4c45bea   \" data-unique=\"jnews_module__10_69f45d4c45bea\">\n\t\t\t\t\t<div class=\"jeg_block_heading jeg_block_heading_6 jeg_subcat_right\">\n                     <h3 class=\"jeg_block_title\"><span>Restauraci\u00f3n<\/span><\/h3>\n                     \n                 <\/div>\n\t\t\t\t\t<div class=\"jeg_posts jeg_block_container\">\n                    \n                    <div class=\"jeg_posts jeg_load_more_flag\"><article class=\"jeg_post jeg_pl_md_3 format-standard\">\n                    <div class=\"jeg_thumb\">\n                        \n                        <a href=\"https:\/\/ciudadconalma.es\/madrid\/los-12-alimentos-imprescindibles-del-verano\/\"><div class=\"thumbnail-container animate-lazy  size-715 \"><img width=\"350\" height=\"250\" src=\"https:\/\/ciudadconalma.es\/madrid\/wp-content\/themes\/jnews\/assets\/img\/jeg-empty.png\" class=\"attachment-jnews-350x250 size-jnews-350x250 lazyload wp-post-image\" alt=\"alimentos imprescindibles del verano\" decoding=\"async\" loading=\"lazy\" sizes=\"(max-width: 350px) 100vw, 350px\" data-src=\"https:\/\/ciudadconalma.es\/madrid\/wp-content\/uploads\/sites\/2\/2024\/07\/alimentos-imprescindibles-del-verano-350x250.jpg\" data-srcset=\"https:\/\/ciudadconalma.es\/madrid\/wp-content\/uploads\/sites\/2\/2024\/07\/alimentos-imprescindibles-del-verano-350x250.jpg 350w, https:\/\/ciudadconalma.es\/madrid\/wp-content\/uploads\/sites\/2\/2024\/07\/alimentos-imprescindibles-del-verano-120x86.jpg 120w\" data-sizes=\"auto\" data-expand=\"700\" \/><\/div><\/a>\n                    <\/div>\n                    <div class=\"jeg_postblock_content\">\n                        <h3 class=\"jeg_post_title\">\n                            <a href=\"https:\/\/ciudadconalma.es\/madrid\/los-12-alimentos-imprescindibles-del-verano\/\">Los 12 alimentos imprescindibles del verano<\/a>\n                        <\/h3>\n                        <div class=\"jeg_post_meta\"><div class=\"jeg_meta_date\"><a href=\"https:\/\/ciudadconalma.es\/madrid\/los-12-alimentos-imprescindibles-del-verano\/\"><i class=\"fa fa-clock-o\"><\/i> 18 de julio de 2024<\/a><\/div><div class=\"jeg_meta_comment\"><a href=\"https:\/\/ciudadconalma.es\/madrid\/los-12-alimentos-imprescindibles-del-verano\/#comments\" ><i class=\"fa fa-comment-o\"><\/i> 413 <\/a><\/div><\/div>\n                        <div class=\"jeg_post_excerpt\">\n                            <p>Los 12 alimentos imprescindibles del verano \u00a1Por fin es verano! vacaciones, jornadas maratonianas de playa y piscina, d\u00edas largos, soleados,...<\/p>\n                        <\/div>\n                    <\/div>\n                <\/article><article class=\"jeg_post jeg_pl_md_3 format-standard\">\n                    <div class=\"jeg_thumb\">\n                        \n                        <a href=\"https:\/\/ciudadconalma.es\/madrid\/8-beneficios-del-helado-artesanal\/\"><div class=\"thumbnail-container animate-lazy  size-715 \"><img width=\"350\" height=\"250\" src=\"https:\/\/ciudadconalma.es\/madrid\/wp-content\/themes\/jnews\/assets\/img\/jeg-empty.png\" class=\"attachment-jnews-350x250 size-jnews-350x250 lazyload wp-post-image\" alt=\"helado artesanal\" decoding=\"async\" loading=\"lazy\" sizes=\"(max-width: 350px) 100vw, 350px\" data-src=\"https:\/\/ciudadconalma.es\/madrid\/wp-content\/uploads\/sites\/2\/2024\/06\/beneficios-del-helado-artesanal-350x250.jpg\" data-srcset=\"https:\/\/ciudadconalma.es\/madrid\/wp-content\/uploads\/sites\/2\/2024\/06\/beneficios-del-helado-artesanal-350x250.jpg 350w, https:\/\/ciudadconalma.es\/madrid\/wp-content\/uploads\/sites\/2\/2024\/06\/beneficios-del-helado-artesanal-120x86.jpg 120w\" data-sizes=\"auto\" data-expand=\"700\" \/><\/div><\/a>\n                    <\/div>\n                    <div class=\"jeg_postblock_content\">\n                        <h3 class=\"jeg_post_title\">\n                            <a href=\"https:\/\/ciudadconalma.es\/madrid\/8-beneficios-del-helado-artesanal\/\">8 Beneficios del helado artesanal<\/a>\n                        <\/h3>\n                        <div class=\"jeg_post_meta\"><div class=\"jeg_meta_date\"><a href=\"https:\/\/ciudadconalma.es\/madrid\/8-beneficios-del-helado-artesanal\/\"><i class=\"fa fa-clock-o\"><\/i> 2 de julio de 2024<\/a><\/div><div class=\"jeg_meta_comment\"><a href=\"https:\/\/ciudadconalma.es\/madrid\/8-beneficios-del-helado-artesanal\/#comments\" ><i class=\"fa fa-comment-o\"><\/i> 350 <\/a><\/div><\/div>\n                        <div class=\"jeg_post_excerpt\">\n                            <p>8 Beneficios del helado artesanal La calidad de un helado debe medirse tanto por sus ingredientes como por su proceso...<\/p>\n                        <\/div>\n                    <\/div>\n                <\/article><article class=\"jeg_post jeg_pl_md_3 format-standard\">\n                    <div class=\"jeg_thumb\">\n                        \n                        <a href=\"https:\/\/ciudadconalma.es\/madrid\/consejos-para-acabar-con-el-deshecho-de-alimentos\/\"><div class=\"thumbnail-container animate-lazy  size-715 \"><img width=\"350\" height=\"250\" src=\"https:\/\/ciudadconalma.es\/madrid\/wp-content\/themes\/jnews\/assets\/img\/jeg-empty.png\" class=\"attachment-jnews-350x250 size-jnews-350x250 lazyload wp-post-image\" alt=\"deshecho de alimentos\" decoding=\"async\" loading=\"lazy\" sizes=\"(max-width: 350px) 100vw, 350px\" data-src=\"https:\/\/ciudadconalma.es\/madrid\/wp-content\/uploads\/sites\/2\/2024\/06\/desecho-de-alimentos-350x250.jpg\" data-srcset=\"https:\/\/ciudadconalma.es\/madrid\/wp-content\/uploads\/sites\/2\/2024\/06\/desecho-de-alimentos-350x250.jpg 350w, https:\/\/ciudadconalma.es\/madrid\/wp-content\/uploads\/sites\/2\/2024\/06\/desecho-de-alimentos-120x86.jpg 120w\" data-sizes=\"auto\" data-expand=\"700\" \/><\/div><\/a>\n                    <\/div>\n                    <div class=\"jeg_postblock_content\">\n                        <h3 class=\"jeg_post_title\">\n                            <a href=\"https:\/\/ciudadconalma.es\/madrid\/consejos-para-acabar-con-el-deshecho-de-alimentos\/\">Consejos para acabar con el deshecho de alimentos<\/a>\n                        <\/h3>\n                        <div class=\"jeg_post_meta\"><div class=\"jeg_meta_date\"><a href=\"https:\/\/ciudadconalma.es\/madrid\/consejos-para-acabar-con-el-deshecho-de-alimentos\/\"><i class=\"fa fa-clock-o\"><\/i> 19 de junio de 2024<\/a><\/div><div class=\"jeg_meta_comment\"><a href=\"https:\/\/ciudadconalma.es\/madrid\/consejos-para-acabar-con-el-deshecho-de-alimentos\/#comments\" ><i class=\"fa fa-comment-o\"><\/i> 351 <\/a><\/div><\/div>\n                        <div class=\"jeg_post_excerpt\">\n                            <p>Consejos para acabar con el deshecho de alimentos Estudios recientes aseguran que en la Uni\u00f3n Europea se desperdician cada a\u00f1o...<\/p>\n                        <\/div>\n                    <\/div>\n                <\/article><\/div>\n                    <div class='module-overlay'>\n\t\t\t\t    <div class='preloader_type preloader_dot'>\n\t\t\t\t        <div class=\"module-preloader jeg_preloader dot\">\n\t\t\t\t            <span><\/span><span><\/span><span><\/span>\n\t\t\t\t        <\/div>\n\t\t\t\t        <div class=\"module-preloader jeg_preloader circle\">\n\t\t\t\t            <div class=\"jnews_preloader_circle_outer\">\n\t\t\t\t                <div class=\"jnews_preloader_circle_inner\"><\/div>\n\t\t\t\t            <\/div>\n\t\t\t\t        <\/div>\n\t\t\t\t        <div class=\"module-preloader jeg_preloader square\">\n\t\t\t\t            <div class=\"jeg_square\">\n\t\t\t\t                <div class=\"jeg_square_inner\"><\/div>\n\t\t\t\t            <\/div>\n\t\t\t\t        <\/div>\n\t\t\t\t    <\/div>\n\t\t\t\t<\/div>\n                <\/div>\n                <div class=\"jeg_block_navigation\">\n                    <div class='navigation_overlay'><div class='module-preloader jeg_preloader'><span><\/span><span><\/span><span><\/span><\/div><\/div>\n                    \n                    \n                <\/div>\n\t\t\t\t\t\n\t\t\t\t\t<script>var jnews_module__10_69f45d4c45bea = {\"header_icon\":\"\",\"first_title\":\"Restauraci\\u00f3n\",\"second_title\":\"\",\"url\":\"\",\"header_type\":\"heading_6\",\"header_background\":\"\",\"header_secondary_background\":\"\",\"header_text_color\":\"\",\"header_line_color\":\"\",\"header_accent_color\":\"\",\"header_filter_category\":\"\",\"header_filter_author\":\"\",\"header_filter_tag\":\"\",\"header_filter_text\":\"All\",\"post_type\":\"post\",\"content_type\":\"all\",\"sponsor\":\"\",\"number_post\":\"3\",\"post_offset\":\"0\",\"unique_content\":\"disable\",\"include_post\":\"\",\"included_only\":\"\",\"exclude_post\":\"\",\"include_category\":\"14\",\"exclude_category\":\"\",\"include_author\":\"\",\"include_tag\":\"\",\"exclude_tag\":\"\",\"sort_by\":\"latest\",\"date_format\":\"default\",\"date_format_custom\":\"Y\\\/m\\\/d\",\"excerpt_length\":\"20\",\"excerpt_ellipsis\":\"...\",\"force_normal_image_load\":\"\",\"pagination_mode\":\"disable\",\"pagination_nextprev_showtext\":\"\",\"pagination_number_post\":4,\"pagination_scroll_limit\":0,\"ads_type\":\"disable\",\"ads_position\":1,\"ads_random\":\"\",\"ads_image\":\"\",\"ads_image_tablet\":\"\",\"ads_image_phone\":\"\",\"ads_image_link\":\"\",\"ads_image_alt\":\"\",\"ads_image_new_tab\":\"\",\"google_publisher_id\":\"\",\"google_slot_id\":\"\",\"google_desktop\":\"auto\",\"google_tab\":\"auto\",\"google_phone\":\"auto\",\"content\":\"\",\"ads_bottom_text\":\"\",\"boxed\":\"\",\"boxed_shadow\":\"\",\"el_id\":\"\",\"el_class\":\"\",\"scheme\":\"\",\"column_width\":\"auto\",\"title_color\":\"\",\"accent_color\":\"\",\"alt_color\":\"\",\"excerpt_color\":\"\",\"css\":\"\",\"compatible_column_notice\":\"\",\"paged\":1,\"column_class\":\"jeg_col_2o3\",\"class\":\"jnews_block_4\"};<\/script>\n\t\t\t\t<\/div>[\/vc_column][\/vc_row][vc_row disable_element=\u00bbyes\u00bb vc_row_background=\u00bb\u00bb][vc_column]<div  class=\"jeg_postblock_carousel jeg_postblock_carousel_2 jeg_postblock jeg_col_8 jnews_module__11_69f45d4c49b5c  \">\n                    <div class=\"jeg_carousel_post\" data-nav='true' data-autoplay='true' data-delay='3500' data-items='3' data-margin='4' data-lazyload='1'>\n                        <div class=\"jeg_post_wrapper\">\n\t\t\t\t<article class=\"jeg_post format-standard\">\n                    <div class=\"jeg_thumb\">\n                        \n                        <a href=\"https:\/\/ciudadconalma.es\/madrid\/los-12-alimentos-imprescindibles-del-verano\/\" ><div class=\"thumbnail-container animate-lazy  size-715 \"><img width=\"350\" height=\"250\" src=\"https:\/\/ciudadconalma.es\/madrid\/wp-content\/themes\/jnews\/assets\/img\/jeg-empty.png\" class=\"attachment-jnews-350x250 size-jnews-350x250 lazyload wp-post-image\" alt=\"alimentos imprescindibles del verano\" decoding=\"async\" loading=\"lazy\" sizes=\"(max-width: 350px) 100vw, 350px\" data-src=\"https:\/\/ciudadconalma.es\/madrid\/wp-content\/uploads\/sites\/2\/2024\/07\/alimentos-imprescindibles-del-verano-350x250.jpg\" data-srcset=\"https:\/\/ciudadconalma.es\/madrid\/wp-content\/uploads\/sites\/2\/2024\/07\/alimentos-imprescindibles-del-verano-350x250.jpg 350w, https:\/\/ciudadconalma.es\/madrid\/wp-content\/uploads\/sites\/2\/2024\/07\/alimentos-imprescindibles-del-verano-120x86.jpg 120w\" data-sizes=\"auto\" data-expand=\"700\" \/><\/div><\/a>\n                    <\/div>\n                    <div class=\"overlay_content\">\n                        <div class=\"jeg_postblock_content\">\n                            <div class=\"jeg_post_category\"><a href=\"https:\/\/ciudadconalma.es\/madrid\/categoria\/restauracion\/\" class=\"category-restauracion\">Restauraci\u00f3n<\/a><\/div>\n                            <h3 class=\"jeg_post_title\"><a href=\"https:\/\/ciudadconalma.es\/madrid\/los-12-alimentos-imprescindibles-del-verano\/\">Los 12 alimentos imprescindibles del verano<\/a><\/h3>\n                            <div class=\"jeg_post_meta\"><div class=\"jeg_meta_date\"><a href=\"https:\/\/ciudadconalma.es\/madrid\/los-12-alimentos-imprescindibles-del-verano\/\" ><i class=\"fa fa-clock-o\"><\/i> 18 de julio de 2024<\/a><\/div><\/div>\n                        <\/div>\n                    <\/div>\n\t\t\t\t<\/article>\n\t\t\t\t<\/div><div class=\"jeg_post_wrapper\">\n\t\t\t\t<article class=\"jeg_post format-standard\">\n                    <div class=\"jeg_thumb\">\n                        \n                        <a href=\"https:\/\/ciudadconalma.es\/madrid\/8-beneficios-del-helado-artesanal\/\" ><div class=\"thumbnail-container animate-lazy  size-715 \"><img width=\"350\" height=\"250\" src=\"https:\/\/ciudadconalma.es\/madrid\/wp-content\/themes\/jnews\/assets\/img\/jeg-empty.png\" class=\"attachment-jnews-350x250 size-jnews-350x250 lazyload wp-post-image\" alt=\"helado artesanal\" decoding=\"async\" loading=\"lazy\" sizes=\"(max-width: 350px) 100vw, 350px\" data-src=\"https:\/\/ciudadconalma.es\/madrid\/wp-content\/uploads\/sites\/2\/2024\/06\/beneficios-del-helado-artesanal-350x250.jpg\" data-srcset=\"https:\/\/ciudadconalma.es\/madrid\/wp-content\/uploads\/sites\/2\/2024\/06\/beneficios-del-helado-artesanal-350x250.jpg 350w, https:\/\/ciudadconalma.es\/madrid\/wp-content\/uploads\/sites\/2\/2024\/06\/beneficios-del-helado-artesanal-120x86.jpg 120w\" data-sizes=\"auto\" data-expand=\"700\" \/><\/div><\/a>\n                    <\/div>\n                    <div class=\"overlay_content\">\n                        <div class=\"jeg_postblock_content\">\n                            <div class=\"jeg_post_category\"><a href=\"https:\/\/ciudadconalma.es\/madrid\/categoria\/restauracion\/\" class=\"category-restauracion\">Restauraci\u00f3n<\/a><\/div>\n                            <h3 class=\"jeg_post_title\"><a href=\"https:\/\/ciudadconalma.es\/madrid\/8-beneficios-del-helado-artesanal\/\">8 Beneficios del helado artesanal<\/a><\/h3>\n                            <div class=\"jeg_post_meta\"><div class=\"jeg_meta_date\"><a href=\"https:\/\/ciudadconalma.es\/madrid\/8-beneficios-del-helado-artesanal\/\" ><i class=\"fa fa-clock-o\"><\/i> 2 de julio de 2024<\/a><\/div><\/div>\n                        <\/div>\n                    <\/div>\n\t\t\t\t<\/article>\n\t\t\t\t<\/div><div class=\"jeg_post_wrapper\">\n\t\t\t\t<article class=\"jeg_post format-standard\">\n                    <div class=\"jeg_thumb\">\n                        \n                        <a href=\"https:\/\/ciudadconalma.es\/madrid\/consejos-para-acabar-con-el-deshecho-de-alimentos\/\" ><div class=\"thumbnail-container animate-lazy  size-715 \"><img width=\"350\" height=\"250\" src=\"https:\/\/ciudadconalma.es\/madrid\/wp-content\/themes\/jnews\/assets\/img\/jeg-empty.png\" class=\"attachment-jnews-350x250 size-jnews-350x250 lazyload wp-post-image\" alt=\"deshecho de alimentos\" decoding=\"async\" loading=\"lazy\" sizes=\"(max-width: 350px) 100vw, 350px\" data-src=\"https:\/\/ciudadconalma.es\/madrid\/wp-content\/uploads\/sites\/2\/2024\/06\/desecho-de-alimentos-350x250.jpg\" data-srcset=\"https:\/\/ciudadconalma.es\/madrid\/wp-content\/uploads\/sites\/2\/2024\/06\/desecho-de-alimentos-350x250.jpg 350w, https:\/\/ciudadconalma.es\/madrid\/wp-content\/uploads\/sites\/2\/2024\/06\/desecho-de-alimentos-120x86.jpg 120w\" data-sizes=\"auto\" data-expand=\"700\" \/><\/div><\/a>\n                    <\/div>\n                    <div class=\"overlay_content\">\n                        <div class=\"jeg_postblock_content\">\n                            <div class=\"jeg_post_category\"><a href=\"https:\/\/ciudadconalma.es\/madrid\/categoria\/restauracion\/\" class=\"category-restauracion\">Restauraci\u00f3n<\/a><\/div>\n                            <h3 class=\"jeg_post_title\"><a href=\"https:\/\/ciudadconalma.es\/madrid\/consejos-para-acabar-con-el-deshecho-de-alimentos\/\">Consejos para acabar con el deshecho de alimentos<\/a><\/h3>\n                            <div class=\"jeg_post_meta\"><div class=\"jeg_meta_date\"><a href=\"https:\/\/ciudadconalma.es\/madrid\/consejos-para-acabar-con-el-deshecho-de-alimentos\/\" ><i class=\"fa fa-clock-o\"><\/i> 19 de junio de 2024<\/a><\/div><\/div>\n                        <\/div>\n                    <\/div>\n\t\t\t\t<\/article>\n\t\t\t\t<\/div><div class=\"jeg_post_wrapper\">\n\t\t\t\t<article class=\"jeg_post format-standard\">\n                    <div class=\"jeg_thumb\">\n                        \n                        <a href=\"https:\/\/ciudadconalma.es\/madrid\/pros-y-contras-de-vivir-sin-hidratos\/\" ><div class=\"thumbnail-container animate-lazy  size-715 \"><img width=\"350\" height=\"250\" src=\"https:\/\/ciudadconalma.es\/madrid\/wp-content\/themes\/jnews\/assets\/img\/jeg-empty.png\" class=\"attachment-jnews-350x250 size-jnews-350x250 lazyload wp-post-image\" alt=\"hidratos\" decoding=\"async\" loading=\"lazy\" sizes=\"(max-width: 350px) 100vw, 350px\" data-src=\"https:\/\/ciudadconalma.es\/madrid\/wp-content\/uploads\/sites\/2\/2024\/05\/pros-y-contras-de-los-hidratos-350x250.jpg\" data-srcset=\"https:\/\/ciudadconalma.es\/madrid\/wp-content\/uploads\/sites\/2\/2024\/05\/pros-y-contras-de-los-hidratos-350x250.jpg 350w, https:\/\/ciudadconalma.es\/madrid\/wp-content\/uploads\/sites\/2\/2024\/05\/pros-y-contras-de-los-hidratos-120x86.jpg 120w\" data-sizes=\"auto\" data-expand=\"700\" \/><\/div><\/a>\n                    <\/div>\n                    <div class=\"overlay_content\">\n                        <div class=\"jeg_postblock_content\">\n                            <div class=\"jeg_post_category\"><a href=\"https:\/\/ciudadconalma.es\/madrid\/categoria\/restauracion\/\" class=\"category-restauracion\">Restauraci\u00f3n<\/a><\/div>\n                            <h3 class=\"jeg_post_title\"><a href=\"https:\/\/ciudadconalma.es\/madrid\/pros-y-contras-de-vivir-sin-hidratos\/\">Pros y contras de vivir sin hidratos<\/a><\/h3>\n                            <div class=\"jeg_post_meta\"><div class=\"jeg_meta_date\"><a href=\"https:\/\/ciudadconalma.es\/madrid\/pros-y-contras-de-vivir-sin-hidratos\/\" ><i class=\"fa fa-clock-o\"><\/i> 6 de junio de 2024<\/a><\/div><\/div>\n                        <\/div>\n                    <\/div>\n\t\t\t\t<\/article>\n\t\t\t\t<\/div><div class=\"jeg_post_wrapper\">\n\t\t\t\t<article class=\"jeg_post format-standard\">\n                    <div class=\"jeg_thumb\">\n                        \n                        <a href=\"https:\/\/ciudadconalma.es\/madrid\/descubre-los-mejores-restaurantes-de-hot-pot-en-madrid\/\" ><div class=\"thumbnail-container animate-lazy  size-715 \"><img width=\"350\" height=\"250\" src=\"https:\/\/ciudadconalma.es\/madrid\/wp-content\/themes\/jnews\/assets\/img\/jeg-empty.png\" class=\"attachment-jnews-350x250 size-jnews-350x250 lazyload wp-post-image\" alt=\"mejores restaurantes de hot pot en Madrid\" decoding=\"async\" loading=\"lazy\" sizes=\"(max-width: 350px) 100vw, 350px\" data-src=\"https:\/\/ciudadconalma.es\/madrid\/wp-content\/uploads\/sites\/2\/2024\/05\/mejores-hot-pot-de-madrid-350x250.jpg\" data-srcset=\"https:\/\/ciudadconalma.es\/madrid\/wp-content\/uploads\/sites\/2\/2024\/05\/mejores-hot-pot-de-madrid-350x250.jpg 350w, https:\/\/ciudadconalma.es\/madrid\/wp-content\/uploads\/sites\/2\/2024\/05\/mejores-hot-pot-de-madrid-120x86.jpg 120w\" data-sizes=\"auto\" data-expand=\"700\" \/><\/div><\/a>\n                    <\/div>\n                    <div class=\"overlay_content\">\n                        <div class=\"jeg_postblock_content\">\n                            <div class=\"jeg_post_category\"><a href=\"https:\/\/ciudadconalma.es\/madrid\/categoria\/restauracion\/\" class=\"category-restauracion\">Restauraci\u00f3n<\/a><\/div>\n                            <h3 class=\"jeg_post_title\"><a href=\"https:\/\/ciudadconalma.es\/madrid\/descubre-los-mejores-restaurantes-de-hot-pot-en-madrid\/\">Descubre los mejores restaurantes de hot pot en Madrid<\/a><\/h3>\n                            <div class=\"jeg_post_meta\"><div class=\"jeg_meta_date\"><a href=\"https:\/\/ciudadconalma.es\/madrid\/descubre-los-mejores-restaurantes-de-hot-pot-en-madrid\/\" ><i class=\"fa fa-clock-o\"><\/i> 16 de mayo de 2024<\/a><\/div><\/div>\n                        <\/div>\n                    <\/div>\n\t\t\t\t<\/article>\n\t\t\t\t<\/div>\n                    <\/div>\n                <\/div>[\/vc_column][\/vc_row]<\/p>\n<\/section>","protected":false},"excerpt":{"rendered":"<p>[vc_row full_width=\u00bbstretch_row\u00bb vc_row_background=\u00bb\u00bb][vc_column][\/vc_column][\/vc_row][vc_row full_width=\u00bbstretch_row\u00bb vc_row_background=\u00bb\u00bb][vc_column][\/vc_column][\/vc_row][vc_row][vc_column width=\u00bb2\/3&#8243;][\/vc_column][vc_column width=\u00bb1\/3&#8243; sticky_sidebar=\u00bbyes\u00bb set_as_sidebar=\u00bbyes\u00bb][vc_wp_categories][\/vc_column][\/vc_row][vc_row][vc_column][vc_single_image image=\u00bb221&#8243; img_size=\u00bbfull\u00bb alignment=\u00bbcenter\u00bb onclick=\u00bbcustom_link\u00bb img_link_target=\u00bb_blank\u00bb link=\u00bbhttps:\/\/grupoplumagica.com\/\u00bb][\/vc_column][\/vc_row][vc_row][vc_column width=\u00bb1\/3&#8243; sticky_sidebar=\u00bbyes\u00bb set_as_sidebar=\u00bbyes\u00bb][vc_single_image image=\u00bb1484&#8243; img_size=\u00bbfull\u00bb alignment=\u00bbcenter\u00bb onclick=\u00bbcustom_link\u00bb img_link_target=\u00bb_blank\u00bb link=\u00bbhttps:\/\/micuento.com\/?utm_medium=affiliate&amp;utm_source=grzopk6jvp4&#8243;][\/vc_column][vc_column width=\u00bb2\/3&#8243;][\/vc_column][\/vc_row][vc_row][vc_column width=\u00bb2\/3&#8243;][\/vc_column][vc_column width=\u00bb1\/3&#8243; sticky_sidebar=\u00bbyes\u00bb set_as_sidebar=\u00bbyes\u00bb][vc_single_image image=\u00bb195&#8243; img_size=\u00bbfull\u00bb alignment=\u00bbcenter\u00bb onclick=\u00bbcustom_link\u00bb img_link_target=\u00bb_blank\u00bb link=\u00bbhttps:\/\/hcparquitectos.com\/\u00bb][\/vc_column][\/vc_row][vc_row][vc_column width=\u00bb1\/3&#8243; sticky_sidebar=\u00bbyes\u00bb set_as_sidebar=\u00bbyes\u00bb][vc_single_image image=\u00bb197&#8243; img_size=\u00bbfull\u00bb alignment=\u00bbcenter\u00bb onclick=\u00bbcustom_link\u00bb img_link_target=\u00bb_blank\u00bb link=\u00bbhttps:\/\/www.josemariaruizfotografia.com\/\u00bb][\/vc_column][vc_column width=\u00bb2\/3&#8243;][\/vc_column][\/vc_row][vc_row][vc_column][vc_single_image image=\u00bb945&#8243; img_size=\u00bbfull\u00bb alignment=\u00bbcenter\u00bb onclick=\u00bbcustom_link\u00bb img_link_target=\u00bb_blank\u00bb link=\u00bbhttps:\/\/www.mlgdiseno.es\u00bb][\/vc_column][\/vc_row][vc_row][vc_column width=\u00bb2\/3&#8243;][\/vc_column][vc_column width=\u00bb1\/3&#8243; sticky_sidebar=\u00bbyes\u00bb set_as_sidebar=\u00bbyes\u00bb][vc_single_image [&hellip;]<\/p>\n","protected":false},"author":1,"featured_media":0,"parent":0,"menu_order":0,"comment_status":"closed","ping_status":"closed","template":"template-index.php","meta":[],"_links":{"self":[{"href":"https:\/\/ciudadconalma.es\/madrid\/wp-json\/wp\/v2\/pages\/104"}],"collection":[{"href":"https:\/\/ciudadconalma.es\/madrid\/wp-json\/wp\/v2\/pages"}],"about":[{"href":"https:\/\/ciudadconalma.es\/madrid\/wp-json\/wp\/v2\/types\/page"}],"author":[{"embeddable":true,"href":"https:\/\/ciudadconalma.es\/madrid\/wp-json\/wp\/v2\/users\/1"}],"replies":[{"embeddable":true,"href":"https:\/\/ciudadconalma.es\/madrid\/wp-json\/wp\/v2\/comments?post=104"}],"version-history":[{"count":44,"href":"https:\/\/ciudadconalma.es\/madrid\/wp-json\/wp\/v2\/pages\/104\/revisions"}],"predecessor-version":[{"id":1485,"href":"https:\/\/ciudadconalma.es\/madrid\/wp-json\/wp\/v2\/pages\/104\/revisions\/1485"}],"wp:attachment":[{"href":"https:\/\/ciudadconalma.es\/madrid\/wp-json\/wp\/v2\/media?parent=104"}],"curies":[{"name":"wp","href":"https:\/\/api.w.org\/{rel}","templated":true}]}}