{"id":58,"date":"2024-04-22T23:59:51","date_gmt":"2024-04-22T21:59:51","guid":{"rendered":"https:\/\/ciudadconalma.es\/granada\/?page_id=58"},"modified":"2024-04-26T15:24:08","modified_gmt":"2024-04-26T13:24:08","slug":"home","status":"publish","type":"page","link":"https:\/\/ciudadconalma.es\/granada\/","title":{"rendered":"Home"},"content":{"rendered":"<section class=\"wpb-content-wrapper\"><p>[vc_row full_width=\u00bbstretch_row\u00bb vc_row_background=\u00bb\u00bb][vc_column]<div  class=\"jeg_postblock_carousel jeg_postblock_carousel_2 jeg_postblock jeg_col_8 jnews_module__0_69f45d524b090  \">\n                    <div class=\"jeg_carousel_post\" data-nav='true' data-autoplay='true' data-delay='3000' data-items='3' data-margin='20' data-lazyload='1'>\n                        <div class=\"jeg_post_wrapper\">\n\t\t\t\t<article class=\"jeg_post format-standard\">\n                    <div class=\"jeg_thumb\">\n                        \n                        <a href=\"https:\/\/ciudadconalma.es\/granada\/como-optimizar-el-potencial-de-las-redes-sociales-para-tu-negocio\/\" ><div class=\"thumbnail-container animate-lazy  size-715 \"><img width=\"350\" height=\"250\" src=\"https:\/\/ciudadconalma.es\/granada\/wp-content\/themes\/jnews\/assets\/img\/jeg-empty.png\" class=\"attachment-jnews-350x250 size-jnews-350x250 lazyload wp-post-image\" alt=\"redes sociales\" decoding=\"async\" loading=\"lazy\" sizes=\"(max-width: 350px) 100vw, 350px\" data-src=\"https:\/\/ciudadconalma.es\/granada\/wp-content\/uploads\/sites\/3\/2024\/04\/cabeceras-de-Granada-18-350x250.jpg\" data-srcset=\"https:\/\/ciudadconalma.es\/granada\/wp-content\/uploads\/sites\/3\/2024\/04\/cabeceras-de-Granada-18-350x250.jpg 350w, https:\/\/ciudadconalma.es\/granada\/wp-content\/uploads\/sites\/3\/2024\/04\/cabeceras-de-Granada-18-120x86.jpg 120w\" data-sizes=\"auto\" data-expand=\"700\" \/><\/div><\/a>\n                    <\/div>\n                    <div class=\"overlay_content\">\n                        <div class=\"jeg_postblock_content\">\n                            <div class=\"jeg_post_category\"><a href=\"https:\/\/ciudadconalma.es\/granada\/category\/destacados\/\" class=\"category-destacados\">Destacados<\/a><\/div>\n                            <h3 class=\"jeg_post_title\"><a href=\"https:\/\/ciudadconalma.es\/granada\/como-optimizar-el-potencial-de-las-redes-sociales-para-tu-negocio\/\">C\u00f3mo optimizar el potencial de las redes sociales para tu negocio<\/a><\/h3>\n                            <div class=\"jeg_post_meta\"><div class=\"jeg_meta_date\"><a href=\"https:\/\/ciudadconalma.es\/granada\/como-optimizar-el-potencial-de-las-redes-sociales-para-tu-negocio\/\" ><i class=\"fa fa-clock-o\"><\/i> 23 de abril de 2024<\/a><\/div><\/div>\n                        <\/div>\n                    <\/div>\n\t\t\t\t<\/article>\n\t\t\t\t<\/div><div class=\"jeg_post_wrapper\">\n\t\t\t\t<article class=\"jeg_post format-standard\">\n                    <div class=\"jeg_thumb\">\n                        \n                        <a href=\"https:\/\/ciudadconalma.es\/granada\/descubre-los-imprescindibles-museos-que-no-puedes-perderte-en-granada\/\" ><div class=\"thumbnail-container animate-lazy  size-715 \"><img width=\"350\" height=\"250\" src=\"https:\/\/ciudadconalma.es\/granada\/wp-content\/themes\/jnews\/assets\/img\/jeg-empty.png\" class=\"attachment-jnews-350x250 size-jnews-350x250 lazyload wp-post-image\" alt=\"Descubre los imprescindibles: Museos que no puedes perderte en Granada\" decoding=\"async\" loading=\"lazy\" sizes=\"(max-width: 350px) 100vw, 350px\" data-src=\"https:\/\/ciudadconalma.es\/granada\/wp-content\/uploads\/sites\/3\/2024\/04\/cabeceras-de-Granada-17-350x250.jpg\" data-srcset=\"https:\/\/ciudadconalma.es\/granada\/wp-content\/uploads\/sites\/3\/2024\/04\/cabeceras-de-Granada-17-350x250.jpg 350w, https:\/\/ciudadconalma.es\/granada\/wp-content\/uploads\/sites\/3\/2024\/04\/cabeceras-de-Granada-17-120x86.jpg 120w\" data-sizes=\"auto\" data-expand=\"700\" \/><\/div><\/a>\n                    <\/div>\n                    <div class=\"overlay_content\">\n                        <div class=\"jeg_postblock_content\">\n                            <div class=\"jeg_post_category\"><a href=\"https:\/\/ciudadconalma.es\/granada\/category\/destacados\/\" class=\"category-destacados\">Destacados<\/a><\/div>\n                            <h3 class=\"jeg_post_title\"><a href=\"https:\/\/ciudadconalma.es\/granada\/descubre-los-imprescindibles-museos-que-no-puedes-perderte-en-granada\/\">Descubre los imprescindibles: Museos que no puedes perderte en Granada<\/a><\/h3>\n                            <div class=\"jeg_post_meta\"><div class=\"jeg_meta_date\"><a href=\"https:\/\/ciudadconalma.es\/granada\/descubre-los-imprescindibles-museos-que-no-puedes-perderte-en-granada\/\" ><i class=\"fa fa-clock-o\"><\/i> 23 de abril de 2024<\/a><\/div><\/div>\n                        <\/div>\n                    <\/div>\n\t\t\t\t<\/article>\n\t\t\t\t<\/div><div class=\"jeg_post_wrapper\">\n\t\t\t\t<article class=\"jeg_post format-standard\">\n                    <div class=\"jeg_thumb\">\n                        \n                        <a href=\"https:\/\/ciudadconalma.es\/granada\/planes-para-disfrutar-granada-en-familia\/\" ><div class=\"thumbnail-container animate-lazy  size-715 \"><img width=\"350\" height=\"250\" src=\"https:\/\/ciudadconalma.es\/granada\/wp-content\/themes\/jnews\/assets\/img\/jeg-empty.png\" class=\"attachment-jnews-350x250 size-jnews-350x250 lazyload wp-post-image\" alt=\"Planes para disfrutar Granada en familia\" decoding=\"async\" loading=\"lazy\" sizes=\"(max-width: 350px) 100vw, 350px\" data-src=\"https:\/\/ciudadconalma.es\/granada\/wp-content\/uploads\/sites\/3\/2024\/04\/cabeceras-de-Granada-12-350x250.jpg\" data-srcset=\"https:\/\/ciudadconalma.es\/granada\/wp-content\/uploads\/sites\/3\/2024\/04\/cabeceras-de-Granada-12-350x250.jpg 350w, https:\/\/ciudadconalma.es\/granada\/wp-content\/uploads\/sites\/3\/2024\/04\/cabeceras-de-Granada-12-120x86.jpg 120w\" data-sizes=\"auto\" data-expand=\"700\" \/><\/div><\/a>\n                    <\/div>\n                    <div class=\"overlay_content\">\n                        <div class=\"jeg_postblock_content\">\n                            <div class=\"jeg_post_category\"><a href=\"https:\/\/ciudadconalma.es\/granada\/category\/destacados\/\" class=\"category-destacados\">Destacados<\/a><\/div>\n                            <h3 class=\"jeg_post_title\"><a href=\"https:\/\/ciudadconalma.es\/granada\/planes-para-disfrutar-granada-en-familia\/\">Planes para disfrutar Granada en familia<\/a><\/h3>\n                            <div class=\"jeg_post_meta\"><div class=\"jeg_meta_date\"><a href=\"https:\/\/ciudadconalma.es\/granada\/planes-para-disfrutar-granada-en-familia\/\" ><i class=\"fa fa-clock-o\"><\/i> 23 de abril de 2024<\/a><\/div><\/div>\n                        <\/div>\n                    <\/div>\n\t\t\t\t<\/article>\n\t\t\t\t<\/div><div class=\"jeg_post_wrapper\">\n\t\t\t\t<article class=\"jeg_post format-standard\">\n                    <div class=\"jeg_thumb\">\n                        \n                        <a href=\"https:\/\/ciudadconalma.es\/granada\/opciones-de-ocio-en-granada-donde-la-historia-se-funde-con-la-diversion\/\" ><div class=\"thumbnail-container animate-lazy  size-715 \"><img width=\"350\" height=\"250\" src=\"https:\/\/ciudadconalma.es\/granada\/wp-content\/themes\/jnews\/assets\/img\/jeg-empty.png\" class=\"attachment-jnews-350x250 size-jnews-350x250 lazyload wp-post-image\" alt=\"Opciones de ocio en Granada: Donde la historia se funde con la diversi\u00f3n\" decoding=\"async\" loading=\"lazy\" sizes=\"(max-width: 350px) 100vw, 350px\" data-src=\"https:\/\/ciudadconalma.es\/granada\/wp-content\/uploads\/sites\/3\/2024\/04\/cabeceras-de-Granada-7-350x250.jpg\" data-srcset=\"https:\/\/ciudadconalma.es\/granada\/wp-content\/uploads\/sites\/3\/2024\/04\/cabeceras-de-Granada-7-350x250.jpg 350w, https:\/\/ciudadconalma.es\/granada\/wp-content\/uploads\/sites\/3\/2024\/04\/cabeceras-de-Granada-7-120x86.jpg 120w\" data-sizes=\"auto\" data-expand=\"700\" \/><\/div><\/a>\n                    <\/div>\n                    <div class=\"overlay_content\">\n                        <div class=\"jeg_postblock_content\">\n                            <div class=\"jeg_post_category\"><a href=\"https:\/\/ciudadconalma.es\/granada\/category\/destacados\/\" class=\"category-destacados\">Destacados<\/a><\/div>\n                            <h3 class=\"jeg_post_title\"><a href=\"https:\/\/ciudadconalma.es\/granada\/opciones-de-ocio-en-granada-donde-la-historia-se-funde-con-la-diversion\/\">Opciones de ocio en Granada: Donde la historia se funde con la diversi\u00f3n<\/a><\/h3>\n                            <div class=\"jeg_post_meta\"><div class=\"jeg_meta_date\"><a href=\"https:\/\/ciudadconalma.es\/granada\/opciones-de-ocio-en-granada-donde-la-historia-se-funde-con-la-diversion\/\" ><i class=\"fa fa-clock-o\"><\/i> 23 de abril de 2024<\/a><\/div><\/div>\n                        <\/div>\n                    <\/div>\n\t\t\t\t<\/article>\n\t\t\t\t<\/div><div class=\"jeg_post_wrapper\">\n\t\t\t\t<article class=\"jeg_post format-standard\">\n                    <div class=\"jeg_thumb\">\n                        \n                        <a href=\"https:\/\/ciudadconalma.es\/granada\/de-ruta-por-capileira\/\" ><div class=\"thumbnail-container animate-lazy  size-715 \"><img width=\"350\" height=\"250\" src=\"https:\/\/ciudadconalma.es\/granada\/wp-content\/themes\/jnews\/assets\/img\/jeg-empty.png\" class=\"attachment-jnews-350x250 size-jnews-350x250 lazyload wp-post-image\" alt=\"De ruta por Capileira\" decoding=\"async\" loading=\"lazy\" sizes=\"(max-width: 350px) 100vw, 350px\" data-src=\"https:\/\/ciudadconalma.es\/granada\/wp-content\/uploads\/sites\/3\/2024\/04\/cabeceras-de-Granada-3-350x250.jpg\" data-srcset=\"https:\/\/ciudadconalma.es\/granada\/wp-content\/uploads\/sites\/3\/2024\/04\/cabeceras-de-Granada-3-350x250.jpg 350w, https:\/\/ciudadconalma.es\/granada\/wp-content\/uploads\/sites\/3\/2024\/04\/cabeceras-de-Granada-3-120x86.jpg 120w\" data-sizes=\"auto\" data-expand=\"700\" \/><\/div><\/a>\n                    <\/div>\n                    <div class=\"overlay_content\">\n                        <div class=\"jeg_postblock_content\">\n                            <div class=\"jeg_post_category\"><a href=\"https:\/\/ciudadconalma.es\/granada\/category\/de-ruta\/\" class=\"category-de-ruta\">De Ruta<\/a><\/div>\n                            <h3 class=\"jeg_post_title\"><a href=\"https:\/\/ciudadconalma.es\/granada\/de-ruta-por-capileira\/\">De ruta por Capileira<\/a><\/h3>\n                            <div class=\"jeg_post_meta\"><div class=\"jeg_meta_date\"><a href=\"https:\/\/ciudadconalma.es\/granada\/de-ruta-por-capileira\/\" ><i class=\"fa fa-clock-o\"><\/i> 23 de abril de 2024<\/a><\/div><\/div>\n                        <\/div>\n                    <\/div>\n\t\t\t\t<\/article>\n\t\t\t\t<\/div>\n                    <\/div>\n                <\/div>[\/vc_column][\/vc_row][vc_row full_width=\u00bbstretch_row\u00bb vc_row_background=\u00bb\u00bb][vc_column]<div  class=\"jeg_postblock_21 jeg_postblock jeg_module_hook jeg_pagination_disable jeg_col_2o3 jnews_module__1_69f45d524f6f9   \" data-unique=\"jnews_module__1_69f45d524f6f9\">\n\t\t\t\t\t<div class=\"jeg_block_heading jeg_block_heading_6 jeg_subcat_right\">\n                     <h3 class=\"jeg_block_title\"><span>\u00daltimas Noticias<\/span><\/h3>\n                     \n                 <\/div>\n\t\t\t\t\t<div class=\"jeg_block_container\">\n                    \n                    <div class=\"jeg_posts jeg_load_more_flag\"><article class=\"jeg_post jeg_pl_sm format-standard\">\n                    <div class=\"jeg_thumb\">\n                        \n                        <a href=\"https:\/\/ciudadconalma.es\/granada\/el-lujo-y-la-elegancia-en-granada-palacio-de-santa-paula\/\"><div class=\"thumbnail-container animate-lazy  size-715 \"><img width=\"120\" height=\"86\" src=\"https:\/\/ciudadconalma.es\/granada\/wp-content\/themes\/jnews\/assets\/img\/jeg-empty.png\" class=\"attachment-jnews-120x86 size-jnews-120x86 lazyload wp-post-image\" alt=\"Palacio Santa Paula\" decoding=\"async\" loading=\"lazy\" sizes=\"(max-width: 120px) 100vw, 120px\" data-src=\"https:\/\/ciudadconalma.es\/granada\/wp-content\/uploads\/sites\/3\/2024\/07\/Palacio-Santa-Paula-120x86.jpg\" data-srcset=\"https:\/\/ciudadconalma.es\/granada\/wp-content\/uploads\/sites\/3\/2024\/07\/Palacio-Santa-Paula-120x86.jpg 120w, https:\/\/ciudadconalma.es\/granada\/wp-content\/uploads\/sites\/3\/2024\/07\/Palacio-Santa-Paula-350x250.jpg 350w\" data-sizes=\"auto\" data-expand=\"700\" \/><\/div><\/a>\n                    <\/div>\n                    <div class=\"jeg_postblock_content\">\n                        <h3 class=\"jeg_post_title\">\n                            <a href=\"https:\/\/ciudadconalma.es\/granada\/el-lujo-y-la-elegancia-en-granada-palacio-de-santa-paula\/\">El lujo y la elegancia en Granada: Palacio de Santa Paula<\/a>\n                        <\/h3>\n                        <div class=\"jeg_post_meta\"><div class=\"jeg_meta_date\"><a href=\"https:\/\/ciudadconalma.es\/granada\/el-lujo-y-la-elegancia-en-granada-palacio-de-santa-paula\/\" ><i class=\"fa fa-clock-o\"><\/i> 15 de julio de 2024<\/a><\/div><\/div>\n                    <\/div>\n                <\/article><article class=\"jeg_post jeg_pl_sm format-standard\">\n                    <div class=\"jeg_thumb\">\n                        \n                        <a href=\"https:\/\/ciudadconalma.es\/granada\/descubre-la-magia-de-granada-en-verano-actividades-para-hacer-con-ninos\/\"><div class=\"thumbnail-container animate-lazy  size-715 \"><img width=\"120\" height=\"86\" src=\"https:\/\/ciudadconalma.es\/granada\/wp-content\/themes\/jnews\/assets\/img\/jeg-empty.png\" class=\"attachment-jnews-120x86 size-jnews-120x86 lazyload wp-post-image\" alt=\"Granada en verano\" decoding=\"async\" loading=\"lazy\" sizes=\"(max-width: 120px) 100vw, 120px\" data-src=\"https:\/\/ciudadconalma.es\/granada\/wp-content\/uploads\/sites\/3\/2024\/07\/actividades-en-verano-con-ninos-120x86.jpg\" data-srcset=\"https:\/\/ciudadconalma.es\/granada\/wp-content\/uploads\/sites\/3\/2024\/07\/actividades-en-verano-con-ninos-120x86.jpg 120w, https:\/\/ciudadconalma.es\/granada\/wp-content\/uploads\/sites\/3\/2024\/07\/actividades-en-verano-con-ninos-350x250.jpg 350w\" data-sizes=\"auto\" data-expand=\"700\" \/><\/div><\/a>\n                    <\/div>\n                    <div class=\"jeg_postblock_content\">\n                        <h3 class=\"jeg_post_title\">\n                            <a href=\"https:\/\/ciudadconalma.es\/granada\/descubre-la-magia-de-granada-en-verano-actividades-para-hacer-con-ninos\/\">Descubre la magia de Granada en verano: Actividades para hacer con ni\u00f1os<\/a>\n                        <\/h3>\n                        <div class=\"jeg_post_meta\"><div class=\"jeg_meta_date\"><a href=\"https:\/\/ciudadconalma.es\/granada\/descubre-la-magia-de-granada-en-verano-actividades-para-hacer-con-ninos\/\" ><i class=\"fa fa-clock-o\"><\/i> 4 de julio de 2024<\/a><\/div><\/div>\n                    <\/div>\n                <\/article><article class=\"jeg_post jeg_pl_sm format-standard\">\n                    <div class=\"jeg_thumb\">\n                        \n                        <a href=\"https:\/\/ciudadconalma.es\/granada\/descubre-los-planes-nocturnos-mas-vibrantes-en-granada\/\"><div class=\"thumbnail-container animate-lazy  size-715 \"><img width=\"120\" height=\"86\" src=\"https:\/\/ciudadconalma.es\/granada\/wp-content\/themes\/jnews\/assets\/img\/jeg-empty.png\" class=\"attachment-jnews-120x86 size-jnews-120x86 lazyload wp-post-image\" alt=\"Granada\" decoding=\"async\" loading=\"lazy\" sizes=\"(max-width: 120px) 100vw, 120px\" data-src=\"https:\/\/ciudadconalma.es\/granada\/wp-content\/uploads\/sites\/3\/2024\/06\/planes-nocturnos-en-Granada-120x86.jpg\" data-srcset=\"https:\/\/ciudadconalma.es\/granada\/wp-content\/uploads\/sites\/3\/2024\/06\/planes-nocturnos-en-Granada-120x86.jpg 120w, https:\/\/ciudadconalma.es\/granada\/wp-content\/uploads\/sites\/3\/2024\/06\/planes-nocturnos-en-Granada-350x250.jpg 350w\" data-sizes=\"auto\" data-expand=\"700\" \/><\/div><\/a>\n                    <\/div>\n                    <div class=\"jeg_postblock_content\">\n                        <h3 class=\"jeg_post_title\">\n                            <a href=\"https:\/\/ciudadconalma.es\/granada\/descubre-los-planes-nocturnos-mas-vibrantes-en-granada\/\">Descubre los planes nocturnos m\u00e1s vibrantes en Granada<\/a>\n                        <\/h3>\n                        <div class=\"jeg_post_meta\"><div class=\"jeg_meta_date\"><a href=\"https:\/\/ciudadconalma.es\/granada\/descubre-los-planes-nocturnos-mas-vibrantes-en-granada\/\" ><i class=\"fa fa-clock-o\"><\/i> 1 de julio de 2024<\/a><\/div><\/div>\n                    <\/div>\n                <\/article><\/div>\n                    <div class='module-overlay'>\n\t\t\t\t    <div class='preloader_type preloader_dot'>\n\t\t\t\t        <div class=\"module-preloader jeg_preloader dot\">\n\t\t\t\t            <span><\/span><span><\/span><span><\/span>\n\t\t\t\t        <\/div>\n\t\t\t\t        <div class=\"module-preloader jeg_preloader circle\">\n\t\t\t\t            <div class=\"jnews_preloader_circle_outer\">\n\t\t\t\t                <div class=\"jnews_preloader_circle_inner\"><\/div>\n\t\t\t\t            <\/div>\n\t\t\t\t        <\/div>\n\t\t\t\t        <div class=\"module-preloader jeg_preloader square\">\n\t\t\t\t            <div class=\"jeg_square\">\n\t\t\t\t                <div class=\"jeg_square_inner\"><\/div>\n\t\t\t\t            <\/div>\n\t\t\t\t        <\/div>\n\t\t\t\t    <\/div>\n\t\t\t\t<\/div>\n                <\/div>\n                <div class=\"jeg_block_navigation\">\n                    <div class='navigation_overlay'><div class='module-preloader jeg_preloader'><span><\/span><span><\/span><span><\/span><\/div><\/div>\n                    \n                    \n                <\/div>\n\t\t\t\t\t\n\t\t\t\t\t<script>var jnews_module__1_69f45d524f6f9 = {\"header_icon\":\"\",\"first_title\":\"\\u00daltimas Noticias\",\"second_title\":\"\",\"url\":\"\",\"header_type\":\"heading_6\",\"header_background\":\"\",\"header_secondary_background\":\"\",\"header_text_color\":\"\",\"header_line_color\":\"\",\"header_accent_color\":\"\",\"header_filter_category\":\"\",\"header_filter_author\":\"\",\"header_filter_tag\":\"\",\"header_filter_text\":\"All\",\"post_type\":\"post\",\"content_type\":\"all\",\"sponsor\":\"\",\"number_post\":\"3\",\"post_offset\":\"0\",\"unique_content\":\"disable\",\"include_post\":\"\",\"included_only\":\"\",\"exclude_post\":\"\",\"include_category\":\"\",\"exclude_category\":\"\",\"include_author\":\"\",\"include_tag\":\"\",\"exclude_tag\":\"\",\"sort_by\":\"latest\",\"date_format\":\"default\",\"date_format_custom\":\"Y\\\/m\\\/d\",\"force_normal_image_load\":\"\",\"pagination_mode\":\"disable\",\"pagination_nextprev_showtext\":\"\",\"pagination_number_post\":6,\"pagination_scroll_limit\":0,\"boxed\":\"\",\"boxed_shadow\":\"\",\"el_id\":\"\",\"el_class\":\"\",\"scheme\":\"\",\"column_width\":\"auto\",\"title_color\":\"\",\"accent_color\":\"\",\"alt_color\":\"\",\"excerpt_color\":\"\",\"css\":\"\",\"compatible_column_notice\":\"\",\"paged\":1,\"column_class\":\"jeg_col_2o3\",\"class\":\"jnews_block_21\"};<\/script>\n\t\t\t\t<\/div>[\/vc_column][\/vc_row][vc_row][vc_column width=\u00bb2\/3&#8243;]<div  class=\"jeg_postblock_2 jeg_postblock jeg_module_hook jeg_pagination_disable jeg_col_2o3 jnews_module__2_69f45d5251e2b   \" data-unique=\"jnews_module__2_69f45d5251e2b\">\n\t\t\t\t\t<div class=\"jeg_block_heading jeg_block_heading_6 jeg_subcat_right\">\n                     <h3 class=\"jeg_block_title\"><span>Empresas<\/span><\/h3>\n                     \n                 <\/div>\n\t\t\t\t\t<div class=\"jeg_block_container\">\n                    \n                    <article class=\"jeg_post jeg_pl_lg_2 format-standard\">\n                        <div class=\"jeg_thumb\">\n                    \n                    <a href=\"https:\/\/ciudadconalma.es\/granada\/como-optimizar-el-potencial-de-las-redes-sociales-para-tu-negocio\/\"><div class=\"thumbnail-container animate-lazy  size-715 \"><img width=\"350\" height=\"250\" src=\"https:\/\/ciudadconalma.es\/granada\/wp-content\/themes\/jnews\/assets\/img\/jeg-empty.png\" class=\"attachment-jnews-350x250 size-jnews-350x250 lazyload wp-post-image\" alt=\"redes sociales\" decoding=\"async\" loading=\"lazy\" sizes=\"(max-width: 350px) 100vw, 350px\" data-src=\"https:\/\/ciudadconalma.es\/granada\/wp-content\/uploads\/sites\/3\/2024\/04\/cabeceras-de-Granada-18-350x250.jpg\" data-srcset=\"https:\/\/ciudadconalma.es\/granada\/wp-content\/uploads\/sites\/3\/2024\/04\/cabeceras-de-Granada-18-350x250.jpg 350w, https:\/\/ciudadconalma.es\/granada\/wp-content\/uploads\/sites\/3\/2024\/04\/cabeceras-de-Granada-18-120x86.jpg 120w\" data-sizes=\"auto\" data-expand=\"700\" \/><\/div><\/a>\n                    <div class=\"jeg_post_category\">\n                        <span><a href=\"https:\/\/ciudadconalma.es\/granada\/category\/destacados\/\" class=\"category-destacados\">Destacados<\/a><\/span>\n                    <\/div>\n                <\/div>\n                <div class=\"jeg_postblock_content\">\n                    <h3 class=\"jeg_post_title\">\n                        <a href=\"https:\/\/ciudadconalma.es\/granada\/como-optimizar-el-potencial-de-las-redes-sociales-para-tu-negocio\/\">C\u00f3mo optimizar el potencial de las redes sociales para tu negocio<\/a>\n                    <\/h3>\n                    <div class=\"jeg_post_meta\"><div class=\"jeg_meta_date\"><a href=\"https:\/\/ciudadconalma.es\/granada\/como-optimizar-el-potencial-de-las-redes-sociales-para-tu-negocio\/\"><i class=\"fa fa-clock-o\"><\/i> 23 de abril de 2024<\/a><\/div><div class=\"jeg_meta_comment\"><a href=\"https:\/\/ciudadconalma.es\/granada\/como-optimizar-el-potencial-de-las-redes-sociales-para-tu-negocio\/#comments\" ><i class=\"fa fa-comment-o\"><\/i> 20829 <\/a><\/div><\/div>\n                    <div class=\"jeg_post_excerpt\">\n                        <p>C\u00f3mo optimizar el potencial de las redes sociales para tu negocio En el mundo digital actual, las redes sociales son...<\/p>\n                        <a href=\"https:\/\/ciudadconalma.es\/granada\/como-optimizar-el-potencial-de-las-redes-sociales-para-tu-negocio\/\" class=\"jeg_readmore\">Read more<\/a>\n                    <\/div>\n                <\/div>\n                    <\/article><div class=\"jeg_posts_wrap\">\n                                                            <div class=\"jeg_posts jeg_load_more_flag\">\n                                                                <article class=\"jeg_post jeg_pl_sm format-standard\">\n                    <div class=\"jeg_thumb\">\n                        \n                        <a href=\"https:\/\/ciudadconalma.es\/granada\/pasos-esenciales-para-iniciar-un-negocio\/\">\n                            <div class=\"thumbnail-container animate-lazy  size-715 \"><img width=\"120\" height=\"86\" src=\"https:\/\/ciudadconalma.es\/granada\/wp-content\/themes\/jnews\/assets\/img\/jeg-empty.png\" class=\"attachment-jnews-120x86 size-jnews-120x86 lazyload wp-post-image\" alt=\"iniciar un negocio\" decoding=\"async\" loading=\"lazy\" sizes=\"(max-width: 120px) 100vw, 120px\" data-src=\"https:\/\/ciudadconalma.es\/granada\/wp-content\/uploads\/sites\/3\/2024\/04\/cabeceras-de-Granada-15-120x86.jpg\" data-srcset=\"https:\/\/ciudadconalma.es\/granada\/wp-content\/uploads\/sites\/3\/2024\/04\/cabeceras-de-Granada-15-120x86.jpg 120w, https:\/\/ciudadconalma.es\/granada\/wp-content\/uploads\/sites\/3\/2024\/04\/cabeceras-de-Granada-15-350x250.jpg 350w\" data-sizes=\"auto\" data-expand=\"700\" \/><\/div>\n                        <\/a>\n                    <\/div>\n                    <div class=\"jeg_postblock_content\">\n                        <h3 class=\"jeg_post_title\">\n                            <a href=\"https:\/\/ciudadconalma.es\/granada\/pasos-esenciales-para-iniciar-un-negocio\/\">Pasos esenciales para iniciar un negocio<\/a>\n                        <\/h3>\n                        <div class=\"jeg_post_meta\"><div class=\"jeg_meta_date\"><a href=\"https:\/\/ciudadconalma.es\/granada\/pasos-esenciales-para-iniciar-un-negocio\/\" ><i class=\"fa fa-clock-o\"><\/i> 23 de abril de 2024<\/a><\/div><\/div>\n                    <\/div>\n                <\/article><article class=\"jeg_post jeg_pl_sm format-standard\">\n                    <div class=\"jeg_thumb\">\n                        \n                        <a href=\"https:\/\/ciudadconalma.es\/granada\/descifra-el-exito-en-el-comercio-electronico-y-en-el-mundo-digital-claves-imprescindibles\/\">\n                            <div class=\"thumbnail-container animate-lazy  size-715 \"><img width=\"120\" height=\"86\" src=\"https:\/\/ciudadconalma.es\/granada\/wp-content\/themes\/jnews\/assets\/img\/jeg-empty.png\" class=\"attachment-jnews-120x86 size-jnews-120x86 lazyload wp-post-image\" alt=\"comercio electr\u00f3nico\" decoding=\"async\" loading=\"lazy\" sizes=\"(max-width: 120px) 100vw, 120px\" data-src=\"https:\/\/ciudadconalma.es\/granada\/wp-content\/uploads\/sites\/3\/2024\/04\/cabeceras-de-Granada-10-120x86.jpg\" data-srcset=\"https:\/\/ciudadconalma.es\/granada\/wp-content\/uploads\/sites\/3\/2024\/04\/cabeceras-de-Granada-10-120x86.jpg 120w, https:\/\/ciudadconalma.es\/granada\/wp-content\/uploads\/sites\/3\/2024\/04\/cabeceras-de-Granada-10-350x250.jpg 350w\" data-sizes=\"auto\" data-expand=\"700\" \/><\/div>\n                        <\/a>\n                    <\/div>\n                    <div class=\"jeg_postblock_content\">\n                        <h3 class=\"jeg_post_title\">\n                            <a href=\"https:\/\/ciudadconalma.es\/granada\/descifra-el-exito-en-el-comercio-electronico-y-en-el-mundo-digital-claves-imprescindibles\/\">Descifra el \u00e9xito en el comercio electr\u00f3nico y en el mundo digital: Claves imprescindibles<\/a>\n                        <\/h3>\n                        <div class=\"jeg_post_meta\"><div class=\"jeg_meta_date\"><a href=\"https:\/\/ciudadconalma.es\/granada\/descifra-el-exito-en-el-comercio-electronico-y-en-el-mundo-digital-claves-imprescindibles\/\" ><i class=\"fa fa-clock-o\"><\/i> 23 de abril de 2024<\/a><\/div><\/div>\n                    <\/div>\n                <\/article><article class=\"jeg_post jeg_pl_sm format-standard\">\n                    <div class=\"jeg_thumb\">\n                        \n                        <a href=\"https:\/\/ciudadconalma.es\/granada\/consolidando-a-los-clientes-estrategias-para-fidelizarlos\/\">\n                            <div class=\"thumbnail-container animate-lazy  size-715 \"><img width=\"120\" height=\"86\" src=\"https:\/\/ciudadconalma.es\/granada\/wp-content\/themes\/jnews\/assets\/img\/jeg-empty.png\" class=\"attachment-jnews-120x86 size-jnews-120x86 lazyload wp-post-image\" alt=\"clientes\" decoding=\"async\" loading=\"lazy\" sizes=\"(max-width: 120px) 100vw, 120px\" data-src=\"https:\/\/ciudadconalma.es\/granada\/wp-content\/uploads\/sites\/3\/2024\/04\/cabeceras-de-Granada-5-120x86.jpg\" data-srcset=\"https:\/\/ciudadconalma.es\/granada\/wp-content\/uploads\/sites\/3\/2024\/04\/cabeceras-de-Granada-5-120x86.jpg 120w, https:\/\/ciudadconalma.es\/granada\/wp-content\/uploads\/sites\/3\/2024\/04\/cabeceras-de-Granada-5-350x250.jpg 350w\" data-sizes=\"auto\" data-expand=\"700\" \/><\/div>\n                        <\/a>\n                    <\/div>\n                    <div class=\"jeg_postblock_content\">\n                        <h3 class=\"jeg_post_title\">\n                            <a href=\"https:\/\/ciudadconalma.es\/granada\/consolidando-a-los-clientes-estrategias-para-fidelizarlos\/\">Consolidando a los clientes: Estrategias para fidelizarlos<\/a>\n                        <\/h3>\n                        <div class=\"jeg_post_meta\"><div class=\"jeg_meta_date\"><a href=\"https:\/\/ciudadconalma.es\/granada\/consolidando-a-los-clientes-estrategias-para-fidelizarlos\/\" ><i class=\"fa fa-clock-o\"><\/i> 23 de abril de 2024<\/a><\/div><\/div>\n                    <\/div>\n                <\/article><article class=\"jeg_post jeg_pl_sm format-standard\">\n                    <div class=\"jeg_thumb\">\n                        \n                        <a href=\"https:\/\/ciudadconalma.es\/granada\/conectando-en-la-era-digital-potenciando-la-comunicacion-humana-a-traves-de-eventos\/\">\n                            <div class=\"thumbnail-container animate-lazy  size-715 \"><img width=\"120\" height=\"86\" src=\"https:\/\/ciudadconalma.es\/granada\/wp-content\/themes\/jnews\/assets\/img\/jeg-empty.png\" class=\"attachment-jnews-120x86 size-jnews-120x86 lazyload wp-post-image\" alt=\"Conectando en la era digital: Potenciando la comunicaci\u00f3n humana a trav\u00e9s de eventos\" decoding=\"async\" loading=\"lazy\" sizes=\"(max-width: 120px) 100vw, 120px\" data-src=\"https:\/\/ciudadconalma.es\/granada\/wp-content\/uploads\/sites\/3\/2024\/04\/cabeceras-de-Granada-120x86.jpg\" data-srcset=\"https:\/\/ciudadconalma.es\/granada\/wp-content\/uploads\/sites\/3\/2024\/04\/cabeceras-de-Granada-120x86.jpg 120w, https:\/\/ciudadconalma.es\/granada\/wp-content\/uploads\/sites\/3\/2024\/04\/cabeceras-de-Granada-350x250.jpg 350w\" data-sizes=\"auto\" data-expand=\"700\" \/><\/div>\n                        <\/a>\n                    <\/div>\n                    <div class=\"jeg_postblock_content\">\n                        <h3 class=\"jeg_post_title\">\n                            <a href=\"https:\/\/ciudadconalma.es\/granada\/conectando-en-la-era-digital-potenciando-la-comunicacion-humana-a-traves-de-eventos\/\">Conectando en la era digital: Potenciando la comunicaci\u00f3n humana a trav\u00e9s de eventos<\/a>\n                        <\/h3>\n                        <div class=\"jeg_post_meta\"><div class=\"jeg_meta_date\"><a href=\"https:\/\/ciudadconalma.es\/granada\/conectando-en-la-era-digital-potenciando-la-comunicacion-humana-a-traves-de-eventos\/\" ><i class=\"fa fa-clock-o\"><\/i> 23 de abril de 2024<\/a><\/div><\/div>\n                    <\/div>\n                <\/article>\n                                                            <\/div>\n                                                        <\/div>\n                    <div class='module-overlay'>\n\t\t\t\t    <div class='preloader_type preloader_dot'>\n\t\t\t\t        <div class=\"module-preloader jeg_preloader dot\">\n\t\t\t\t            <span><\/span><span><\/span><span><\/span>\n\t\t\t\t        <\/div>\n\t\t\t\t        <div class=\"module-preloader jeg_preloader circle\">\n\t\t\t\t            <div class=\"jnews_preloader_circle_outer\">\n\t\t\t\t                <div class=\"jnews_preloader_circle_inner\"><\/div>\n\t\t\t\t            <\/div>\n\t\t\t\t        <\/div>\n\t\t\t\t        <div class=\"module-preloader jeg_preloader square\">\n\t\t\t\t            <div class=\"jeg_square\">\n\t\t\t\t                <div class=\"jeg_square_inner\"><\/div>\n\t\t\t\t            <\/div>\n\t\t\t\t        <\/div>\n\t\t\t\t    <\/div>\n\t\t\t\t<\/div>\n                <\/div>\n                <div class=\"jeg_block_navigation\">\n                    <div class='navigation_overlay'><div class='module-preloader jeg_preloader'><span><\/span><span><\/span><span><\/span><\/div><\/div>\n                    \n                    \n                <\/div>\n\t\t\t\t\t\n\t\t\t\t\t<script>var jnews_module__2_69f45d5251e2b = {\"header_icon\":\"\",\"first_title\":\"Empresas\",\"second_title\":\"\",\"url\":\"\",\"header_type\":\"heading_6\",\"header_background\":\"\",\"header_secondary_background\":\"\",\"header_text_color\":\"\",\"header_line_color\":\"\",\"header_accent_color\":\"\",\"header_filter_category\":\"\",\"header_filter_author\":\"\",\"header_filter_tag\":\"\",\"header_filter_text\":\"All\",\"post_type\":\"post\",\"content_type\":\"all\",\"sponsor\":\"\",\"number_post\":\"5\",\"post_offset\":\"0\",\"unique_content\":\"disable\",\"include_post\":\"\",\"included_only\":\"\",\"exclude_post\":\"\",\"include_category\":\"2\",\"exclude_category\":\"\",\"include_author\":\"\",\"include_tag\":\"\",\"exclude_tag\":\"\",\"sort_by\":\"latest\",\"date_format\":\"default\",\"date_format_custom\":\"Y\\\/m\\\/d\",\"excerpt_length\":\"20\",\"excerpt_ellipsis\":\"...\",\"force_normal_image_load\":\"\",\"pagination_mode\":\"disable\",\"pagination_nextprev_showtext\":\"\",\"pagination_number_post\":4,\"pagination_scroll_limit\":0,\"boxed\":\"\",\"boxed_shadow\":\"\",\"el_id\":\"\",\"el_class\":\"\",\"scheme\":\"\",\"column_width\":\"auto\",\"title_color\":\"\",\"accent_color\":\"\",\"alt_color\":\"\",\"excerpt_color\":\"\",\"css\":\"\",\"compatible_column_notice\":\"\",\"paged\":1,\"column_class\":\"jeg_col_2o3\",\"class\":\"jnews_block_2\"};<\/script>\n\t\t\t\t<\/div>[\/vc_column][vc_column width=\u00bb1\/3&#8243; sticky_sidebar=\u00bbyes\u00bb set_as_sidebar=\u00bbyes\u00bb][vc_wp_categories][\/vc_column][\/vc_row][vc_row][vc_column][vc_single_image image=\u00bb64&#8243; img_size=\u00bbfull\u00bb alignment=\u00bbcenter\u00bb onclick=\u00bbcustom_link\u00bb img_link_target=\u00bb_blank\u00bb link=\u00bbhttps:\/\/grupoplumagica.com\/plumagica-editorial\/\u00bb][\/vc_column][\/vc_row][vc_row][vc_column width=\u00bb1\/3&#8243; sticky_sidebar=\u00bbyes\u00bb set_as_sidebar=\u00bbyes\u00bb][vc_single_image image=\u00bb67&#8243; img_size=\u00bbfull\u00bb alignment=\u00bbcenter\u00bb onclick=\u00bbcustom_link\u00bb img_link_target=\u00bb_blank\u00bb link=\u00bbhttps:\/\/micuento.com\/?utm_medium=affiliate&amp;utm_source=grzopk6jvp4&#8243;][\/vc_column][vc_column width=\u00bb2\/3&#8243;]<div  class=\"jeg_postblock_17 jeg_postblock jeg_module_hook jeg_pagination_disable jeg_col_2o3 jnews_module__3_69f45d525f7ad   \" data-unique=\"jnews_module__3_69f45d525f7ad\">\n\t\t\t\t\t<div class=\"jeg_block_heading jeg_block_heading_6 jeg_subcat_right\">\n                     <h3 class=\"jeg_block_title\"><span>Granada<\/span><\/h3>\n                     \n                 <\/div>\n\t\t\t\t\t<div class=\"jeg_block_container\">\n                    \n                    <div class=\"jeg_posts_wrap\">\n                    <div class=\"jeg_posts jeg_load_more_flag\">\n                        \n                        <article class=\"jeg_post jeg_pl_md_1 format-standard\">\n                    <div class=\"jeg_thumb\">\n                        \n                        <a href=\"https:\/\/ciudadconalma.es\/granada\/el-lujo-y-la-elegancia-en-granada-palacio-de-santa-paula\/\"><div class=\"thumbnail-container animate-lazy  size-715 \"><img width=\"750\" height=\"375\" src=\"https:\/\/ciudadconalma.es\/granada\/wp-content\/themes\/jnews\/assets\/img\/jeg-empty.png\" class=\"attachment-jnews-750x536 size-jnews-750x536 lazyload wp-post-image\" alt=\"Palacio Santa Paula\" decoding=\"async\" loading=\"lazy\" sizes=\"(max-width: 750px) 100vw, 750px\" data-src=\"https:\/\/ciudadconalma.es\/granada\/wp-content\/uploads\/sites\/3\/2024\/07\/Palacio-Santa-Paula.jpg\" data-srcset=\"https:\/\/ciudadconalma.es\/granada\/wp-content\/uploads\/sites\/3\/2024\/07\/Palacio-Santa-Paula.jpg 750w, https:\/\/ciudadconalma.es\/granada\/wp-content\/uploads\/sites\/3\/2024\/07\/Palacio-Santa-Paula-300x150.jpg 300w, https:\/\/ciudadconalma.es\/granada\/wp-content\/uploads\/sites\/3\/2024\/07\/Palacio-Santa-Paula-360x180.jpg 360w\" data-sizes=\"auto\" data-expand=\"700\" \/><\/div><\/a>\n                        <div class=\"jeg_post_category\">\n                            <span><a href=\"https:\/\/ciudadconalma.es\/granada\/category\/granada\/\" class=\"category-granada\">Granada<\/a><\/span>\n                        <\/div>\n                    <\/div>\n                    <div class=\"jeg_postblock_content\">\n                        <h3 class=\"jeg_post_title\">\n                            <a href=\"https:\/\/ciudadconalma.es\/granada\/el-lujo-y-la-elegancia-en-granada-palacio-de-santa-paula\/\">El lujo y la elegancia en Granada: Palacio de Santa Paula<\/a>\n                        <\/h3>\n                        <div class=\"jeg_post_meta\"><div class=\"jeg_meta_date\"><a href=\"https:\/\/ciudadconalma.es\/granada\/el-lujo-y-la-elegancia-en-granada-palacio-de-santa-paula\/\"><i class=\"fa fa-clock-o\"><\/i> 15 de julio de 2024<\/a><\/div><div class=\"jeg_meta_comment\"><a href=\"https:\/\/ciudadconalma.es\/granada\/el-lujo-y-la-elegancia-en-granada-palacio-de-santa-paula\/#comments\" ><i class=\"fa fa-comment-o\"><\/i> 10966 <\/a><\/div><\/div>\n                        <div class=\"jeg_post_excerpt\">\n                            <p>El lujo y la elegancia en Granada: Palacio de Santa Paula Hotel Santa Paula, un delicioso lugar que esconde la elegancia y singularidad de un Palacio, Palacio de Santa Paula,...<\/p>\n                        <\/div>\n                    <\/div>\n                <\/article><article class=\"jeg_post jeg_pl_md_1 format-standard\">\n                    <div class=\"jeg_thumb\">\n                        \n                        <a href=\"https:\/\/ciudadconalma.es\/granada\/sacromonte-el-alma-gitana-de-granada-que-te-hara-vibrar\/\"><div class=\"thumbnail-container animate-lazy  size-715 \"><img width=\"750\" height=\"375\" src=\"https:\/\/ciudadconalma.es\/granada\/wp-content\/themes\/jnews\/assets\/img\/jeg-empty.png\" class=\"attachment-jnews-750x536 size-jnews-750x536 lazyload wp-post-image\" alt=\"Sacromonte\" decoding=\"async\" loading=\"lazy\" sizes=\"(max-width: 750px) 100vw, 750px\" data-src=\"https:\/\/ciudadconalma.es\/granada\/wp-content\/uploads\/sites\/3\/2024\/06\/Sacromonte.jpg\" data-srcset=\"https:\/\/ciudadconalma.es\/granada\/wp-content\/uploads\/sites\/3\/2024\/06\/Sacromonte.jpg 750w, https:\/\/ciudadconalma.es\/granada\/wp-content\/uploads\/sites\/3\/2024\/06\/Sacromonte-300x150.jpg 300w, https:\/\/ciudadconalma.es\/granada\/wp-content\/uploads\/sites\/3\/2024\/06\/Sacromonte-360x180.jpg 360w\" data-sizes=\"auto\" data-expand=\"700\" \/><\/div><\/a>\n                        <div class=\"jeg_post_category\">\n                            <span><a href=\"https:\/\/ciudadconalma.es\/granada\/category\/granada\/\" class=\"category-granada\">Granada<\/a><\/span>\n                        <\/div>\n                    <\/div>\n                    <div class=\"jeg_postblock_content\">\n                        <h3 class=\"jeg_post_title\">\n                            <a href=\"https:\/\/ciudadconalma.es\/granada\/sacromonte-el-alma-gitana-de-granada-que-te-hara-vibrar\/\">Sacromonte: El alma gitana de Granada que te har\u00e1 vibrar<\/a>\n                        <\/h3>\n                        <div class=\"jeg_post_meta\"><div class=\"jeg_meta_date\"><a href=\"https:\/\/ciudadconalma.es\/granada\/sacromonte-el-alma-gitana-de-granada-que-te-hara-vibrar\/\"><i class=\"fa fa-clock-o\"><\/i> 27 de junio de 2024<\/a><\/div><div class=\"jeg_meta_comment\"><a href=\"https:\/\/ciudadconalma.es\/granada\/sacromonte-el-alma-gitana-de-granada-que-te-hara-vibrar\/#comments\" ><i class=\"fa fa-comment-o\"><\/i> 2092 <\/a><\/div><\/div>\n                        <div class=\"jeg_post_excerpt\">\n                            <p>Sacromonte: El alma gitana de Granada que te har\u00e1 vibrar Descubrir el Sacromonte es como adentrarse en un cuento donde la historia, la cultura y la magia se entrelazan para...<\/p>\n                        <\/div>\n                    <\/div>\n                <\/article><article class=\"jeg_post jeg_pl_sm format-standard\">\n                    <div class=\"jeg_thumb\">\n                        \n                        <a href=\"https:\/\/ciudadconalma.es\/granada\/como-disfrutar-del-centro-historico-de-granada\/\"><div class=\"thumbnail-container animate-lazy  size-715 \"><img width=\"120\" height=\"86\" src=\"https:\/\/ciudadconalma.es\/granada\/wp-content\/themes\/jnews\/assets\/img\/jeg-empty.png\" class=\"attachment-jnews-120x86 size-jnews-120x86 lazyload wp-post-image\" alt=\"centro hist\u00f3rico de Granada\" decoding=\"async\" loading=\"lazy\" sizes=\"(max-width: 120px) 100vw, 120px\" data-src=\"https:\/\/ciudadconalma.es\/granada\/wp-content\/uploads\/sites\/3\/2024\/06\/centro-historico-de-Granada-120x86.jpg\" data-srcset=\"https:\/\/ciudadconalma.es\/granada\/wp-content\/uploads\/sites\/3\/2024\/06\/centro-historico-de-Granada-120x86.jpg 120w, https:\/\/ciudadconalma.es\/granada\/wp-content\/uploads\/sites\/3\/2024\/06\/centro-historico-de-Granada-350x250.jpg 350w\" data-sizes=\"auto\" data-expand=\"700\" \/><\/div><\/a>\n                        \n                    <\/div>\n                    <div class=\"jeg_postblock_content\">\n                        <h3 class=\"jeg_post_title\">\n                            <a href=\"https:\/\/ciudadconalma.es\/granada\/como-disfrutar-del-centro-historico-de-granada\/\">C\u00f3mo disfrutar del centro hist\u00f3rico de Granada<\/a>\n                        <\/h3>\n                        <div class=\"jeg_post_meta\"><div class=\"jeg_meta_date\"><a href=\"https:\/\/ciudadconalma.es\/granada\/como-disfrutar-del-centro-historico-de-granada\/\" ><i class=\"fa fa-clock-o\"><\/i> 20 de junio de 2024<\/a><\/div><\/div>\n                    <\/div>\n                <\/article><article class=\"jeg_post jeg_pl_sm format-standard\">\n                    <div class=\"jeg_thumb\">\n                        \n                        <a href=\"https:\/\/ciudadconalma.es\/granada\/mejores-librerias-de-granada\/\"><div class=\"thumbnail-container animate-lazy  size-715 \"><img width=\"120\" height=\"86\" src=\"https:\/\/ciudadconalma.es\/granada\/wp-content\/themes\/jnews\/assets\/img\/jeg-empty.png\" class=\"attachment-jnews-120x86 size-jnews-120x86 lazyload wp-post-image\" alt=\"Mejores librer\u00edas de Granada\" decoding=\"async\" loading=\"lazy\" sizes=\"(max-width: 120px) 100vw, 120px\" data-src=\"https:\/\/ciudadconalma.es\/granada\/wp-content\/uploads\/sites\/3\/2024\/06\/mejores-librerias-de-granada-120x86.jpg\" data-srcset=\"https:\/\/ciudadconalma.es\/granada\/wp-content\/uploads\/sites\/3\/2024\/06\/mejores-librerias-de-granada-120x86.jpg 120w, https:\/\/ciudadconalma.es\/granada\/wp-content\/uploads\/sites\/3\/2024\/06\/mejores-librerias-de-granada-350x250.jpg 350w\" data-sizes=\"auto\" data-expand=\"700\" \/><\/div><\/a>\n                        \n                    <\/div>\n                    <div class=\"jeg_postblock_content\">\n                        <h3 class=\"jeg_post_title\">\n                            <a href=\"https:\/\/ciudadconalma.es\/granada\/mejores-librerias-de-granada\/\">Mejores librer\u00edas de Granada<\/a>\n                        <\/h3>\n                        <div class=\"jeg_post_meta\"><div class=\"jeg_meta_date\"><a href=\"https:\/\/ciudadconalma.es\/granada\/mejores-librerias-de-granada\/\" ><i class=\"fa fa-clock-o\"><\/i> 17 de junio de 2024<\/a><\/div><\/div>\n                    <\/div>\n                <\/article>\n                    <\/div>\n                <\/div>\n                    <div class='module-overlay'>\n\t\t\t\t    <div class='preloader_type preloader_dot'>\n\t\t\t\t        <div class=\"module-preloader jeg_preloader dot\">\n\t\t\t\t            <span><\/span><span><\/span><span><\/span>\n\t\t\t\t        <\/div>\n\t\t\t\t        <div class=\"module-preloader jeg_preloader circle\">\n\t\t\t\t            <div class=\"jnews_preloader_circle_outer\">\n\t\t\t\t                <div class=\"jnews_preloader_circle_inner\"><\/div>\n\t\t\t\t            <\/div>\n\t\t\t\t        <\/div>\n\t\t\t\t        <div class=\"module-preloader jeg_preloader square\">\n\t\t\t\t            <div class=\"jeg_square\">\n\t\t\t\t                <div class=\"jeg_square_inner\"><\/div>\n\t\t\t\t            <\/div>\n\t\t\t\t        <\/div>\n\t\t\t\t    <\/div>\n\t\t\t\t<\/div>\n                <\/div>\n                <div class=\"jeg_block_navigation\">\n                    <div class='navigation_overlay'><div class='module-preloader jeg_preloader'><span><\/span><span><\/span><span><\/span><\/div><\/div>\n                    \n                    \n                <\/div>\n\t\t\t\t\t\n\t\t\t\t\t<script>var jnews_module__3_69f45d525f7ad = {\"header_icon\":\"\",\"first_title\":\"Granada\",\"second_title\":\"\",\"url\":\"\",\"header_type\":\"heading_6\",\"header_background\":\"\",\"header_secondary_background\":\"\",\"header_text_color\":\"\",\"header_line_color\":\"\",\"header_accent_color\":\"\",\"header_filter_category\":\"\",\"header_filter_author\":\"\",\"header_filter_tag\":\"\",\"header_filter_text\":\"All\",\"post_type\":\"post\",\"content_type\":\"all\",\"sponsor\":\"\",\"number_post\":\"4\",\"post_offset\":\"0\",\"unique_content\":\"unique1\",\"include_post\":\"\",\"included_only\":\"\",\"exclude_post\":\"\",\"include_category\":\"1\",\"exclude_category\":\"\",\"include_author\":\"\",\"include_tag\":\"\",\"exclude_tag\":\"\",\"sort_by\":\"latest\",\"date_format\":\"default\",\"date_format_custom\":\"Y\\\/m\\\/d\",\"excerpt_length\":\"30\",\"excerpt_ellipsis\":\"...\",\"force_normal_image_load\":\"\",\"pagination_mode\":\"disable\",\"pagination_nextprev_showtext\":\"\",\"pagination_number_post\":4,\"pagination_scroll_limit\":0,\"boxed\":\"\",\"boxed_shadow\":\"\",\"el_id\":\"\",\"el_class\":\"\",\"scheme\":\"\",\"column_width\":\"auto\",\"title_color\":\"\",\"accent_color\":\"\",\"alt_color\":\"\",\"excerpt_color\":\"\",\"css\":\"\",\"compatible_column_notice\":\"\",\"paged\":1,\"column_class\":\"jeg_col_2o3\",\"class\":\"jnews_block_17\"};<\/script>\n\t\t\t\t<\/div>[\/vc_column][\/vc_row][vc_row disable_element=\u00bbyes\u00bb vc_row_background=\u00bb\u00bb][vc_column width=\u00bb2\/3&#8243;]<div  class=\"jeg_postblock_9 jeg_postblock jeg_module_hook jeg_pagination_disable jeg_col_2o3 jnews_module__4_69f45d52628f0   \" data-unique=\"jnews_module__4_69f45d52628f0\">\n\t\t\t\t\t<div class=\"jeg_block_heading jeg_block_heading_6 jeg_subcat_right\">\n                     <h3 class=\"jeg_block_title\"><span>Belleza<\/span><\/h3>\n                     \n                 <\/div>\n\t\t\t\t\t<div class=\"jeg_block_container\">\n                    \n                    <div class='jeg_empty_module'>No Content Available<\/div>\n                    <div class='module-overlay'>\n\t\t\t\t    <div class='preloader_type preloader_dot'>\n\t\t\t\t        <div class=\"module-preloader jeg_preloader dot\">\n\t\t\t\t            <span><\/span><span><\/span><span><\/span>\n\t\t\t\t        <\/div>\n\t\t\t\t        <div class=\"module-preloader jeg_preloader circle\">\n\t\t\t\t            <div class=\"jnews_preloader_circle_outer\">\n\t\t\t\t                <div class=\"jnews_preloader_circle_inner\"><\/div>\n\t\t\t\t            <\/div>\n\t\t\t\t        <\/div>\n\t\t\t\t        <div class=\"module-preloader jeg_preloader square\">\n\t\t\t\t            <div class=\"jeg_square\">\n\t\t\t\t                <div class=\"jeg_square_inner\"><\/div>\n\t\t\t\t            <\/div>\n\t\t\t\t        <\/div>\n\t\t\t\t    <\/div>\n\t\t\t\t<\/div>\n                <\/div>\n                <div class=\"jeg_block_navigation\">\n                    <div class='navigation_overlay'><div class='module-preloader jeg_preloader'><span><\/span><span><\/span><span><\/span><\/div><\/div>\n                    \n                    \n                <\/div>\n\t\t\t\t\t\n\t\t\t\t\t<script>var jnews_module__4_69f45d52628f0 = {\"header_icon\":\"\",\"first_title\":\"Belleza\",\"second_title\":\"\",\"url\":\"\",\"header_type\":\"heading_6\",\"header_background\":\"\",\"header_secondary_background\":\"\",\"header_text_color\":\"\",\"header_line_color\":\"\",\"header_accent_color\":\"\",\"header_filter_category\":\"\",\"header_filter_author\":\"\",\"header_filter_tag\":\"\",\"header_filter_text\":\"All\",\"post_type\":\"post\",\"content_type\":\"all\",\"sponsor\":\"\",\"number_post\":\"4\",\"post_offset\":\"0\",\"unique_content\":\"disable\",\"include_post\":\"\",\"included_only\":\"\",\"exclude_post\":\"\",\"include_category\":\"20\",\"exclude_category\":\"\",\"include_author\":\"\",\"include_tag\":\"\",\"exclude_tag\":\"\",\"sort_by\":\"latest\",\"date_format\":\"default\",\"date_format_custom\":\"Y\\\/m\\\/d\",\"force_normal_image_load\":\"\",\"pagination_mode\":\"disable\",\"pagination_nextprev_showtext\":\"\",\"pagination_number_post\":4,\"pagination_scroll_limit\":0,\"boxed\":\"\",\"boxed_shadow\":\"\",\"el_id\":\"\",\"el_class\":\"\",\"scheme\":\"\",\"column_width\":\"auto\",\"title_color\":\"\",\"accent_color\":\"\",\"alt_color\":\"\",\"excerpt_color\":\"\",\"css\":\"\",\"compatible_column_notice\":\"\",\"paged\":1,\"column_class\":\"jeg_col_2o3\",\"class\":\"jnews_block_9\"};<\/script>\n\t\t\t\t<\/div>[\/vc_column][vc_column width=\u00bb1\/3&#8243; sticky_sidebar=\u00bbyes\u00bb set_as_sidebar=\u00bbyes\u00bb][vc_single_image image=\u00bb195&#8243; img_size=\u00bbfull\u00bb alignment=\u00bbcenter\u00bb onclick=\u00bbcustom_link\u00bb img_link_target=\u00bb_blank\u00bb link=\u00bbhttps:\/\/hcparquitectos.com\/\u00bb][\/vc_column][\/vc_row][vc_row disable_element=\u00bbyes\u00bb vc_row_background=\u00bb\u00bb][vc_column width=\u00bb1\/3&#8243; sticky_sidebar=\u00bbyes\u00bb set_as_sidebar=\u00bbyes\u00bb][vc_single_image image=\u00bb197&#8243; img_size=\u00bbfull\u00bb alignment=\u00bbcenter\u00bb onclick=\u00bbcustom_link\u00bb img_link_target=\u00bb_blank\u00bb link=\u00bbhttps:\/\/www.josemariaruizfotografia.com\/\u00bb][\/vc_column][vc_column width=\u00bb2\/3&#8243;]<div  class=\"jeg_postblock_1 jeg_postblock jeg_module_hook jeg_pagination_disable jeg_col_2o3 jnews_module__5_69f45d526373c   \" data-unique=\"jnews_module__5_69f45d526373c\">\n\t\t\t\t\t<div class=\"jeg_block_heading jeg_block_heading_6 jeg_subcat_right\">\n                     <h3 class=\"jeg_block_title\"><span>Moda<\/span><\/h3>\n                     \n                 <\/div>\n\t\t\t\t\t<div class=\"jeg_block_container jeg_load_more_flag\">\n\t\t\t\t\t\n\t\t\t\t\t<div class='jeg_empty_module'>No Content Available<\/div>\n\t\t\t\t\t<div class='module-overlay'>\n\t\t\t\t    <div class='preloader_type preloader_dot'>\n\t\t\t\t        <div class=\"module-preloader jeg_preloader dot\">\n\t\t\t\t            <span><\/span><span><\/span><span><\/span>\n\t\t\t\t        <\/div>\n\t\t\t\t        <div class=\"module-preloader jeg_preloader circle\">\n\t\t\t\t            <div class=\"jnews_preloader_circle_outer\">\n\t\t\t\t                <div class=\"jnews_preloader_circle_inner\"><\/div>\n\t\t\t\t            <\/div>\n\t\t\t\t        <\/div>\n\t\t\t\t        <div class=\"module-preloader jeg_preloader square\">\n\t\t\t\t            <div class=\"jeg_square\">\n\t\t\t\t                <div class=\"jeg_square_inner\"><\/div>\n\t\t\t\t            <\/div>\n\t\t\t\t        <\/div>\n\t\t\t\t    <\/div>\n\t\t\t\t<\/div>\n\t\t\t\t<\/div>\n\t\t\t\t<div class=\"jeg_block_navigation\">\n\t\t\t\t\t<div class='navigation_overlay'><div class='module-preloader jeg_preloader'><span><\/span><span><\/span><span><\/span><\/div><\/div>\n\t\t\t\t\t\n\t\t\t\t\t\n\t\t\t\t<\/div>\n\t\t\t\t\t\n\t\t\t\t\t<script>var jnews_module__5_69f45d526373c = {\"header_icon\":\"\",\"first_title\":\"Moda\",\"second_title\":\"\",\"url\":\"\",\"header_type\":\"heading_6\",\"header_background\":\"\",\"header_secondary_background\":\"\",\"header_text_color\":\"\",\"header_line_color\":\"\",\"header_accent_color\":\"\",\"header_filter_category\":\"\",\"header_filter_author\":\"\",\"header_filter_tag\":\"\",\"header_filter_text\":\"All\",\"post_type\":\"post\",\"content_type\":\"all\",\"sponsor\":\"\",\"number_post\":\"5\",\"post_offset\":\"0\",\"unique_content\":\"disable\",\"include_post\":\"\",\"included_only\":\"\",\"exclude_post\":\"\",\"include_category\":\"12\",\"exclude_category\":\"\",\"include_author\":\"\",\"include_tag\":\"\",\"exclude_tag\":\"\",\"sort_by\":\"latest\",\"date_format\":\"default\",\"date_format_custom\":\"Y\\\/m\\\/d\",\"excerpt_length\":\"20\",\"excerpt_ellipsis\":\"...\",\"force_normal_image_load\":\"\",\"pagination_mode\":\"disable\",\"pagination_nextprev_showtext\":\"\",\"pagination_number_post\":5,\"pagination_scroll_limit\":0,\"boxed\":\"\",\"boxed_shadow\":\"\",\"el_id\":\"\",\"el_class\":\"\",\"scheme\":\"\",\"column_width\":\"auto\",\"title_color\":\"\",\"accent_color\":\"\",\"alt_color\":\"\",\"excerpt_color\":\"\",\"css\":\"\",\"compatible_column_notice\":\"\",\"paged\":1,\"column_class\":\"jeg_col_2o3\",\"class\":\"jnews_block_1\"};<\/script>\n\t\t\t\t<\/div>[\/vc_column][\/vc_row][vc_row][vc_column][vc_single_image image=\u00bb62&#8243; img_size=\u00bbfull\u00bb alignment=\u00bbcenter\u00bb onclick=\u00bbcustom_link\u00bb img_link_target=\u00bb_blank\u00bb link=\u00bbhttps:\/\/www.mlgdiseno.es\/diseno-web\/granada\/\u00bb][\/vc_column][\/vc_row][vc_row disable_element=\u00bbyes\u00bb vc_row_background=\u00bb\u00bb][vc_column width=\u00bb2\/3&#8243;]<div  class=\"jeg_postblock_9 jeg_postblock jeg_module_hook jeg_pagination_disable jeg_col_2o3 jnews_module__6_69f45d5263c86   \" data-unique=\"jnews_module__6_69f45d5263c86\">\n\t\t\t\t\t<div class=\"jeg_block_heading jeg_block_heading_6 jeg_subcat_right\">\n                     <h3 class=\"jeg_block_title\"><span>Salud<\/span><\/h3>\n                     \n                 <\/div>\n\t\t\t\t\t<div class=\"jeg_block_container\">\n                    \n                    <div class='jeg_empty_module'>No Content Available<\/div>\n                    <div class='module-overlay'>\n\t\t\t\t    <div class='preloader_type preloader_dot'>\n\t\t\t\t        <div class=\"module-preloader jeg_preloader dot\">\n\t\t\t\t            <span><\/span><span><\/span><span><\/span>\n\t\t\t\t        <\/div>\n\t\t\t\t        <div class=\"module-preloader jeg_preloader circle\">\n\t\t\t\t            <div class=\"jnews_preloader_circle_outer\">\n\t\t\t\t                <div class=\"jnews_preloader_circle_inner\"><\/div>\n\t\t\t\t            <\/div>\n\t\t\t\t        <\/div>\n\t\t\t\t        <div class=\"module-preloader jeg_preloader square\">\n\t\t\t\t            <div class=\"jeg_square\">\n\t\t\t\t                <div class=\"jeg_square_inner\"><\/div>\n\t\t\t\t            <\/div>\n\t\t\t\t        <\/div>\n\t\t\t\t    <\/div>\n\t\t\t\t<\/div>\n                <\/div>\n                <div class=\"jeg_block_navigation\">\n                    <div class='navigation_overlay'><div class='module-preloader jeg_preloader'><span><\/span><span><\/span><span><\/span><\/div><\/div>\n                    \n                    \n                <\/div>\n\t\t\t\t\t\n\t\t\t\t\t<script>var jnews_module__6_69f45d5263c86 = {\"header_icon\":\"\",\"first_title\":\"Salud\",\"second_title\":\"\",\"url\":\"\",\"header_type\":\"heading_6\",\"header_background\":\"\",\"header_secondary_background\":\"\",\"header_text_color\":\"\",\"header_line_color\":\"\",\"header_accent_color\":\"\",\"header_filter_category\":\"\",\"header_filter_author\":\"\",\"header_filter_tag\":\"\",\"header_filter_text\":\"All\",\"post_type\":\"post\",\"content_type\":\"all\",\"sponsor\":\"\",\"number_post\":\"4\",\"post_offset\":\"0\",\"unique_content\":\"disable\",\"include_post\":\"\",\"included_only\":\"\",\"exclude_post\":\"\",\"include_category\":\"195\",\"exclude_category\":\"\",\"include_author\":\"\",\"include_tag\":\"\",\"exclude_tag\":\"\",\"sort_by\":\"latest\",\"date_format\":\"default\",\"date_format_custom\":\"Y\\\/m\\\/d\",\"force_normal_image_load\":\"\",\"pagination_mode\":\"disable\",\"pagination_nextprev_showtext\":\"\",\"pagination_number_post\":4,\"pagination_scroll_limit\":0,\"boxed\":\"\",\"boxed_shadow\":\"\",\"el_id\":\"\",\"el_class\":\"\",\"scheme\":\"\",\"column_width\":\"auto\",\"title_color\":\"\",\"accent_color\":\"\",\"alt_color\":\"\",\"excerpt_color\":\"\",\"css\":\"\",\"compatible_column_notice\":\"\",\"paged\":1,\"column_class\":\"jeg_col_2o3\",\"class\":\"jnews_block_9\"};<\/script>\n\t\t\t\t<\/div>[\/vc_column][vc_column width=\u00bb1\/3&#8243; sticky_sidebar=\u00bbyes\u00bb set_as_sidebar=\u00bbyes\u00bb][vc_single_image image=\u00bb943&#8243; img_size=\u00bbfull\u00bb alignment=\u00bbcenter\u00bb onclick=\u00bbcustom_link\u00bb img_link_target=\u00bb_blank\u00bb link=\u00bbhttps:\/\/mtr.cool\/EVMJAI\u00bb][\/vc_column][\/vc_row][vc_row disable_element=\u00bbyes\u00bb vc_row_background=\u00bb\u00bb][vc_column sticky_sidebar=\u00bbyes\u00bb set_as_sidebar=\u00bbyes\u00bb]<div  class=\"jeg_postblock_15 jeg_postblock jeg_module_hook jeg_pagination_disable jeg_col_2o3 jnews_module__7_69f45d52649a3   \" data-unique=\"jnews_module__7_69f45d52649a3\">\n\t\t\t\t\t<div class=\"jeg_block_heading jeg_block_heading_6 jeg_subcat_right\">\n                     <h3 class=\"jeg_block_title\"><span>Decoraci\u00f3n<\/span><\/h3>\n                     \n                 <\/div>\n\t\t\t\t\t<div class=\"jeg_block_container\">\n                    \n                    <div class='jeg_empty_module'>No Content Available<\/div>\n                    <div class='module-overlay'>\n\t\t\t\t    <div class='preloader_type preloader_dot'>\n\t\t\t\t        <div class=\"module-preloader jeg_preloader dot\">\n\t\t\t\t            <span><\/span><span><\/span><span><\/span>\n\t\t\t\t        <\/div>\n\t\t\t\t        <div class=\"module-preloader jeg_preloader circle\">\n\t\t\t\t            <div class=\"jnews_preloader_circle_outer\">\n\t\t\t\t                <div class=\"jnews_preloader_circle_inner\"><\/div>\n\t\t\t\t            <\/div>\n\t\t\t\t        <\/div>\n\t\t\t\t        <div class=\"module-preloader jeg_preloader square\">\n\t\t\t\t            <div class=\"jeg_square\">\n\t\t\t\t                <div class=\"jeg_square_inner\"><\/div>\n\t\t\t\t            <\/div>\n\t\t\t\t        <\/div>\n\t\t\t\t    <\/div>\n\t\t\t\t<\/div>\n                <\/div>\n                <div class=\"jeg_block_navigation\">\n                    <div class='navigation_overlay'><div class='module-preloader jeg_preloader'><span><\/span><span><\/span><span><\/span><\/div><\/div>\n                    \n                    \n                <\/div>\n\t\t\t\t\t\n\t\t\t\t\t<script>var jnews_module__7_69f45d52649a3 = {\"header_icon\":\"\",\"first_title\":\"Decoraci\\u00f3n\",\"second_title\":\"\",\"url\":\"\",\"header_type\":\"heading_6\",\"header_background\":\"\",\"header_secondary_background\":\"\",\"header_text_color\":\"\",\"header_line_color\":\"\",\"header_accent_color\":\"\",\"header_filter_category\":\"\",\"header_filter_author\":\"\",\"header_filter_tag\":\"\",\"header_filter_text\":\"All\",\"post_type\":\"post\",\"content_type\":\"all\",\"sponsor\":\"\",\"number_post\":\"3\",\"post_offset\":\"0\",\"unique_content\":\"disable\",\"include_post\":\"\",\"included_only\":\"\",\"exclude_post\":\"\",\"include_category\":\"93\",\"exclude_category\":\"\",\"include_author\":\"\",\"include_tag\":\"\",\"exclude_tag\":\"\",\"sort_by\":\"latest\",\"date_format\":\"default\",\"date_format_custom\":\"Y\\\/m\\\/d\",\"force_normal_image_load\":\"\",\"pagination_mode\":\"disable\",\"pagination_nextprev_showtext\":\"\",\"pagination_number_post\":4,\"pagination_scroll_limit\":0,\"el_id\":\"\",\"el_class\":\"\",\"scheme\":\"\",\"column_width\":\"auto\",\"title_color\":\"\",\"accent_color\":\"\",\"alt_color\":\"\",\"excerpt_color\":\"\",\"css\":\"\",\"compatible_column_notice\":\"\",\"paged\":1,\"column_class\":\"jeg_col_2o3\",\"class\":\"jnews_block_15\"};<\/script>\n\t\t\t\t<\/div>[\/vc_column][\/vc_row][vc_row][vc_column width=\u00bb2\/3&#8243;]<div  class=\"jeg_postblock_9 jeg_postblock jeg_module_hook jeg_pagination_disable jeg_col_2o3 jnews_module__8_69f45d5265050   \" data-unique=\"jnews_module__8_69f45d5265050\">\n\t\t\t\t\t<div class=\"jeg_block_heading jeg_block_heading_6 jeg_subcat_right\">\n                     <h3 class=\"jeg_block_title\"><span>Ocio<\/span><\/h3>\n                     \n                 <\/div>\n\t\t\t\t\t<div class=\"jeg_block_container\">\n                    \n                    <div class=\"jeg_posts_wrap\"><div class=\"jeg_posts jeg_load_more_flag\"><article class=\"jeg_post jeg_pl_md_1 format-standard\">\n                    <div class=\"jeg_thumb\">\n                        \n                        <a href=\"https:\/\/ciudadconalma.es\/granada\/descubre-la-magia-de-granada-en-verano-actividades-para-hacer-con-ninos\/\"><div class=\"thumbnail-container animate-lazy  size-500 \"><img width=\"360\" height=\"180\" src=\"https:\/\/ciudadconalma.es\/granada\/wp-content\/themes\/jnews\/assets\/img\/jeg-empty.png\" class=\"attachment-jnews-360x180 size-jnews-360x180 lazyload wp-post-image\" alt=\"Granada en verano\" decoding=\"async\" loading=\"lazy\" sizes=\"(max-width: 360px) 100vw, 360px\" data-src=\"https:\/\/ciudadconalma.es\/granada\/wp-content\/uploads\/sites\/3\/2024\/07\/actividades-en-verano-con-ninos-360x180.jpg\" data-srcset=\"https:\/\/ciudadconalma.es\/granada\/wp-content\/uploads\/sites\/3\/2024\/07\/actividades-en-verano-con-ninos-360x180.jpg 360w, https:\/\/ciudadconalma.es\/granada\/wp-content\/uploads\/sites\/3\/2024\/07\/actividades-en-verano-con-ninos-300x150.jpg 300w, https:\/\/ciudadconalma.es\/granada\/wp-content\/uploads\/sites\/3\/2024\/07\/actividades-en-verano-con-ninos.jpg 750w\" data-sizes=\"auto\" data-expand=\"700\" \/><\/div><\/a>\n                        <div class=\"jeg_post_category\">\n                            <span><a href=\"https:\/\/ciudadconalma.es\/granada\/category\/ocio\/\" class=\"category-ocio\">Ocio<\/a><\/span>\n                        <\/div>\n                    <\/div>\n                    <div class=\"jeg_postblock_content\">\n                        <h3 class=\"jeg_post_title\">\n                            <a href=\"https:\/\/ciudadconalma.es\/granada\/descubre-la-magia-de-granada-en-verano-actividades-para-hacer-con-ninos\/\">Descubre la magia de Granada en verano: Actividades para hacer con ni\u00f1os<\/a>\n                        <\/h3>\n                        <div class=\"jeg_post_meta\"><div class=\"jeg_meta_date\"><a href=\"https:\/\/ciudadconalma.es\/granada\/descubre-la-magia-de-granada-en-verano-actividades-para-hacer-con-ninos\/\" ><i class=\"fa fa-clock-o\"><\/i> 4 de julio de 2024<\/a><\/div><\/div>\n                    <\/div>\n                <\/article><article class=\"jeg_post jeg_pl_md_1 format-standard\">\n                    <div class=\"jeg_thumb\">\n                        \n                        <a href=\"https:\/\/ciudadconalma.es\/granada\/descubre-los-planes-nocturnos-mas-vibrantes-en-granada\/\"><div class=\"thumbnail-container animate-lazy  size-500 \"><img width=\"360\" height=\"180\" src=\"https:\/\/ciudadconalma.es\/granada\/wp-content\/themes\/jnews\/assets\/img\/jeg-empty.png\" class=\"attachment-jnews-360x180 size-jnews-360x180 lazyload wp-post-image\" alt=\"Granada\" decoding=\"async\" loading=\"lazy\" sizes=\"(max-width: 360px) 100vw, 360px\" data-src=\"https:\/\/ciudadconalma.es\/granada\/wp-content\/uploads\/sites\/3\/2024\/06\/planes-nocturnos-en-Granada-360x180.jpg\" data-srcset=\"https:\/\/ciudadconalma.es\/granada\/wp-content\/uploads\/sites\/3\/2024\/06\/planes-nocturnos-en-Granada-360x180.jpg 360w, https:\/\/ciudadconalma.es\/granada\/wp-content\/uploads\/sites\/3\/2024\/06\/planes-nocturnos-en-Granada-300x150.jpg 300w, https:\/\/ciudadconalma.es\/granada\/wp-content\/uploads\/sites\/3\/2024\/06\/planes-nocturnos-en-Granada.jpg 750w\" data-sizes=\"auto\" data-expand=\"700\" \/><\/div><\/a>\n                        <div class=\"jeg_post_category\">\n                            <span><a href=\"https:\/\/ciudadconalma.es\/granada\/category\/ocio\/\" class=\"category-ocio\">Ocio<\/a><\/span>\n                        <\/div>\n                    <\/div>\n                    <div class=\"jeg_postblock_content\">\n                        <h3 class=\"jeg_post_title\">\n                            <a href=\"https:\/\/ciudadconalma.es\/granada\/descubre-los-planes-nocturnos-mas-vibrantes-en-granada\/\">Descubre los planes nocturnos m\u00e1s vibrantes en Granada<\/a>\n                        <\/h3>\n                        <div class=\"jeg_post_meta\"><div class=\"jeg_meta_date\"><a href=\"https:\/\/ciudadconalma.es\/granada\/descubre-los-planes-nocturnos-mas-vibrantes-en-granada\/\" ><i class=\"fa fa-clock-o\"><\/i> 1 de julio de 2024<\/a><\/div><\/div>\n                    <\/div>\n                <\/article><article class=\"jeg_post jeg_pl_md_1 format-standard\">\n                    <div class=\"jeg_thumb\">\n                        \n                        <a href=\"https:\/\/ciudadconalma.es\/granada\/73-edicion-del-festival-de-granada\/\"><div class=\"thumbnail-container animate-lazy  size-500 \"><img width=\"360\" height=\"180\" src=\"https:\/\/ciudadconalma.es\/granada\/wp-content\/themes\/jnews\/assets\/img\/jeg-empty.png\" class=\"attachment-jnews-360x180 size-jnews-360x180 lazyload wp-post-image\" alt=\"73 Edici\u00f3n del Festival de Granada\" decoding=\"async\" loading=\"lazy\" sizes=\"(max-width: 360px) 100vw, 360px\" data-src=\"https:\/\/ciudadconalma.es\/granada\/wp-content\/uploads\/sites\/3\/2024\/05\/Festival-de-Granada-01-360x180.jpg\" data-srcset=\"https:\/\/ciudadconalma.es\/granada\/wp-content\/uploads\/sites\/3\/2024\/05\/Festival-de-Granada-01-360x180.jpg 360w, https:\/\/ciudadconalma.es\/granada\/wp-content\/uploads\/sites\/3\/2024\/05\/Festival-de-Granada-01-300x150.jpg 300w, https:\/\/ciudadconalma.es\/granada\/wp-content\/uploads\/sites\/3\/2024\/05\/Festival-de-Granada-01.jpg 750w\" data-sizes=\"auto\" data-expand=\"700\" \/><\/div><\/a>\n                        <div class=\"jeg_post_category\">\n                            <span><a href=\"https:\/\/ciudadconalma.es\/granada\/category\/ocio\/\" class=\"category-ocio\">Ocio<\/a><\/span>\n                        <\/div>\n                    <\/div>\n                    <div class=\"jeg_postblock_content\">\n                        <h3 class=\"jeg_post_title\">\n                            <a href=\"https:\/\/ciudadconalma.es\/granada\/73-edicion-del-festival-de-granada\/\">73 Edici\u00f3n del Festival de Granada<\/a>\n                        <\/h3>\n                        <div class=\"jeg_post_meta\"><div class=\"jeg_meta_date\"><a href=\"https:\/\/ciudadconalma.es\/granada\/73-edicion-del-festival-de-granada\/\" ><i class=\"fa fa-clock-o\"><\/i> 27 de mayo de 2024<\/a><\/div><\/div>\n                    <\/div>\n                <\/article><article class=\"jeg_post jeg_pl_md_1 format-standard\">\n                    <div class=\"jeg_thumb\">\n                        \n                        <a href=\"https:\/\/ciudadconalma.es\/granada\/disfruta-de-la-film-symphony-orchestra-en-granada\/\"><div class=\"thumbnail-container animate-lazy  size-500 \"><img width=\"360\" height=\"180\" src=\"https:\/\/ciudadconalma.es\/granada\/wp-content\/themes\/jnews\/assets\/img\/jeg-empty.png\" class=\"attachment-jnews-360x180 size-jnews-360x180 lazyload wp-post-image\" alt=\"Film Symphony Orchestra\" decoding=\"async\" loading=\"lazy\" sizes=\"(max-width: 360px) 100vw, 360px\" data-src=\"https:\/\/ciudadconalma.es\/granada\/wp-content\/uploads\/sites\/3\/2024\/05\/Film-Symphony-Orchestra-360x180.jpg\" data-srcset=\"https:\/\/ciudadconalma.es\/granada\/wp-content\/uploads\/sites\/3\/2024\/05\/Film-Symphony-Orchestra-360x180.jpg 360w, https:\/\/ciudadconalma.es\/granada\/wp-content\/uploads\/sites\/3\/2024\/05\/Film-Symphony-Orchestra-300x150.jpg 300w, https:\/\/ciudadconalma.es\/granada\/wp-content\/uploads\/sites\/3\/2024\/05\/Film-Symphony-Orchestra.jpg 750w\" data-sizes=\"auto\" data-expand=\"700\" \/><\/div><\/a>\n                        <div class=\"jeg_post_category\">\n                            <span><a href=\"https:\/\/ciudadconalma.es\/granada\/category\/ocio\/\" class=\"category-ocio\">Ocio<\/a><\/span>\n                        <\/div>\n                    <\/div>\n                    <div class=\"jeg_postblock_content\">\n                        <h3 class=\"jeg_post_title\">\n                            <a href=\"https:\/\/ciudadconalma.es\/granada\/disfruta-de-la-film-symphony-orchestra-en-granada\/\">Disfruta de la Film Symphony Orchestra en Granada<\/a>\n                        <\/h3>\n                        <div class=\"jeg_post_meta\"><div class=\"jeg_meta_date\"><a href=\"https:\/\/ciudadconalma.es\/granada\/disfruta-de-la-film-symphony-orchestra-en-granada\/\" ><i class=\"fa fa-clock-o\"><\/i> 9 de mayo de 2024<\/a><\/div><\/div>\n                    <\/div>\n                <\/article><\/div><\/div>\n                    <div class='module-overlay'>\n\t\t\t\t    <div class='preloader_type preloader_dot'>\n\t\t\t\t        <div class=\"module-preloader jeg_preloader dot\">\n\t\t\t\t            <span><\/span><span><\/span><span><\/span>\n\t\t\t\t        <\/div>\n\t\t\t\t        <div class=\"module-preloader jeg_preloader circle\">\n\t\t\t\t            <div class=\"jnews_preloader_circle_outer\">\n\t\t\t\t                <div class=\"jnews_preloader_circle_inner\"><\/div>\n\t\t\t\t            <\/div>\n\t\t\t\t        <\/div>\n\t\t\t\t        <div class=\"module-preloader jeg_preloader square\">\n\t\t\t\t            <div class=\"jeg_square\">\n\t\t\t\t                <div class=\"jeg_square_inner\"><\/div>\n\t\t\t\t            <\/div>\n\t\t\t\t        <\/div>\n\t\t\t\t    <\/div>\n\t\t\t\t<\/div>\n                <\/div>\n                <div class=\"jeg_block_navigation\">\n                    <div class='navigation_overlay'><div class='module-preloader jeg_preloader'><span><\/span><span><\/span><span><\/span><\/div><\/div>\n                    \n                    \n                <\/div>\n\t\t\t\t\t\n\t\t\t\t\t<script>var jnews_module__8_69f45d5265050 = {\"header_icon\":\"\",\"first_title\":\"Ocio\",\"second_title\":\"\",\"url\":\"\",\"header_type\":\"heading_6\",\"header_background\":\"\",\"header_secondary_background\":\"\",\"header_text_color\":\"\",\"header_line_color\":\"\",\"header_accent_color\":\"\",\"header_filter_category\":\"\",\"header_filter_author\":\"\",\"header_filter_tag\":\"\",\"header_filter_text\":\"All\",\"post_type\":\"post\",\"content_type\":\"all\",\"sponsor\":\"\",\"number_post\":\"4\",\"post_offset\":\"0\",\"unique_content\":\"disable\",\"include_post\":\"\",\"included_only\":\"\",\"exclude_post\":\"\",\"include_category\":\"4\",\"exclude_category\":\"\",\"include_author\":\"\",\"include_tag\":\"\",\"exclude_tag\":\"\",\"sort_by\":\"latest\",\"date_format\":\"default\",\"date_format_custom\":\"Y\\\/m\\\/d\",\"force_normal_image_load\":\"\",\"pagination_mode\":\"disable\",\"pagination_nextprev_showtext\":\"\",\"pagination_number_post\":4,\"pagination_scroll_limit\":0,\"boxed\":\"\",\"boxed_shadow\":\"\",\"el_id\":\"\",\"el_class\":\"\",\"scheme\":\"\",\"column_width\":\"auto\",\"title_color\":\"\",\"accent_color\":\"\",\"alt_color\":\"\",\"excerpt_color\":\"\",\"css\":\"\",\"compatible_column_notice\":\"\",\"paged\":1,\"column_class\":\"jeg_col_2o3\",\"class\":\"jnews_block_9\"};<\/script>\n\t\t\t\t<\/div>[\/vc_column][vc_column width=\u00bb1\/3&#8243; sticky_sidebar=\u00bbyes\u00bb set_as_sidebar=\u00bbyes\u00bb][vc_single_image image=\u00bb65&#8243; img_size=\u00bbfull\u00bb alignment=\u00bbcenter\u00bb onclick=\u00bbcustom_link\u00bb img_link_target=\u00bb_blank\u00bb link=\u00bbhttps:\/\/grupoplumagica.com\/holograma-comunicacion\/\u00bb][\/vc_column][\/vc_row][vc_row][vc_column sticky_sidebar=\u00bbyes\u00bb set_as_sidebar=\u00bbyes\u00bb]<div  class=\"jeg_postblock_15 jeg_postblock jeg_module_hook jeg_pagination_disable jeg_col_2o3 jnews_module__9_69f45d5267b62   \" data-unique=\"jnews_module__9_69f45d5267b62\">\n\t\t\t\t\t<div class=\"jeg_block_heading jeg_block_heading_6 jeg_subcat_right\">\n                     <h3 class=\"jeg_block_title\"><span>De Ruta<\/span><\/h3>\n                     \n                 <\/div>\n\t\t\t\t\t<div class=\"jeg_block_container\">\n                    \n                    <div class=\"jeg_posts_wrap\"><div class=\"jeg_posts jeg_load_more_flag\"><article class=\"jeg_post jeg_pl_md_box format-standard\">\n                    <div class=\"box_wrap\">\n                        <div class=\"jeg_thumb\">\n                            \n                            <a href=\"https:\/\/ciudadconalma.es\/granada\/de-ruta-por-trevelez\/\"><div class=\"thumbnail-container animate-lazy  size-715 \"><img width=\"350\" height=\"250\" src=\"https:\/\/ciudadconalma.es\/granada\/wp-content\/themes\/jnews\/assets\/img\/jeg-empty.png\" class=\"attachment-jnews-350x250 size-jnews-350x250 lazyload wp-post-image\" alt=\"Trev\u00e9lez\" decoding=\"async\" loading=\"lazy\" sizes=\"(max-width: 350px) 100vw, 350px\" data-src=\"https:\/\/ciudadconalma.es\/granada\/wp-content\/uploads\/sites\/3\/2024\/06\/De-ruta-por-Trevelez-350x250.jpg\" data-srcset=\"https:\/\/ciudadconalma.es\/granada\/wp-content\/uploads\/sites\/3\/2024\/06\/De-ruta-por-Trevelez-350x250.jpg 350w, https:\/\/ciudadconalma.es\/granada\/wp-content\/uploads\/sites\/3\/2024\/06\/De-ruta-por-Trevelez-120x86.jpg 120w\" data-sizes=\"auto\" data-expand=\"700\" \/><\/div><\/a>\n                            <div class=\"jeg_post_category\">\n                                <span><a href=\"https:\/\/ciudadconalma.es\/granada\/category\/de-ruta\/\" class=\"category-de-ruta\">De Ruta<\/a><\/span>\n                            <\/div>\n                        <\/div>\n                        <div class=\"jeg_postblock_content\">\n                            <h3 class=\"jeg_post_title\">\n                                <a href=\"https:\/\/ciudadconalma.es\/granada\/de-ruta-por-trevelez\/\">De ruta por Trev\u00e9lez<\/a>\n                            <\/h3>\n                            <div class=\"jeg_post_meta\"><div class=\"jeg_meta_date\"><a href=\"https:\/\/ciudadconalma.es\/granada\/de-ruta-por-trevelez\/\" ><i class=\"fa fa-clock-o\"><\/i> 6 de junio de 2024<\/a><\/div><\/div>\n                        <\/div>\n                    <\/div>\n                <\/article><article class=\"jeg_post jeg_pl_md_box format-standard\">\n                    <div class=\"box_wrap\">\n                        <div class=\"jeg_thumb\">\n                            \n                            <a href=\"https:\/\/ciudadconalma.es\/granada\/de-ruta-por-alhama-de-granada\/\"><div class=\"thumbnail-container animate-lazy  size-715 \"><img width=\"350\" height=\"250\" src=\"https:\/\/ciudadconalma.es\/granada\/wp-content\/themes\/jnews\/assets\/img\/jeg-empty.png\" class=\"attachment-jnews-350x250 size-jnews-350x250 lazyload wp-post-image\" alt=\"Alhama de Granada\" decoding=\"async\" loading=\"lazy\" sizes=\"(max-width: 350px) 100vw, 350px\" data-src=\"https:\/\/ciudadconalma.es\/granada\/wp-content\/uploads\/sites\/3\/2024\/04\/cabeceras-de-Granada-13-350x250.jpg\" data-srcset=\"https:\/\/ciudadconalma.es\/granada\/wp-content\/uploads\/sites\/3\/2024\/04\/cabeceras-de-Granada-13-350x250.jpg 350w, https:\/\/ciudadconalma.es\/granada\/wp-content\/uploads\/sites\/3\/2024\/04\/cabeceras-de-Granada-13-120x86.jpg 120w\" data-sizes=\"auto\" data-expand=\"700\" \/><\/div><\/a>\n                            <div class=\"jeg_post_category\">\n                                <span><a href=\"https:\/\/ciudadconalma.es\/granada\/category\/de-ruta\/\" class=\"category-de-ruta\">De Ruta<\/a><\/span>\n                            <\/div>\n                        <\/div>\n                        <div class=\"jeg_postblock_content\">\n                            <h3 class=\"jeg_post_title\">\n                                <a href=\"https:\/\/ciudadconalma.es\/granada\/de-ruta-por-alhama-de-granada\/\">De ruta por Alhama de Granada<\/a>\n                            <\/h3>\n                            <div class=\"jeg_post_meta\"><div class=\"jeg_meta_date\"><a href=\"https:\/\/ciudadconalma.es\/granada\/de-ruta-por-alhama-de-granada\/\" ><i class=\"fa fa-clock-o\"><\/i> 23 de abril de 2024<\/a><\/div><\/div>\n                        <\/div>\n                    <\/div>\n                <\/article><article class=\"jeg_post jeg_pl_md_box format-standard\">\n                    <div class=\"box_wrap\">\n                        <div class=\"jeg_thumb\">\n                            \n                            <a href=\"https:\/\/ciudadconalma.es\/granada\/de-ruta-por-salobrena\/\"><div class=\"thumbnail-container animate-lazy  size-715 \"><img width=\"350\" height=\"250\" src=\"https:\/\/ciudadconalma.es\/granada\/wp-content\/themes\/jnews\/assets\/img\/jeg-empty.png\" class=\"attachment-jnews-350x250 size-jnews-350x250 lazyload wp-post-image\" alt=\"Salobre\u00f1a\" decoding=\"async\" loading=\"lazy\" sizes=\"(max-width: 350px) 100vw, 350px\" data-src=\"https:\/\/ciudadconalma.es\/granada\/wp-content\/uploads\/sites\/3\/2024\/04\/cabeceras-de-Granada-8-350x250.jpg\" data-srcset=\"https:\/\/ciudadconalma.es\/granada\/wp-content\/uploads\/sites\/3\/2024\/04\/cabeceras-de-Granada-8-350x250.jpg 350w, https:\/\/ciudadconalma.es\/granada\/wp-content\/uploads\/sites\/3\/2024\/04\/cabeceras-de-Granada-8-120x86.jpg 120w\" data-sizes=\"auto\" data-expand=\"700\" \/><\/div><\/a>\n                            <div class=\"jeg_post_category\">\n                                <span><a href=\"https:\/\/ciudadconalma.es\/granada\/category\/de-ruta\/\" class=\"category-de-ruta\">De Ruta<\/a><\/span>\n                            <\/div>\n                        <\/div>\n                        <div class=\"jeg_postblock_content\">\n                            <h3 class=\"jeg_post_title\">\n                                <a href=\"https:\/\/ciudadconalma.es\/granada\/de-ruta-por-salobrena\/\">De ruta por Salobre\u00f1a<\/a>\n                            <\/h3>\n                            <div class=\"jeg_post_meta\"><div class=\"jeg_meta_date\"><a href=\"https:\/\/ciudadconalma.es\/granada\/de-ruta-por-salobrena\/\" ><i class=\"fa fa-clock-o\"><\/i> 23 de abril de 2024<\/a><\/div><\/div>\n                        <\/div>\n                    <\/div>\n                <\/article><\/div><\/div>\n                    <div class='module-overlay'>\n\t\t\t\t    <div class='preloader_type preloader_dot'>\n\t\t\t\t        <div class=\"module-preloader jeg_preloader dot\">\n\t\t\t\t            <span><\/span><span><\/span><span><\/span>\n\t\t\t\t        <\/div>\n\t\t\t\t        <div class=\"module-preloader jeg_preloader circle\">\n\t\t\t\t            <div class=\"jnews_preloader_circle_outer\">\n\t\t\t\t                <div class=\"jnews_preloader_circle_inner\"><\/div>\n\t\t\t\t            <\/div>\n\t\t\t\t        <\/div>\n\t\t\t\t        <div class=\"module-preloader jeg_preloader square\">\n\t\t\t\t            <div class=\"jeg_square\">\n\t\t\t\t                <div class=\"jeg_square_inner\"><\/div>\n\t\t\t\t            <\/div>\n\t\t\t\t        <\/div>\n\t\t\t\t    <\/div>\n\t\t\t\t<\/div>\n                <\/div>\n                <div class=\"jeg_block_navigation\">\n                    <div class='navigation_overlay'><div class='module-preloader jeg_preloader'><span><\/span><span><\/span><span><\/span><\/div><\/div>\n                    \n                    \n                <\/div>\n\t\t\t\t\t\n\t\t\t\t\t<script>var jnews_module__9_69f45d5267b62 = {\"header_icon\":\"\",\"first_title\":\"De Ruta\",\"second_title\":\"\",\"url\":\"\",\"header_type\":\"heading_6\",\"header_background\":\"\",\"header_secondary_background\":\"\",\"header_text_color\":\"\",\"header_line_color\":\"\",\"header_accent_color\":\"\",\"header_filter_category\":\"\",\"header_filter_author\":\"\",\"header_filter_tag\":\"\",\"header_filter_text\":\"All\",\"post_type\":\"post\",\"content_type\":\"all\",\"sponsor\":\"\",\"number_post\":\"3\",\"post_offset\":\"0\",\"unique_content\":\"disable\",\"include_post\":\"\",\"included_only\":\"\",\"exclude_post\":\"\",\"include_category\":\"3\",\"exclude_category\":\"\",\"include_author\":\"\",\"include_tag\":\"\",\"exclude_tag\":\"\",\"sort_by\":\"latest\",\"date_format\":\"default\",\"date_format_custom\":\"Y\\\/m\\\/d\",\"force_normal_image_load\":\"\",\"pagination_mode\":\"disable\",\"pagination_nextprev_showtext\":\"\",\"pagination_number_post\":4,\"pagination_scroll_limit\":0,\"el_id\":\"\",\"el_class\":\"\",\"scheme\":\"\",\"column_width\":\"auto\",\"title_color\":\"\",\"accent_color\":\"\",\"alt_color\":\"\",\"excerpt_color\":\"\",\"css\":\"\",\"compatible_column_notice\":\"\",\"paged\":1,\"column_class\":\"jeg_col_2o3\",\"class\":\"jnews_block_15\"};<\/script>\n\t\t\t\t<\/div>[\/vc_column][\/vc_row][vc_row][vc_column width=\u00bb1\/3&#8243; sticky_sidebar=\u00bbyes\u00bb set_as_sidebar=\u00bbyes\u00bb][vc_single_image image=\u00bb66&#8243; img_size=\u00bbfull\u00bb alignment=\u00bbcenter\u00bb onclick=\u00bbcustom_link\u00bb img_link_target=\u00bb_blank\u00bb link=\u00bbhttps:\/\/metricool.com\/es\/\u00bb][\/vc_column][vc_column width=\u00bb2\/3&#8243;]<div  class=\"jeg_postblock_4 jeg_postblock jeg_module_hook jeg_pagination_disable jeg_col_2o3 jnews_module__10_69f45d526a7cc   \" data-unique=\"jnews_module__10_69f45d526a7cc\">\n\t\t\t\t\t<div class=\"jeg_block_heading jeg_block_heading_6 jeg_subcat_right\">\n                     <h3 class=\"jeg_block_title\"><span>Restauraci\u00f3n<\/span><\/h3>\n                     \n                 <\/div>\n\t\t\t\t\t<div class=\"jeg_posts jeg_block_container\">\n                    \n                    <div class=\"jeg_posts jeg_load_more_flag\"><article class=\"jeg_post jeg_pl_md_3 format-standard\">\n                    <div class=\"jeg_thumb\">\n                        \n                        <a href=\"https:\/\/ciudadconalma.es\/granada\/mejores-heladerias-de-granada\/\"><div class=\"thumbnail-container animate-lazy  size-715 \"><img width=\"350\" height=\"250\" src=\"https:\/\/ciudadconalma.es\/granada\/wp-content\/themes\/jnews\/assets\/img\/jeg-empty.png\" class=\"attachment-jnews-350x250 size-jnews-350x250 lazyload wp-post-image\" alt=\"Mejores helader\u00edas de Granada\" decoding=\"async\" loading=\"lazy\" sizes=\"(max-width: 350px) 100vw, 350px\" data-src=\"https:\/\/ciudadconalma.es\/granada\/wp-content\/uploads\/sites\/3\/2024\/06\/heladerias-de-Granada-350x250.jpg\" data-srcset=\"https:\/\/ciudadconalma.es\/granada\/wp-content\/uploads\/sites\/3\/2024\/06\/heladerias-de-Granada-350x250.jpg 350w, https:\/\/ciudadconalma.es\/granada\/wp-content\/uploads\/sites\/3\/2024\/06\/heladerias-de-Granada-120x86.jpg 120w\" data-sizes=\"auto\" data-expand=\"700\" \/><\/div><\/a>\n                    <\/div>\n                    <div class=\"jeg_postblock_content\">\n                        <h3 class=\"jeg_post_title\">\n                            <a href=\"https:\/\/ciudadconalma.es\/granada\/mejores-heladerias-de-granada\/\">Mejores helader\u00edas de Granada<\/a>\n                        <\/h3>\n                        <div class=\"jeg_post_meta\"><div class=\"jeg_meta_date\"><a href=\"https:\/\/ciudadconalma.es\/granada\/mejores-heladerias-de-granada\/\"><i class=\"fa fa-clock-o\"><\/i> 24 de junio de 2024<\/a><\/div><div class=\"jeg_meta_comment\"><a href=\"https:\/\/ciudadconalma.es\/granada\/mejores-heladerias-de-granada\/#comments\" ><i class=\"fa fa-comment-o\"><\/i> 240 <\/a><\/div><\/div>\n                        <div class=\"jeg_post_excerpt\">\n                            <p>Mejores helader\u00edas de Granada Cuando el calor del verano se posa sobre las calles empedradas de Granada, no hay mejor...<\/p>\n                        <\/div>\n                    <\/div>\n                <\/article><article class=\"jeg_post jeg_pl_md_3 format-standard\">\n                    <div class=\"jeg_thumb\">\n                        \n                        <a href=\"https:\/\/ciudadconalma.es\/granada\/el-plato-alpujarreno-un-festin-de-sabores-granadinos\/\"><div class=\"thumbnail-container animate-lazy  size-715 \"><img width=\"350\" height=\"250\" src=\"https:\/\/ciudadconalma.es\/granada\/wp-content\/themes\/jnews\/assets\/img\/jeg-empty.png\" class=\"attachment-jnews-350x250 size-jnews-350x250 lazyload wp-post-image\" alt=\"plato alpujarre\u00f1o\" decoding=\"async\" loading=\"lazy\" sizes=\"(max-width: 350px) 100vw, 350px\" data-src=\"https:\/\/ciudadconalma.es\/granada\/wp-content\/uploads\/sites\/3\/2024\/06\/plato-alpujarreno-01-350x250.jpg\" data-srcset=\"https:\/\/ciudadconalma.es\/granada\/wp-content\/uploads\/sites\/3\/2024\/06\/plato-alpujarreno-01-350x250.jpg 350w, https:\/\/ciudadconalma.es\/granada\/wp-content\/uploads\/sites\/3\/2024\/06\/plato-alpujarreno-01-120x86.jpg 120w\" data-sizes=\"auto\" data-expand=\"700\" \/><\/div><\/a>\n                    <\/div>\n                    <div class=\"jeg_postblock_content\">\n                        <h3 class=\"jeg_post_title\">\n                            <a href=\"https:\/\/ciudadconalma.es\/granada\/el-plato-alpujarreno-un-festin-de-sabores-granadinos\/\">El plato alpujarre\u00f1o: Un fest\u00edn de sabores granadinos<\/a>\n                        <\/h3>\n                        <div class=\"jeg_post_meta\"><div class=\"jeg_meta_date\"><a href=\"https:\/\/ciudadconalma.es\/granada\/el-plato-alpujarreno-un-festin-de-sabores-granadinos\/\"><i class=\"fa fa-clock-o\"><\/i> 13 de junio de 2024<\/a><\/div><div class=\"jeg_meta_comment\"><a href=\"https:\/\/ciudadconalma.es\/granada\/el-plato-alpujarreno-un-festin-de-sabores-granadinos\/#comments\" ><i class=\"fa fa-comment-o\"><\/i> 2059 <\/a><\/div><\/div>\n                        <div class=\"jeg_post_excerpt\">\n                            <p>El plato alpujarre\u00f1o: Un fest\u00edn de sabores granadinos El plato alpujarre\u00f1o es una receta emblem\u00e1tica de la cocina granadina, especialmente...<\/p>\n                        <\/div>\n                    <\/div>\n                <\/article><article class=\"jeg_post jeg_pl_md_3 format-standard\">\n                    <div class=\"jeg_thumb\">\n                        \n                        <a href=\"https:\/\/ciudadconalma.es\/granada\/donde-tapear-en-granada\/\"><div class=\"thumbnail-container animate-lazy  size-715 \"><img width=\"350\" height=\"250\" src=\"https:\/\/ciudadconalma.es\/granada\/wp-content\/themes\/jnews\/assets\/img\/jeg-empty.png\" class=\"attachment-jnews-350x250 size-jnews-350x250 lazyload wp-post-image\" alt=\"D\u00f3nde tapear en Granada\" decoding=\"async\" loading=\"lazy\" sizes=\"(max-width: 350px) 100vw, 350px\" data-src=\"https:\/\/ciudadconalma.es\/granada\/wp-content\/uploads\/sites\/3\/2024\/06\/donde-tapear-en-granada-350x250.jpg\" data-srcset=\"https:\/\/ciudadconalma.es\/granada\/wp-content\/uploads\/sites\/3\/2024\/06\/donde-tapear-en-granada-350x250.jpg 350w, https:\/\/ciudadconalma.es\/granada\/wp-content\/uploads\/sites\/3\/2024\/06\/donde-tapear-en-granada-120x86.jpg 120w\" data-sizes=\"auto\" data-expand=\"700\" \/><\/div><\/a>\n                    <\/div>\n                    <div class=\"jeg_postblock_content\">\n                        <h3 class=\"jeg_post_title\">\n                            <a href=\"https:\/\/ciudadconalma.es\/granada\/donde-tapear-en-granada\/\">D\u00f3nde tapear en Granada<\/a>\n                        <\/h3>\n                        <div class=\"jeg_post_meta\"><div class=\"jeg_meta_date\"><a href=\"https:\/\/ciudadconalma.es\/granada\/donde-tapear-en-granada\/\"><i class=\"fa fa-clock-o\"><\/i> 3 de junio de 2024<\/a><\/div><div class=\"jeg_meta_comment\"><a href=\"https:\/\/ciudadconalma.es\/granada\/donde-tapear-en-granada\/#comments\" ><i class=\"fa fa-comment-o\"><\/i> 256 <\/a><\/div><\/div>\n                        <div class=\"jeg_post_excerpt\">\n                            <p>D\u00f3nde tapear en Granada \u00a1Bienvenidos, aventureros del buen comer y beber! Hoy nos embarcamos en un recorrido gastron\u00f3mico por las...<\/p>\n                        <\/div>\n                    <\/div>\n                <\/article><\/div>\n                    <div class='module-overlay'>\n\t\t\t\t    <div class='preloader_type preloader_dot'>\n\t\t\t\t        <div class=\"module-preloader jeg_preloader dot\">\n\t\t\t\t            <span><\/span><span><\/span><span><\/span>\n\t\t\t\t        <\/div>\n\t\t\t\t        <div class=\"module-preloader jeg_preloader circle\">\n\t\t\t\t            <div class=\"jnews_preloader_circle_outer\">\n\t\t\t\t                <div class=\"jnews_preloader_circle_inner\"><\/div>\n\t\t\t\t            <\/div>\n\t\t\t\t        <\/div>\n\t\t\t\t        <div class=\"module-preloader jeg_preloader square\">\n\t\t\t\t            <div class=\"jeg_square\">\n\t\t\t\t                <div class=\"jeg_square_inner\"><\/div>\n\t\t\t\t            <\/div>\n\t\t\t\t        <\/div>\n\t\t\t\t    <\/div>\n\t\t\t\t<\/div>\n                <\/div>\n                <div class=\"jeg_block_navigation\">\n                    <div class='navigation_overlay'><div class='module-preloader jeg_preloader'><span><\/span><span><\/span><span><\/span><\/div><\/div>\n                    \n                    \n                <\/div>\n\t\t\t\t\t\n\t\t\t\t\t<script>var jnews_module__10_69f45d526a7cc = {\"header_icon\":\"\",\"first_title\":\"Restauraci\\u00f3n\",\"second_title\":\"\",\"url\":\"\",\"header_type\":\"heading_6\",\"header_background\":\"\",\"header_secondary_background\":\"\",\"header_text_color\":\"\",\"header_line_color\":\"\",\"header_accent_color\":\"\",\"header_filter_category\":\"\",\"header_filter_author\":\"\",\"header_filter_tag\":\"\",\"header_filter_text\":\"All\",\"post_type\":\"post\",\"content_type\":\"all\",\"sponsor\":\"\",\"number_post\":\"3\",\"post_offset\":\"0\",\"unique_content\":\"disable\",\"include_post\":\"\",\"included_only\":\"\",\"exclude_post\":\"\",\"include_category\":\"5\",\"exclude_category\":\"\",\"include_author\":\"\",\"include_tag\":\"\",\"exclude_tag\":\"\",\"sort_by\":\"latest\",\"date_format\":\"default\",\"date_format_custom\":\"Y\\\/m\\\/d\",\"excerpt_length\":\"20\",\"excerpt_ellipsis\":\"...\",\"force_normal_image_load\":\"\",\"pagination_mode\":\"disable\",\"pagination_nextprev_showtext\":\"\",\"pagination_number_post\":4,\"pagination_scroll_limit\":0,\"ads_type\":\"disable\",\"ads_position\":1,\"ads_random\":\"\",\"ads_image\":\"\",\"ads_image_tablet\":\"\",\"ads_image_phone\":\"\",\"ads_image_link\":\"\",\"ads_image_alt\":\"\",\"ads_image_new_tab\":\"\",\"google_publisher_id\":\"\",\"google_slot_id\":\"\",\"google_desktop\":\"auto\",\"google_tab\":\"auto\",\"google_phone\":\"auto\",\"content\":\"\",\"ads_bottom_text\":\"\",\"boxed\":\"\",\"boxed_shadow\":\"\",\"el_id\":\"\",\"el_class\":\"\",\"scheme\":\"\",\"column_width\":\"auto\",\"title_color\":\"\",\"accent_color\":\"\",\"alt_color\":\"\",\"excerpt_color\":\"\",\"css\":\"\",\"compatible_column_notice\":\"\",\"paged\":1,\"column_class\":\"jeg_col_2o3\",\"class\":\"jnews_block_4\"};<\/script>\n\t\t\t\t<\/div>[\/vc_column][\/vc_row][vc_row disable_element=\u00bbyes\u00bb vc_row_background=\u00bb\u00bb][vc_column]<div class='jeg_empty_module'>No Content Available<\/div>[\/vc_column][\/vc_row]<\/p>\n<\/section>","protected":false},"excerpt":{"rendered":"<p>[vc_row full_width=\u00bbstretch_row\u00bb vc_row_background=\u00bb\u00bb][vc_column][\/vc_column][\/vc_row][vc_row full_width=\u00bbstretch_row\u00bb vc_row_background=\u00bb\u00bb][vc_column][\/vc_column][\/vc_row][vc_row][vc_column width=\u00bb2\/3&#8243;][\/vc_column][vc_column width=\u00bb1\/3&#8243; sticky_sidebar=\u00bbyes\u00bb set_as_sidebar=\u00bbyes\u00bb][vc_wp_categories][\/vc_column][\/vc_row][vc_row][vc_column][vc_single_image image=\u00bb64&#8243; img_size=\u00bbfull\u00bb alignment=\u00bbcenter\u00bb onclick=\u00bbcustom_link\u00bb img_link_target=\u00bb_blank\u00bb link=\u00bbhttps:\/\/grupoplumagica.com\/plumagica-editorial\/\u00bb][\/vc_column][\/vc_row][vc_row][vc_column width=\u00bb1\/3&#8243; sticky_sidebar=\u00bbyes\u00bb set_as_sidebar=\u00bbyes\u00bb][vc_single_image image=\u00bb67&#8243; img_size=\u00bbfull\u00bb alignment=\u00bbcenter\u00bb onclick=\u00bbcustom_link\u00bb img_link_target=\u00bb_blank\u00bb link=\u00bbhttps:\/\/micuento.com\/?utm_medium=affiliate&amp;utm_source=grzopk6jvp4&#8243;][\/vc_column][vc_column width=\u00bb2\/3&#8243;][\/vc_column][\/vc_row][vc_row disable_element=\u00bbyes\u00bb vc_row_background=\u00bb\u00bb][vc_column width=\u00bb2\/3&#8243;][\/vc_column][vc_column width=\u00bb1\/3&#8243; sticky_sidebar=\u00bbyes\u00bb set_as_sidebar=\u00bbyes\u00bb][vc_single_image image=\u00bb195&#8243; img_size=\u00bbfull\u00bb alignment=\u00bbcenter\u00bb onclick=\u00bbcustom_link\u00bb img_link_target=\u00bb_blank\u00bb link=\u00bbhttps:\/\/hcparquitectos.com\/\u00bb][\/vc_column][\/vc_row][vc_row disable_element=\u00bbyes\u00bb vc_row_background=\u00bb\u00bb][vc_column width=\u00bb1\/3&#8243; sticky_sidebar=\u00bbyes\u00bb set_as_sidebar=\u00bbyes\u00bb][vc_single_image image=\u00bb197&#8243; img_size=\u00bbfull\u00bb alignment=\u00bbcenter\u00bb onclick=\u00bbcustom_link\u00bb img_link_target=\u00bb_blank\u00bb link=\u00bbhttps:\/\/www.josemariaruizfotografia.com\/\u00bb][\/vc_column][vc_column width=\u00bb2\/3&#8243;][\/vc_column][\/vc_row][vc_row][vc_column][vc_single_image image=\u00bb62&#8243; img_size=\u00bbfull\u00bb alignment=\u00bbcenter\u00bb onclick=\u00bbcustom_link\u00bb img_link_target=\u00bb_blank\u00bb link=\u00bbhttps:\/\/www.mlgdiseno.es\/diseno-web\/granada\/\u00bb][\/vc_column][\/vc_row][vc_row [&hellip;]<\/p>\n","protected":false},"author":1,"featured_media":0,"parent":0,"menu_order":0,"comment_status":"closed","ping_status":"closed","template":"template-index.php","meta":[],"_links":{"self":[{"href":"https:\/\/ciudadconalma.es\/granada\/wp-json\/wp\/v2\/pages\/58"}],"collection":[{"href":"https:\/\/ciudadconalma.es\/granada\/wp-json\/wp\/v2\/pages"}],"about":[{"href":"https:\/\/ciudadconalma.es\/granada\/wp-json\/wp\/v2\/types\/page"}],"author":[{"embeddable":true,"href":"https:\/\/ciudadconalma.es\/granada\/wp-json\/wp\/v2\/users\/1"}],"replies":[{"embeddable":true,"href":"https:\/\/ciudadconalma.es\/granada\/wp-json\/wp\/v2\/comments?post=58"}],"version-history":[{"count":9,"href":"https:\/\/ciudadconalma.es\/granada\/wp-json\/wp\/v2\/pages\/58\/revisions"}],"predecessor-version":[{"id":247,"href":"https:\/\/ciudadconalma.es\/granada\/wp-json\/wp\/v2\/pages\/58\/revisions\/247"}],"wp:attachment":[{"href":"https:\/\/ciudadconalma.es\/granada\/wp-json\/wp\/v2\/media?parent=58"}],"curies":[{"name":"wp","href":"https:\/\/api.w.org\/{rel}","templated":true}]}}